{"id":2363,"date":"2024-12-03T16:58:48","date_gmt":"2024-12-03T16:58:48","guid":{"rendered":"https:\/\/restauracja.schroniskobukowina.pl\/domovska-stranka\/"},"modified":"2026-08-11T13:53:41","modified_gmt":"2026-08-11T13:53:41","slug":"domovska-stranka","status":"publish","type":"page","link":"https:\/\/restauracja.schroniskobukowina.pl\/sk\/","title":{"rendered":"Domovsk\u00e1 str\u00e1nka"},"content":{"rendered":"\n<section class=\"content-hero\">\n\n            <picture class=\"content-hero__picture\">\n                            <source srcset=\"https:\/\/restauracja.schroniskobukowina.pl\/wp-content\/uploads\/2025\/02\/image-1-scaled.webp\" media=\"(max-width: 767px)\">\n                                        <source srcset=\"https:\/\/restauracja.schroniskobukowina.pl\/wp-content\/uploads\/2025\/02\/image-1-scaled.webp\" media=\"(max-width: 1024px)\">\n                                        <img decoding=\"async\" src=\"https:\/\/restauracja.schroniskobukowina.pl\/wp-content\/uploads\/2025\/02\/image-1-scaled.webp\" alt=\"\" class=\"content-hero__image\">\n                    <\/picture>\n    \n    <div class=\"container content-hero__container\">\n\n        <div class=\"content-hero__content\">\n\n            <div class=\"content-hero__intro\">\n\n                <header class=\"content-hero__headerbox\">\n\n                    <span class=\"content-hero__tag\">SCHRONISKO BUKOWINA<\/span>\n\n                    <h1 class=\"content-hero__header\">Hostina s v\u00fdh\u013eadom <br \/>na Tatry<\/h1>\n\n                    <p class=\"content-hero__desc\">Vychutnajte si nezabudnute\u013en\u00fa chu\u0165 v mimoriadne atmosf\u00e9rickom prostred\u00ed<\/p>\n\n                <\/header>\n\n                \n                    <div class=\"content-hero__buttons\">\n\n                        \n                                <a class=\"button button--big \" href=\"https:\/\/restauracja.schroniskobukowina.pl\/sk\/galeria-jedal\/\" target=\"_self\">Objavte menu<\/a>\n\n                            \n                        \n                                <a class=\"button button--big button--transparent\" href=\"https:\/\/restauracja.schroniskobukowina.pl\/sk\/kontakt\/\" target=\"_self\">Pr\u00ed\u010fte k n\u00e1m<\/a>\n\n                            \n                        \n                    <\/div>\n\n                \n            <\/div>\n\n            \n                <video class=\"content-hero__video\" width=\"320\" height=\"240\" controls autoplay muted webkit-playsinline playsinline>\n                    <source src=\"https:\/\/restauracja.schroniskobukowina.pl\/wp-content\/uploads\/2025\/02\/Wersja-1_1.mp4\" type=\"video\/mp4\">\n                    Your browser does not support the video tag.\n                <\/video>\n\n            \n        <\/div>\n\n    <\/div>\n\n<\/section>\n\n    <section class=\"content-atuts \">\n\n        <div class=\"container\">\n\n            <div class=\"splide content-atuts__splide\" role=\"group\" aria-label=\"Atuts slider\">\n\n                <div class=\"splide__track\">\n\n                    <div class=\"splide__list\">\n\n                        \n                            <div class=\"splide__slide\" data-aos=\"fade-up\" data-aos-delay=\"100\">\n\n                                <div class=\"card-atut\">\n\n    \n        <img decoding=\"async\" src=\"https:\/\/restauracja.schroniskobukowina.pl\/wp-content\/uploads\/2025\/01\/icon-bukowina.svg\" alt=\"\" class=\"card-atut__image\" \/>\n\n    \n    <div class=\"card-atut__headerbox\">\n\n        <h2 class=\"card-atut__header\">Oce\u0148ujete n\u00e1s!<\/h2>\n\n        <p class=\"card-atut__desc\">Jedna z naj\u010dastej\u0161ie a najvy\u0161\u0161ie hodnoten\u00fdch re\u0161taur\u00e1ci\u00ed v Bukowine Tatrza\u0144skej.<\/p>\n\n    <\/div>\n\n            <a class=\"button button--small button--transparent\" href=\"https:\/\/g.co\/kgs\/GBZv1vd\" target=\"_blank\">Zobrazi\u0165 viac<\/a>\n    \n<\/div>\n                            <\/div>\n\n                        \n                            <div class=\"splide__slide\" data-aos=\"fade-up\" data-aos-delay=\"200\">\n\n                                <div class=\"card-atut\">\n\n    \n        <img decoding=\"async\" src=\"https:\/\/restauracja.schroniskobukowina.pl\/wp-content\/uploads\/2025\/01\/icon-bukowina.svg\" alt=\"\" class=\"card-atut__image\" \/>\n\n    \n    <div class=\"card-atut__headerbox\">\n\n        <h2 class=\"card-atut__header\">\u0160\u0165astn\u00e1 desiatka<\/h2>\n\n        <p class=\"card-atut__desc\">U\u017e 10 rokov sme pre v\u00e1s otvoren\u00ed. Bez oh\u013eadu na ro\u010dn\u00e9 obdobie \u010di sez\u00f3nu, v\u017edy. <\/p>\n\n    <\/div>\n\n            <a class=\"button button--small button--transparent\" href=\"https:\/\/restauracja.schroniskobukowina.pl\/sk\/spoznajte-nas\/\" target=\"_self\">Zobrazi\u0165 viac<\/a>\n    \n<\/div>\n                            <\/div>\n\n                        \n                            <div class=\"splide__slide\" data-aos=\"fade-up\" data-aos-delay=\"300\">\n\n                                <div class=\"card-atut\">\n\n    \n        <img decoding=\"async\" src=\"https:\/\/restauracja.schroniskobukowina.pl\/wp-content\/uploads\/2025\/01\/icon-bukowina.svg\" alt=\"\" class=\"card-atut__image\" \/>\n\n    \n    <div class=\"card-atut__headerbox\">\n\n        <h2 class=\"card-atut__header\">Legend\u00e1rne Bez\u00e9<\/h2>\n\n        <p class=\"card-atut__desc\">Vraj cel\u00e9 Po\u013esko prich\u00e1dza ochutna\u0165 t\u00fato jedine\u010dn\u00fa, neporovnate\u013en\u00fa Legend\u00e1rnu Bezu.<\/p>\n\n    <\/div>\n\n            <a class=\"button button--small button--transparent\" href=\"https:\/\/restauracja.schroniskobukowina.pl\/sk\/sefkuchar-odporuca\/\" target=\"_self\">Zobrazi\u0165 viac<\/a>\n    \n<\/div>\n                            <\/div>\n\n                        \n                    <\/div>\n                <\/div>\n\n                <div class=\"splide__arrows\">\n    <button class=\"splide__arrow splide__arrow--prev\">\n        <svg xmlns=\"http:\/\/www.w3.org\/2000\/svg\" width=\"25\" height=\"24\" viewBox=\"0 0 25 24\" fill=\"none\">\n            <path d=\"M5.5 12H19.5M19.5 12L12.5 5M19.5 12L12.5 19\" stroke=\"#AAAAAA\" stroke-width=\"2\" stroke-linecap=\"round\" stroke-linejoin=\"round\" \/>\n        <\/svg>\n    <\/button>\n    <button class=\"splide__arrow splide__arrow--next\">\n        <svg xmlns=\"http:\/\/www.w3.org\/2000\/svg\" width=\"25\" height=\"24\" viewBox=\"0 0 25 24\" fill=\"none\">\n            <path d=\"M5.5 12H19.5M19.5 12L12.5 5M19.5 12L12.5 19\" stroke=\"#AAAAAA\" stroke-width=\"2\" stroke-linecap=\"round\" stroke-linejoin=\"round\" \/>\n        <\/svg>\n    <\/button>\n<\/div>\n            <\/div>\n\n        <\/div>\n\n    <\/section>\n\n\n<section class=\"content-news\">\n\n    <img decoding=\"async\" src=\"https:\/\/restauracja.schroniskobukowina.pl\/wp-content\/themes\/themebukowina\/assets\/pattern.png\" alt=\"Grafika w tle\" class=\"content-news__bg\">\n\n    <div class=\"container content-news__container\">\n\n        \n\n    <div class=\"section-header\" data-aos=\"fade-up\">\n\n        <div class=\"section-header__content\">\n\n            <header class=\"section-header__headerbox\">\n\n                \n                    <span class=\"section-header__tag\">Aktuality<\/span>\n\n                \n                <h2 class=\"section-header__header\">Pozrite, \u010do sa u n\u00e1s deje<\/h2>\n\n            <\/header>\n\n            \n\n            \n            \n        <\/div>\n\n    <\/div>\n\n\n        \n            <div class=\"splide content-news__splide\" role=\"group\" aria-label=\"News slider\">\n\n                <div class=\"splide__track\">\n\n                    <div class=\"splide__list\">\n\n                        \n                            <div class=\"splide__slide\" data-aos=\"fade-up\" data-aos-delay=\"100\">\n\n                                \n<a href=\"https:\/\/restauracja.schroniskobukowina.pl\/sk\/kulinarske-dovolenky-grecka-kuchyna\/\"  class=\"card-news\">\n\n    <img loading=\"lazy\" decoding=\"async\" width=\"1024\" height=\"576\" src=\"https:\/\/restauracja.schroniskobukowina.pl\/wp-content\/uploads\/2026\/08\/aktualnosci-www-restauracja-5.png\" class=\"card-news__image wp-post-image\" alt=\"\" srcset=\"https:\/\/restauracja.schroniskobukowina.pl\/wp-content\/uploads\/2026\/08\/aktualnosci-www-restauracja-5.png 1024w, https:\/\/restauracja.schroniskobukowina.pl\/wp-content\/uploads\/2026\/08\/aktualnosci-www-restauracja-5-300x169.png 300w, https:\/\/restauracja.schroniskobukowina.pl\/wp-content\/uploads\/2026\/08\/aktualnosci-www-restauracja-5-768x432.png 768w\" sizes=\"auto, (max-width: 1024px) 100vw, 1024px\" \/>\n    <div class=\"card-news__content\">\n\n        <span class=\"card-news__tag\">\n            Novinka, Udalosti        <\/span>\n\n        <h2 class=\"card-news__header\">Kulin\u00e1rske dovolenky &#8211; gr\u00e9cka kuchy\u0148a!<\/h2>\n\n        <p class=\"card-news__desc\">Gr\u00e9cka kuchy\u0148a v Schronisku Bukowina!<\/p>\n\n    <\/div>\n\n<\/a>\n                            <\/div>\n\n                        \n                            <div class=\"splide__slide\" data-aos=\"fade-up\" data-aos-delay=\"200\">\n\n                                \n<a href=\"https:\/\/restauracja.schroniskobukowina.pl\/sk\/tour-de-pologne-v-bukowine\/\"  class=\"card-news\">\n\n    <img loading=\"lazy\" decoding=\"async\" width=\"1024\" height=\"576\" src=\"https:\/\/restauracja.schroniskobukowina.pl\/wp-content\/uploads\/2026\/08\/aktualnosci-www-restauracja-4.png\" class=\"card-news__image wp-post-image\" alt=\"\" srcset=\"https:\/\/restauracja.schroniskobukowina.pl\/wp-content\/uploads\/2026\/08\/aktualnosci-www-restauracja-4.png 1024w, https:\/\/restauracja.schroniskobukowina.pl\/wp-content\/uploads\/2026\/08\/aktualnosci-www-restauracja-4-300x169.png 300w, https:\/\/restauracja.schroniskobukowina.pl\/wp-content\/uploads\/2026\/08\/aktualnosci-www-restauracja-4-768x432.png 768w\" sizes=\"auto, (max-width: 1024px) 100vw, 1024px\" \/>\n    <div class=\"card-news__content\">\n\n        <span class=\"card-news__tag\">\n            Novinka, Udalosti        <\/span>\n\n        <h2 class=\"card-news__header\">Tour de Pologne v Bukowine!<\/h2>\n\n        <p class=\"card-news__desc\">Tour de Pologne prech\u00e1dza cez Bukowinu, povzbudzujme spolo\u010dne! <\/p>\n\n    <\/div>\n\n<\/a>\n                            <\/div>\n\n                        \n                            <div class=\"splide__slide\" data-aos=\"fade-up\" data-aos-delay=\"300\">\n\n                                \n<a href=\"https:\/\/restauracja.schroniskobukowina.pl\/sk\/kulinarske-prazdniny-americka-kuchyna\/\"  class=\"card-news\">\n\n    <img loading=\"lazy\" decoding=\"async\" width=\"1024\" height=\"576\" src=\"https:\/\/restauracja.schroniskobukowina.pl\/wp-content\/uploads\/2026\/07\/aktualnosci-www-restauracja-2.png\" class=\"card-news__image wp-post-image\" alt=\"\" srcset=\"https:\/\/restauracja.schroniskobukowina.pl\/wp-content\/uploads\/2026\/07\/aktualnosci-www-restauracja-2.png 1024w, https:\/\/restauracja.schroniskobukowina.pl\/wp-content\/uploads\/2026\/07\/aktualnosci-www-restauracja-2-300x169.png 300w, https:\/\/restauracja.schroniskobukowina.pl\/wp-content\/uploads\/2026\/07\/aktualnosci-www-restauracja-2-768x432.png 768w\" sizes=\"auto, (max-width: 1024px) 100vw, 1024px\" \/>\n    <div class=\"card-news__content\">\n\n        <span class=\"card-news__tag\">\n            Novinka, Udalosti        <\/span>\n\n        <h2 class=\"card-news__header\">Kulin\u00e1rske pr\u00e1zdniny &#8211; americk\u00e1 kuchy\u0148a!<\/h2>\n\n        <p class=\"card-news__desc\">Americk\u00e1 kuchy\u0148a v Schronisku Bukowina!<\/p>\n\n    <\/div>\n\n<\/a>\n                            <\/div>\n\n                        \n                            <div class=\"splide__slide\" data-aos=\"fade-up\" data-aos-delay=\"400\">\n\n                                \n<a href=\"https:\/\/restauracja.schroniskobukowina.pl\/sk\/kulinarske-prazdniny-spanielska-kuchyna\/\"  class=\"card-news\">\n\n    <img loading=\"lazy\" decoding=\"async\" width=\"1024\" height=\"576\" src=\"https:\/\/restauracja.schroniskobukowina.pl\/wp-content\/uploads\/2026\/07\/kuchnia-hiszpanska-podhale.png\" class=\"card-news__image wp-post-image\" alt=\"\" srcset=\"https:\/\/restauracja.schroniskobukowina.pl\/wp-content\/uploads\/2026\/07\/kuchnia-hiszpanska-podhale.png 1024w, https:\/\/restauracja.schroniskobukowina.pl\/wp-content\/uploads\/2026\/07\/kuchnia-hiszpanska-podhale-300x169.png 300w, https:\/\/restauracja.schroniskobukowina.pl\/wp-content\/uploads\/2026\/07\/kuchnia-hiszpanska-podhale-768x432.png 768w\" sizes=\"auto, (max-width: 1024px) 100vw, 1024px\" \/>\n    <div class=\"card-news__content\">\n\n        <span class=\"card-news__tag\">\n            Novinka, Udalosti        <\/span>\n\n        <h2 class=\"card-news__header\">Kulin\u00e1rske pr\u00e1zdniny &#8211; \u0161panielska kuchy\u0148a!<\/h2>\n\n        <p class=\"card-news__desc\">\u0160panielska kuchy\u0148a v Schronisku Bukowina!<\/p>\n\n    <\/div>\n\n<\/a>\n                            <\/div>\n\n                        \n                            <div class=\"splide__slide\" data-aos=\"fade-up\" data-aos-delay=\"500\">\n\n                                \n<a href=\"https:\/\/restauracja.schroniskobukowina.pl\/sk\/kulinarske-prazdniny-talianska-kuchyna\/\"  class=\"card-news\">\n\n    <img loading=\"lazy\" decoding=\"async\" width=\"2560\" height=\"1707\" src=\"https:\/\/restauracja.schroniskobukowina.pl\/wp-content\/uploads\/2026\/07\/guanciale-wloskie-danie-1-2-scaled.jpg\" class=\"card-news__image wp-post-image\" alt=\"\" srcset=\"https:\/\/restauracja.schroniskobukowina.pl\/wp-content\/uploads\/2026\/07\/guanciale-wloskie-danie-1-2-scaled.jpg 2560w, https:\/\/restauracja.schroniskobukowina.pl\/wp-content\/uploads\/2026\/07\/guanciale-wloskie-danie-1-2-300x200.jpg 300w, https:\/\/restauracja.schroniskobukowina.pl\/wp-content\/uploads\/2026\/07\/guanciale-wloskie-danie-1-2-1024x683.jpg 1024w, https:\/\/restauracja.schroniskobukowina.pl\/wp-content\/uploads\/2026\/07\/guanciale-wloskie-danie-1-2-768x512.jpg 768w, https:\/\/restauracja.schroniskobukowina.pl\/wp-content\/uploads\/2026\/07\/guanciale-wloskie-danie-1-2-1536x1024.jpg 1536w, https:\/\/restauracja.schroniskobukowina.pl\/wp-content\/uploads\/2026\/07\/guanciale-wloskie-danie-1-2-2048x1365.jpg 2048w\" sizes=\"auto, (max-width: 2560px) 100vw, 2560px\" \/>\n    <div class=\"card-news__content\">\n\n        <span class=\"card-news__tag\">\n            Novinka, Udalosti        <\/span>\n\n        <h2 class=\"card-news__header\">Kulin\u00e1rske pr\u00e1zdniny &#8211; talianska kuchy\u0148a!<\/h2>\n\n        <p class=\"card-news__desc\">Poz\u00fdvame v\u00e1s do slne\u010dn\u00e9ho Talianska!<\/p>\n\n    <\/div>\n\n<\/a>\n                            <\/div>\n\n                        \n                            <div class=\"splide__slide\" data-aos=\"fade-up\" data-aos-delay=\"600\">\n\n                                \n<a href=\"https:\/\/restauracja.schroniskobukowina.pl\/sk\/nove-sladke-pochutky\/\"  class=\"card-news\">\n\n    <img loading=\"lazy\" decoding=\"async\" width=\"1024\" height=\"576\" src=\"https:\/\/restauracja.schroniskobukowina.pl\/wp-content\/uploads\/2026\/06\/aktualnosci-www-restauracja-2.png\" class=\"card-news__image wp-post-image\" alt=\"\" srcset=\"https:\/\/restauracja.schroniskobukowina.pl\/wp-content\/uploads\/2026\/06\/aktualnosci-www-restauracja-2.png 1024w, https:\/\/restauracja.schroniskobukowina.pl\/wp-content\/uploads\/2026\/06\/aktualnosci-www-restauracja-2-300x169.png 300w, https:\/\/restauracja.schroniskobukowina.pl\/wp-content\/uploads\/2026\/06\/aktualnosci-www-restauracja-2-768x432.png 768w\" sizes=\"auto, (max-width: 1024px) 100vw, 1024px\" \/>\n    <div class=\"card-news__content\">\n\n        <span class=\"card-news__tag\">\n            Novinka, Udalosti        <\/span>\n\n        <h2 class=\"card-news__header\">Nov\u00e9 sladk\u00e9 poch\u00fa\u0165ky!<\/h2>\n\n        <p class=\"card-news__desc\">Na\u0161i cukr\u00e1ri neprest\u00e1vaj\u00fa prekvapova\u0165. Predstavujeme v\u00e1m nov\u00e9 dezerty!  <\/p>\n\n    <\/div>\n\n<\/a>\n                            <\/div>\n\n                        \n                            <div class=\"splide__slide\" data-aos=\"fade-up\" data-aos-delay=\"700\">\n\n                                \n<a href=\"https:\/\/restauracja.schroniskobukowina.pl\/sk\/kulinarske-prazdniny-2026\/\"  class=\"card-news\">\n\n    <img loading=\"lazy\" decoding=\"async\" width=\"1024\" height=\"576\" src=\"https:\/\/restauracja.schroniskobukowina.pl\/wp-content\/uploads\/2026\/06\/wydarzenia-restauracja-schronisko-bukowina.png\" class=\"card-news__image wp-post-image\" alt=\"\" srcset=\"https:\/\/restauracja.schroniskobukowina.pl\/wp-content\/uploads\/2026\/06\/wydarzenia-restauracja-schronisko-bukowina.png 1024w, https:\/\/restauracja.schroniskobukowina.pl\/wp-content\/uploads\/2026\/06\/wydarzenia-restauracja-schronisko-bukowina-300x169.png 300w, https:\/\/restauracja.schroniskobukowina.pl\/wp-content\/uploads\/2026\/06\/wydarzenia-restauracja-schronisko-bukowina-768x432.png 768w\" sizes=\"auto, (max-width: 1024px) 100vw, 1024px\" \/>\n    <div class=\"card-news__content\">\n\n        <span class=\"card-news__tag\">\n            Novinka, Udalosti        <\/span>\n\n        <h2 class=\"card-news__header\">Kulin\u00e1rske pr\u00e1zdniny 2026!<\/h2>\n\n        <p class=\"card-news__desc\">Beriem v\u00e1s na Kulin\u00e1rske pr\u00e1zdniny! Po\u010das cel\u00e9ho leta ka\u017ed\u00e9 2 t\u00fd\u017edne spolo\u010dne nav\u0161t\u00edvime in\u00fd k\u00fat sveta! <\/p>\n\n    <\/div>\n\n<\/a>\n                            <\/div>\n\n                        \n                            <div class=\"splide__slide\" data-aos=\"fade-up\" data-aos-delay=\"800\">\n\n                                \n<a href=\"https:\/\/restauracja.schroniskobukowina.pl\/sk\/s-cateringom-na-namesti-v-novom-targu\/\"  class=\"card-news\">\n\n    <img loading=\"lazy\" decoding=\"async\" width=\"1620\" height=\"1080\" src=\"https:\/\/restauracja.schroniskobukowina.pl\/wp-content\/uploads\/2026\/06\/DZIEN-OTWARTY-3.png\" class=\"card-news__image wp-post-image\" alt=\"\" srcset=\"https:\/\/restauracja.schroniskobukowina.pl\/wp-content\/uploads\/2026\/06\/DZIEN-OTWARTY-3.png 1620w, https:\/\/restauracja.schroniskobukowina.pl\/wp-content\/uploads\/2026\/06\/DZIEN-OTWARTY-3-300x200.png 300w, https:\/\/restauracja.schroniskobukowina.pl\/wp-content\/uploads\/2026\/06\/DZIEN-OTWARTY-3-1024x683.png 1024w, https:\/\/restauracja.schroniskobukowina.pl\/wp-content\/uploads\/2026\/06\/DZIEN-OTWARTY-3-768x512.png 768w, https:\/\/restauracja.schroniskobukowina.pl\/wp-content\/uploads\/2026\/06\/DZIEN-OTWARTY-3-1536x1024.png 1536w\" sizes=\"auto, (max-width: 1620px) 100vw, 1620px\" \/>\n    <div class=\"card-news__content\">\n\n        <span class=\"card-news__tag\">\n            Novinka, Udalosti        <\/span>\n\n        <h2 class=\"card-news__header\">S cateringom na N\u00e1mest\u00ed v Novom Targu!<\/h2>\n\n        <p class=\"card-news__desc\">Sme s na\u0161\u00edm cateringom na oslav\u00e1ch jubilea Nov\u00e9ho Targu! A\u017e do pondelka grilujeme pre V\u00e1s na novotarskom N\u00e1mest\u00ed! Nav\u0161t\u00edvte n\u00e1s v na\u0161ej gastro z\u00f3ne.  <\/p>\n\n    <\/div>\n\n<\/a>\n                            <\/div>\n\n                        \n                            <div class=\"splide__slide\" data-aos=\"fade-up\" data-aos-delay=\"900\">\n\n                                \n<a href=\"https:\/\/restauracja.schroniskobukowina.pl\/sk\/s-legendarnou-pusinkou-na-pikniku-v-bukovine\/\"  class=\"card-news\">\n\n    <img loading=\"lazy\" decoding=\"async\" width=\"1620\" height=\"1080\" src=\"https:\/\/restauracja.schroniskobukowina.pl\/wp-content\/uploads\/2026\/06\/DZIEN-OTWARTY-1.png\" class=\"card-news__image wp-post-image\" alt=\"\" srcset=\"https:\/\/restauracja.schroniskobukowina.pl\/wp-content\/uploads\/2026\/06\/DZIEN-OTWARTY-1.png 1620w, https:\/\/restauracja.schroniskobukowina.pl\/wp-content\/uploads\/2026\/06\/DZIEN-OTWARTY-1-300x200.png 300w, https:\/\/restauracja.schroniskobukowina.pl\/wp-content\/uploads\/2026\/06\/DZIEN-OTWARTY-1-1024x683.png 1024w, https:\/\/restauracja.schroniskobukowina.pl\/wp-content\/uploads\/2026\/06\/DZIEN-OTWARTY-1-768x512.png 768w, https:\/\/restauracja.schroniskobukowina.pl\/wp-content\/uploads\/2026\/06\/DZIEN-OTWARTY-1-1536x1024.png 1536w\" sizes=\"auto, (max-width: 1620px) 100vw, 1620px\" \/>\n    <div class=\"card-news__content\">\n\n        <span class=\"card-news__tag\">\n            Novinka, Udalosti        <\/span>\n\n        <h2 class=\"card-news__header\">S legend\u00e1rnou pusinkou na pikniku v Bukovine!<\/h2>\n\n        <p class=\"card-news__desc\">Boli sme s na\u0161ou legend\u00e1rnou pusinkou na Rodinnom pikniku v Bukovine Tatrza\u0144skiej. Na zdoben\u00ed pusinky sa z\u00fa\u010dastnilo 450 det\u00ed! \u010eakujeme za spolo\u010dn\u00fd \u010das a skvel\u00fa z\u00e1bavu!  \n\n<\/p>\n\n    <\/div>\n\n<\/a>\n                            <\/div>\n\n                        \n                            <div class=\"splide__slide\" data-aos=\"fade-up\" data-aos-delay=\"1000\">\n\n                                \n<a href=\"https:\/\/restauracja.schroniskobukowina.pl\/sk\/talianska-vecera\/\"  class=\"card-news\">\n\n    <img loading=\"lazy\" decoding=\"async\" width=\"2560\" height=\"1707\" src=\"https:\/\/restauracja.schroniskobukowina.pl\/wp-content\/uploads\/2026\/06\/DSC06423-1-1-scaled.jpg\" class=\"card-news__image wp-post-image\" alt=\"\" srcset=\"https:\/\/restauracja.schroniskobukowina.pl\/wp-content\/uploads\/2026\/06\/DSC06423-1-1-scaled.jpg 2560w, https:\/\/restauracja.schroniskobukowina.pl\/wp-content\/uploads\/2026\/06\/DSC06423-1-1-300x200.jpg 300w, https:\/\/restauracja.schroniskobukowina.pl\/wp-content\/uploads\/2026\/06\/DSC06423-1-1-1024x683.jpg 1024w, https:\/\/restauracja.schroniskobukowina.pl\/wp-content\/uploads\/2026\/06\/DSC06423-1-1-768x512.jpg 768w, https:\/\/restauracja.schroniskobukowina.pl\/wp-content\/uploads\/2026\/06\/DSC06423-1-1-1536x1024.jpg 1536w, https:\/\/restauracja.schroniskobukowina.pl\/wp-content\/uploads\/2026\/06\/DSC06423-1-1-2048x1366.jpg 2048w\" sizes=\"auto, (max-width: 2560px) 100vw, 2560px\" \/>\n    <div class=\"card-news__content\">\n\n        <span class=\"card-news__tag\">\n            Udalosti, Novinka        <\/span>\n\n        <h2 class=\"card-news__header\">Talianska ve\u010dera!<\/h2>\n\n        <p class=\"card-news__desc\">Talianska cesta chut\u00ed v Re\u0161taur\u00e1cii Schronisko Bukowina!<\/p>\n\n    <\/div>\n\n<\/a>\n                            <\/div>\n\n                        \n                    <\/div>\n\n                <\/div>\n\n                <div class=\"splide__arrows\">\n    <button class=\"splide__arrow splide__arrow--prev\">\n        <svg xmlns=\"http:\/\/www.w3.org\/2000\/svg\" width=\"25\" height=\"24\" viewBox=\"0 0 25 24\" fill=\"none\">\n            <path d=\"M5.5 12H19.5M19.5 12L12.5 5M19.5 12L12.5 19\" stroke=\"#AAAAAA\" stroke-width=\"2\" stroke-linecap=\"round\" stroke-linejoin=\"round\" \/>\n        <\/svg>\n    <\/button>\n    <button class=\"splide__arrow splide__arrow--next\">\n        <svg xmlns=\"http:\/\/www.w3.org\/2000\/svg\" width=\"25\" height=\"24\" viewBox=\"0 0 25 24\" fill=\"none\">\n            <path d=\"M5.5 12H19.5M19.5 12L12.5 5M19.5 12L12.5 19\" stroke=\"#AAAAAA\" stroke-width=\"2\" stroke-linecap=\"round\" stroke-linejoin=\"round\" \/>\n        <\/svg>\n    <\/button>\n<\/div>\n            <\/div>\n\n        \n    <\/div>\n\n\n<\/section>\n<section class=\"content-text\">\n\n    <div class=\"container content-text__container\">\n\n        \n\n    <div class=\"section-header\" data-aos=\"fade-up\">\n\n        <div class=\"section-header__content\">\n\n            <header class=\"section-header__headerbox\">\n\n                \n                    <span class=\"section-header__tag\">Koncerty<\/span>\n\n                \n                <h2 class=\"section-header__header\">\u017div\u00e1 hudba<\/h2>\n\n            <\/header>\n\n            \n                <p class=\"section-header__desc\">Piato\u010dn\u00e9 ve\u010dery v Schronisku s\u00fa hudobnou hostinou! Miestni umelci, horsk\u00e1 atmosf\u00e9ra a skvel\u00e9 zvuky. Za\u010diatok 18:30, vstup vo\u013en\u00fd \u2013 srde\u010dne poz\u00fdvame!  <\/p>\n\n            \n\n            \n                <div class=\"section-header__buttons\">\n\n                    \n                            <a class=\"button button--small button--transparent\" href=\"https:\/\/www.youtube.com\/@zespostuderanci5636\" target=\"_blank\" rel=\"noopener\">Po\u010d\u00favajte<\/a>\n\n                        \n                    \n                <\/div>\n\n            \n            \n        <\/div>\n\n    <\/div>\n\n\n        \n\n    <div class=\"text-image \" >\n\n        <div class=\"text-image__container \">\n\n            <div class=\"text-image__imagebox\" data-aos=\"fade-up\">\n\n                \n\n                    \n                        \n                            <img decoding=\"async\" src=\"https:\/\/restauracja.schroniskobukowina.pl\/wp-content\/uploads\/2025\/02\/image-17.webp\" alt=\"\" class=\"text-image__image--1\" \/>\n\n                        \n                        \n                            <img decoding=\"async\" src=\"https:\/\/restauracja.schroniskobukowina.pl\/wp-content\/uploads\/2025\/02\/image-18.webp\" alt=\"\" class=\"text-image__image--2\" \/>\n\n                        \n                    \n                \n\n\n            <\/div>\n\n            <div class=\"text-image__content\" data-aos=\"fade-up\" data-aos-delay=\"100\">\n\n                \n                    <span class=\"text-image__tag\">Skupina<\/span>\n\n                \n                <h2 class=\"text-image__header\">\u015atuderanci<\/h2>\n\n                \n                    <div class=\"text-image__desc\">\n\n                        <p>Je to skupina charizmatick\u00fdch goralov z okolia Poronina. Skupina m\u00e1 bohat\u00e9 sk\u00fasenosti na sc\u00e9ne a za posledn\u00e9 roky z\u00edskala ve\u013ek\u00fa rozpoznate\u013enos\u0165. Ka\u017ed\u00fd z nich m\u00e1 \u00faplne in\u00fd charakter, osobnos\u0165 a predov\u0161etk\u00fdm r\u00f4zne hudobn\u00e9 preferencie, \u010do spolu sp\u00e1jaj\u00fa do nenapodobite\u013en\u00e9ho \u0161t\u00fdlu s goralsk\u00fdm n\u00e1dychom.  <\/p>\n<ul>\n<li>Pr\u00ed\u010fte, sadnite si a po\u010d\u00favajte!<\/li>\n<li>Nevykon\u00e1vame rezerv\u00e1ciu miest<\/li>\n<li>Piatky, 18:30<\/li>\n<\/ul>\n\n                    <\/div>\n\n                \n                \n            <\/div>\n\n        <\/div>\n\n    <\/div>\n\n\n        \n\n    <\/div>\n\n<\/section>\n<section class=\"content-news\">\n\n    <img decoding=\"async\" src=\"https:\/\/restauracja.schroniskobukowina.pl\/wp-content\/themes\/themebukowina\/assets\/pattern.png\" alt=\"Grafika w tle\" class=\"content-news__bg\">\n\n    <div class=\"container content-news__container\">\n\n        \n\n    <div class=\"section-header\" data-aos=\"fade-up\">\n\n        <div class=\"section-header__content\">\n\n            <header class=\"section-header__headerbox\">\n\n                \n                    <span class=\"section-header__tag\">Kultov\u00e1 chu\u0165<\/span>\n\n                \n                <h2 class=\"section-header__header\">\u0160\u00e9fkuch\u00e1r odpor\u00fa\u010da<\/h2>\n\n            <\/header>\n\n            \n                <p class=\"section-header__desc\">Nikto nepozn\u00e1 na\u0161e pod\u00e1van\u00e9 jedl\u00e1 tak dobre ako \u0161\u00e9fkuch\u00e1r. Pozrite, ktor\u00e9 pokrmy odpor\u00fa\u010da najviac! <\/p>\n\n            \n\n            \n            \n        <\/div>\n\n    <\/div>\n\n\n        \n            <div class=\"splide content-news__splide\" role=\"group\" aria-label=\"News slider\">\n\n                <div class=\"splide__track\">\n\n                    <div class=\"splide__list\">\n\n                        \n                            <div class=\"splide__slide\" data-aos=\"fade-up\" data-aos-delay=\"100\">\n\n                                \n<a href=\"https:\/\/restauracja.schroniskobukowina.pl\/szef-kuchni-poleca\/\" class=\"card-news\">\n\n    <img loading=\"lazy\" decoding=\"async\" width=\"1024\" height=\"865\" src=\"https:\/\/restauracja.schroniskobukowina.pl\/wp-content\/uploads\/2025\/02\/Galeria-dan-www-i-aktualnosci-appka-7.png\" class=\"card-news__image wp-post-image\" alt=\"\" srcset=\"https:\/\/restauracja.schroniskobukowina.pl\/wp-content\/uploads\/2025\/02\/Galeria-dan-www-i-aktualnosci-appka-7.png 1024w, https:\/\/restauracja.schroniskobukowina.pl\/wp-content\/uploads\/2025\/02\/Galeria-dan-www-i-aktualnosci-appka-7-300x253.png 300w, https:\/\/restauracja.schroniskobukowina.pl\/wp-content\/uploads\/2025\/02\/Galeria-dan-www-i-aktualnosci-appka-7-768x649.png 768w\" sizes=\"auto, (max-width: 1024px) 100vw, 1024px\" \/>\n    <div class=\"card-news__content\">\n\n        <span class=\"card-news__tag\">\n                    <\/span>\n\n        <h2 class=\"card-news__header\">Kluski z dziurk\u0105<\/h2>\n\n        <p class=\"card-news__desc\">Kluski z dziurk\u0105 w ods\u0142onie, kt\u00f3rej trudno si\u0119 spodziewa\u0107 i jeszcze trudniej zapomnie\u0107. Aromat bia\u0142ej trufli, smardze, ser bursztyn i [&hellip;]<\/p>\n\n    <\/div>\n\n<\/a>\n                            <\/div>\n\n                        \n                            <div class=\"splide__slide\" data-aos=\"fade-up\" data-aos-delay=\"200\">\n\n                                \n<a href=\"https:\/\/restauracja.schroniskobukowina.pl\/szef-kuchni-poleca\/\" class=\"card-news\">\n\n    <img loading=\"lazy\" decoding=\"async\" width=\"1024\" height=\"865\" src=\"https:\/\/restauracja.schroniskobukowina.pl\/wp-content\/uploads\/2025\/12\/Galeria-dan-www-i-aktualnosci-appka-4.png\" class=\"card-news__image wp-post-image\" alt=\"\" srcset=\"https:\/\/restauracja.schroniskobukowina.pl\/wp-content\/uploads\/2025\/12\/Galeria-dan-www-i-aktualnosci-appka-4.png 1024w, https:\/\/restauracja.schroniskobukowina.pl\/wp-content\/uploads\/2025\/12\/Galeria-dan-www-i-aktualnosci-appka-4-300x253.png 300w, https:\/\/restauracja.schroniskobukowina.pl\/wp-content\/uploads\/2025\/12\/Galeria-dan-www-i-aktualnosci-appka-4-768x649.png 768w\" sizes=\"auto, (max-width: 1024px) 100vw, 1024px\" \/>\n    <div class=\"card-news__content\">\n\n        <span class=\"card-news__tag\">\n                    <\/span>\n\n        <h2 class=\"card-news__header\">P\u00e2t\u00e9 z kaczej w\u0105tr\u00f3bki<\/h2>\n\n        <p class=\"card-news__desc\">P\u00e2t\u00e9 z kaczej w\u0105tr\u00f3bki, kt\u00f3re zaskakuje ju\u017c od pierwszego k\u0119sa. Delikatne i aksamitne, prze\u0142amane kwasowo\u015bci\u0105 rabarbaru i je\u017cyny, chrupko\u015bci\u0105 orzechowej [&hellip;]<\/p>\n\n    <\/div>\n\n<\/a>\n                            <\/div>\n\n                        \n                            <div class=\"splide__slide\" data-aos=\"fade-up\" data-aos-delay=\"300\">\n\n                                \n<a href=\"https:\/\/restauracja.schroniskobukowina.pl\/szef-kuchni-poleca\/\" class=\"card-news\">\n\n    <img loading=\"lazy\" decoding=\"async\" width=\"1024\" height=\"576\" src=\"https:\/\/restauracja.schroniskobukowina.pl\/wp-content\/uploads\/2024\/12\/legendarna-beza-schronisko-smakow.png\" class=\"card-news__image wp-post-image\" alt=\"\" srcset=\"https:\/\/restauracja.schroniskobukowina.pl\/wp-content\/uploads\/2024\/12\/legendarna-beza-schronisko-smakow.png 1024w, https:\/\/restauracja.schroniskobukowina.pl\/wp-content\/uploads\/2024\/12\/legendarna-beza-schronisko-smakow-300x169.png 300w, https:\/\/restauracja.schroniskobukowina.pl\/wp-content\/uploads\/2024\/12\/legendarna-beza-schronisko-smakow-768x432.png 768w\" sizes=\"auto, (max-width: 1024px) 100vw, 1024px\" \/>\n    <div class=\"card-news__content\">\n\n        <span class=\"card-news__tag\">\n                    <\/span>\n\n        <h2 class=\"card-news__header\">Legendarna Beza<\/h2>\n\n        <p class=\"card-news__desc\">Prawdopodobnie najlepsza i najbardziej rozpoznawalna beza w Polsce, w ostatnich latach zyska\u0142a miano legendarnej. Deser, kt\u00f3ry jest wystarczaj\u0105cym powodem, by [&hellip;]<\/p>\n\n    <\/div>\n\n<\/a>\n                            <\/div>\n\n                        \n                            <div class=\"splide__slide\" data-aos=\"fade-up\" data-aos-delay=\"400\">\n\n                                \n<a href=\"https:\/\/restauracja.schroniskobukowina.pl\/sk\/?post_type=menu&#038;p=2108\" class=\"card-news\">\n\n    <img loading=\"lazy\" decoding=\"async\" width=\"1024\" height=\"576\" src=\"https:\/\/restauracja.schroniskobukowina.pl\/wp-content\/uploads\/2024\/12\/legendarna-beza-schronisko-smakow.png\" class=\"card-news__image wp-post-image\" alt=\"\" srcset=\"https:\/\/restauracja.schroniskobukowina.pl\/wp-content\/uploads\/2024\/12\/legendarna-beza-schronisko-smakow.png 1024w, https:\/\/restauracja.schroniskobukowina.pl\/wp-content\/uploads\/2024\/12\/legendarna-beza-schronisko-smakow-300x169.png 300w, https:\/\/restauracja.schroniskobukowina.pl\/wp-content\/uploads\/2024\/12\/legendarna-beza-schronisko-smakow-768x432.png 768w\" sizes=\"auto, (max-width: 1024px) 100vw, 1024px\" \/>\n    <div class=\"card-news__content\">\n\n        <span class=\"card-news__tag\">\n                    <\/span>\n\n        <h2 class=\"card-news__header\">Legend\u00e1rne Bez\u00e9<\/h2>\n\n        <p class=\"card-news__desc\">Pravdepodobne najlep\u0161ie a najzn\u00e1mej\u0161ie bez\u00e9 v Po\u013esku, ktor\u00e9 si v posledn\u00fdch rokoch z\u00edskalo poves\u0165 legend\u00e1rneho. Dezert, ktor\u00fd je dostato\u010dn\u00fdm d\u00f4vodom [&hellip;]<\/p>\n\n    <\/div>\n\n<\/a>\n                            <\/div>\n\n                        \n                            <div class=\"splide__slide\" data-aos=\"fade-up\" data-aos-delay=\"500\">\n\n                                \n<a href=\"https:\/\/restauracja.schroniskobukowina.pl\/szef-kuchni-poleca\/\" class=\"card-news\">\n\n    <img loading=\"lazy\" decoding=\"async\" width=\"1184\" height=\"1000\" src=\"https:\/\/restauracja.schroniskobukowina.pl\/wp-content\/uploads\/2024\/12\/image-1.webp\" class=\"card-news__image wp-post-image\" alt=\"\" srcset=\"https:\/\/restauracja.schroniskobukowina.pl\/wp-content\/uploads\/2024\/12\/image-1.webp 1184w, https:\/\/restauracja.schroniskobukowina.pl\/wp-content\/uploads\/2024\/12\/image-1-300x253.webp 300w, https:\/\/restauracja.schroniskobukowina.pl\/wp-content\/uploads\/2024\/12\/image-1-1024x865.webp 1024w, https:\/\/restauracja.schroniskobukowina.pl\/wp-content\/uploads\/2024\/12\/image-1-768x649.webp 768w\" sizes=\"auto, (max-width: 1184px) 100vw, 1184px\" \/>\n    <div class=\"card-news__content\">\n\n        <span class=\"card-news__tag\">\n                    <\/span>\n\n        <h2 class=\"card-news__header\">Kwa\u015bnica<\/h2>\n\n        <p class=\"card-news__desc\">G\u0119sta, wyrazista w smaku, pe\u0142na \u017ceberek i doskonale doprawiona. Mi\u0142o\u015bnicy tej tradycyjnej zupy przyje\u017cd\u017caj\u0105 po ni\u0105 specjalnie do nas.<\/p>\n\n    <\/div>\n\n<\/a>\n                            <\/div>\n\n                        \n                            <div class=\"splide__slide\" data-aos=\"fade-up\" data-aos-delay=\"600\">\n\n                                \n<a href=\"https:\/\/restauracja.schroniskobukowina.pl\/sk\/?post_type=menu&#038;p=2118\" class=\"card-news\">\n\n    <img loading=\"lazy\" decoding=\"async\" width=\"1184\" height=\"1000\" src=\"https:\/\/restauracja.schroniskobukowina.pl\/wp-content\/uploads\/2024\/12\/image-1.webp\" class=\"card-news__image wp-post-image\" alt=\"\" srcset=\"https:\/\/restauracja.schroniskobukowina.pl\/wp-content\/uploads\/2024\/12\/image-1.webp 1184w, https:\/\/restauracja.schroniskobukowina.pl\/wp-content\/uploads\/2024\/12\/image-1-300x253.webp 300w, https:\/\/restauracja.schroniskobukowina.pl\/wp-content\/uploads\/2024\/12\/image-1-1024x865.webp 1024w, https:\/\/restauracja.schroniskobukowina.pl\/wp-content\/uploads\/2024\/12\/image-1-768x649.webp 768w\" sizes=\"auto, (max-width: 1184px) 100vw, 1184px\" \/>\n    <div class=\"card-news__content\">\n\n        <span class=\"card-news__tag\">\n                    <\/span>\n\n        <h2 class=\"card-news__header\">Kapustnica<\/h2>\n\n        <p class=\"card-news__desc\">Hust\u00e1, v\u00fdrazn\u00e1 chu\u0165ou, pln\u00e1 rebierok a dokonale dochuten\u00e1. Milovn\u00edci tejto tradi\u010dnej polievky prich\u00e1dzaj\u00fa \u0161peci\u00e1lne k n\u00e1m.<\/p>\n\n    <\/div>\n\n<\/a>\n                            <\/div>\n\n                        \n                    <\/div>\n\n                <\/div>\n\n                <div class=\"splide__arrows\">\n    <button class=\"splide__arrow splide__arrow--prev\">\n        <svg xmlns=\"http:\/\/www.w3.org\/2000\/svg\" width=\"25\" height=\"24\" viewBox=\"0 0 25 24\" fill=\"none\">\n            <path d=\"M5.5 12H19.5M19.5 12L12.5 5M19.5 12L12.5 19\" stroke=\"#AAAAAA\" stroke-width=\"2\" stroke-linecap=\"round\" stroke-linejoin=\"round\" \/>\n        <\/svg>\n    <\/button>\n    <button class=\"splide__arrow splide__arrow--next\">\n        <svg xmlns=\"http:\/\/www.w3.org\/2000\/svg\" width=\"25\" height=\"24\" viewBox=\"0 0 25 24\" fill=\"none\">\n            <path d=\"M5.5 12H19.5M19.5 12L12.5 5M19.5 12L12.5 19\" stroke=\"#AAAAAA\" stroke-width=\"2\" stroke-linecap=\"round\" stroke-linejoin=\"round\" \/>\n        <\/svg>\n    <\/button>\n<\/div>\n            <\/div>\n\n        \n    <\/div>\n\n\n<\/section>\n<section class=\"content-posts\">\n\n    <div class=\"container content-posts__container\">\n\n        <div class=\"content-posts__intro\" data-aos=\"fade-up\">\n\n            <header class=\"content-posts__headerbox\">\n\n                <span class=\"content-posts__tag\">Aktuality<\/span>\n\n                <h2 class=\"content-posts__header\">M\u00e9di\u00e1 o n\u00e1s<\/h2>\n\n                <p class=\"content-posts__desc\"><\/p>\n\n            <\/header>\n\n            \n                <a class=\"button button--small button--transparent\" href=\"https:\/\/restauracja.schroniskobukowina.pl\/sk\/aktuality\/\" target=\"_self\">Aktuality<\/a>\n\n            \n        <\/div>\n\n\n        \n            <div class=\"content-posts__grid\" data-aos=\"fade-up\" data-aos-delay=\"100\">\n\n                <a href=\"https:\/\/restauracja.schroniskobukowina.pl\/sk\/viedol-podnikanie-s-magdou-gessler-prerusili-kontakt-ide-to-velmi-dobre\/\" class=\"card-post\">\n\n    <div class=\"card-post__imagebox\">\n\n        <img loading=\"lazy\" decoding=\"async\" width=\"784\" height=\"526\" src=\"https:\/\/restauracja.schroniskobukowina.pl\/wp-content\/uploads\/2025\/03\/NDQ1YjBiYSUwUy9ZbRJsMHMLewMrS2JmJBNjSG1ednApHj8DLgw8ISFedw0wHD4lJkF3Gi5GLzQ4Hi9bbQ0nNyFdOBNtDCMmNFV2UyAPLCdhB2pHdgx4fHwFPVIhRHZ0M1B0UnoIdnBlBDtaIFp_Ziw.webp\" class=\"card-post__image wp-post-image\" alt=\"\" srcset=\"https:\/\/restauracja.schroniskobukowina.pl\/wp-content\/uploads\/2025\/03\/NDQ1YjBiYSUwUy9ZbRJsMHMLewMrS2JmJBNjSG1ednApHj8DLgw8ISFedw0wHD4lJkF3Gi5GLzQ4Hi9bbQ0nNyFdOBNtDCMmNFV2UyAPLCdhB2pHdgx4fHwFPVIhRHZ0M1B0UnoIdnBlBDtaIFp_Ziw.webp 784w, https:\/\/restauracja.schroniskobukowina.pl\/wp-content\/uploads\/2025\/03\/NDQ1YjBiYSUwUy9ZbRJsMHMLewMrS2JmJBNjSG1ednApHj8DLgw8ISFedw0wHD4lJkF3Gi5GLzQ4Hi9bbQ0nNyFdOBNtDCMmNFV2UyAPLCdhB2pHdgx4fHwFPVIhRHZ0M1B0UnoIdnBlBDtaIFp_Ziw-300x201.webp 300w, https:\/\/restauracja.schroniskobukowina.pl\/wp-content\/uploads\/2025\/03\/NDQ1YjBiYSUwUy9ZbRJsMHMLewMrS2JmJBNjSG1ednApHj8DLgw8ISFedw0wHD4lJkF3Gi5GLzQ4Hi9bbQ0nNyFdOBNtDCMmNFV2UyAPLCdhB2pHdgx4fHwFPVIhRHZ0M1B0UnoIdnBlBDtaIFp_Ziw-768x515.webp 768w\" sizes=\"auto, (max-width: 784px) 100vw, 784px\" \/>\n    <\/div>\n\n    <div class=\"card-post__content\">\n\n        <span class=\"card-post__tag\">\n\n            Rozhovory<br>\n        <\/span>\n\n        <h3 class=\"card-post__header\">\n\n            Viedol podnikanie s Magdou Gessler. Preru\u0161ili kontakt. &#8222;Ide to ve\u013emi dobre&#8220;\n        <\/h3>\n\n        <p class=\"card-post__desc\">\n\n            Dymitr B\u0142aszczyk, autor podcastu \u201eBez tajomstiev\u201c, v rozhovore s na\u0161\u00edm riadite\u013eom Kamilom Saka\u0142usom.\n        <\/p>\n\n    <\/div>\n\n<\/a><a href=\"https:\/\/restauracja.schroniskobukowina.pl\/sk\/spolupraca-s-magdou-gessler-bola-2\/\" class=\"card-post\">\n\n    <div class=\"card-post__imagebox\">\n\n        <img loading=\"lazy\" decoding=\"async\" width=\"720\" height=\"404\" src=\"https:\/\/restauracja.schroniskobukowina.pl\/wp-content\/uploads\/2025\/03\/hq720.avif\" class=\"card-post__image wp-post-image\" alt=\"\" srcset=\"https:\/\/restauracja.schroniskobukowina.pl\/wp-content\/uploads\/2025\/03\/hq720.avif 720w, https:\/\/restauracja.schroniskobukowina.pl\/wp-content\/uploads\/2025\/03\/hq720-300x168.avif 300w\" sizes=\"auto, (max-width: 720px) 100vw, 720px\" \/>\n    <\/div>\n\n    <div class=\"card-post__content\">\n\n        <span class=\"card-post__tag\">\n\n            Rozhovory<br>\n        <\/span>\n\n        <h3 class=\"card-post__header\">\n\n            Spolupr\u00e1ca s Magdou Gessler bola 2&#8230;\n        <\/h3>\n\n        <p class=\"card-post__desc\">\n\n            Dymitr B\u0142aszczyk, autor podcastu \u201eBez tajomstiev\u201c, v rozhovore s na\u0161\u00edm riadite\u013eom Kamilom Saka\u0142usom.\n        <\/p>\n\n    <\/div>\n\n<\/a>\n            <\/div>\n\n                    \n    <\/div>\n\n<\/section>\n<section class=\"content-parallax\">\n\n    <img decoding=\"async\" src=\"https:\/\/restauracja.schroniskobukowina.pl\/wp-content\/themes\/themebukowina\/assets\/pattern.png\" alt=\"Grafika w tle\" class=\"content-parallax__bg2\">\n\n    <div class=\"container content-parallax__container\">\n\n        \n\n    <div class=\"section-header\" data-aos=\"fade-up\">\n\n        <div class=\"section-header__content\">\n\n            <header class=\"section-header__headerbox\">\n\n                \n                    <span class=\"section-header__tag\">Slu\u017eby<\/span>\n\n                \n                <h2 class=\"section-header__header\">Objavte cateringov\u00fa ponuku<\/h2>\n\n            <\/header>\n\n            \n                <p class=\"section-header__desc\">A\u017e sa chce jes\u0165 o\u010dami! Pr\u00eddeme k v\u00e1m v dohodnut\u00fd de\u0148 a hodinu s jedlom, vybaven\u00edm a obsluhou kuch\u00e1ra a \u010da\u0161n\u00edkov. Zabezpe\u010d\u00edme, \u017ee va\u0161a akcia nadobudne skvel\u00fd charakter a vy sa u\u017e o ni\u010d nebudete musie\u0165 stara\u0165.  <\/p>\n\n            \n\n            \n                <div class=\"section-header__buttons\">\n\n                    \n                            <a class=\"button button--small button--transparent\" href=\"https:\/\/restauracja.schroniskobukowina.pl\/sk\/cateringova-ponuka\/\" target=\"_self\">Zobrazi\u0165 viac<\/a>\n\n                        \n                    \n                <\/div>\n\n            \n            \n        <\/div>\n\n    <\/div>\n\n\n        \n            <div class=\"content-parallax__bg\" style=\"background-image: url('https:\/\/restauracja.schroniskobukowina.pl\/wp-content\/uploads\/2025\/02\/image-19.webp');\"><\/div>\n\n        \n\n    <\/div>\n\n<\/section>\n<section class=\"content-parallax\">\n\n    <img decoding=\"async\" src=\"https:\/\/restauracja.schroniskobukowina.pl\/wp-content\/themes\/themebukowina\/assets\/pattern.png\" alt=\"Grafika w tle\" class=\"content-parallax__bg2\">\n\n    <div class=\"container content-parallax__container\">\n\n        \n\n    <div class=\"section-header\" data-aos=\"fade-up\">\n\n        <div class=\"section-header__content\">\n\n            <header class=\"section-header__headerbox\">\n\n                \n                    <span class=\"section-header__tag\">SLU\u017dBY<\/span>\n\n                \n                <h2 class=\"section-header__header\">Dar\u010dekov\u00e9 sety pre firmy<\/h2>\n\n            <\/header>\n\n            \n                <p class=\"section-header__desc\">Dar\u010dekov\u00e9 sety s\u00fa skvel\u00fdm sp\u00f4sobom, ako posilni\u0165 vz\u0165ahy s obchodn\u00fdmi partnermi a oceni\u0165 zamestnancov. Na\u0161e kompoz\u00edcie s\u00fa neust\u00e1le naplnen\u00e9 tradi\u010dn\u00fdmi lik\u00e9rmi, dom\u00e1cimi zav\u00e1raninami a najchutnej\u0161\u00edmi sladkos\u0165ami poch\u00e1dzaj\u00facimi z na\u0161ej Re\u0161taur\u00e1cie Schronisko Bukowina v Bukowine Tatrza\u0144skej. <\/p>\n\n            \n\n            \n                <div class=\"section-header__buttons\">\n\n                    \n                            <a class=\"button button--small button--transparent\" href=\"https:\/\/paczki.schroniskobukowina.pl\/\" target=\"_blank\">Zobrazi\u0165 viac<\/a>\n\n                        \n                    \n                <\/div>\n\n            \n            \n        <\/div>\n\n    <\/div>\n\n\n        \n            <div class=\"content-parallax__bg\" style=\"background-image: url('https:\/\/restauracja.schroniskobukowina.pl\/wp-content\/uploads\/2026\/05\/DSC0598-scaled-e1779691571744.jpg');\"><\/div>\n\n        \n\n    <\/div>\n\n<\/section>\n<div class=\"content-instagram \">\n\n    <img decoding=\"async\" src=\"https:\/\/restauracja.schroniskobukowina.pl\/wp-content\/themes\/themebukowina\/assets\/pattern.png\" alt=\"Grafika w tle\" class=\"content-instagram__bg\">\n\n    <div class=\"container content-instagram__container\">\n\n        \n\n        <div class=\"content-instagram__shortcode\">\n\n            \n<div id=\"sb_instagram\" role=\"region\" aria-label=\"Instagram feed\"  class=\"sbi sbi_mob_col_1 sbi_tab_col_2 sbi_col_3 sbi_width_resp sbi_palette_custom_1\" style=\"padding-bottom: 10px;\"\t data-feedid=\"*1\"  data-res=\"auto\" data-cols=\"3\" data-colsmobile=\"1\" data-colstablet=\"2\" data-num=\"6\" data-nummobile=\"6\" data-item-padding=\"5\"\t data-shortcode-atts=\"{&quot;feed&quot;:&quot;1&quot;}\"  data-postid=\"2363\" data-locatornonce=\"80eebf83bf\" data-imageaspectratio=\"1:1\" data-sbi-flags=\"favorLocal\">\n\t<div class=\"sb_instagram_header  sbi_medium sbi_header_palette_custom_1\"   >\n\t<a class=\"sbi_header_link\" target=\"_blank\" aria-label=\"schroniskobukowina on Instagram\" rel=\"nofollow noopener\" href=\"https:\/\/www.instagram.com\/schroniskobukowina\/\" title=\"@schroniskobukowina\">\n\t\t<div class=\"sbi_header_text\">\n\t\t\t<div class=\"sbi_header_img\"  data-avatar-url=\"https:\/\/instagram.fwaw3-1.fna.fbcdn.net\/v\/t51.2885-19\/273943259_2997252743860257_5198775382192268611_n.jpg?stp=dst-jpg_s206x206_tt6&amp;_nc_cat=103&amp;ccb=7-5&amp;_nc_sid=bf7eb4&amp;efg=eyJ2ZW5jb2RlX3RhZyI6InByb2ZpbGVfcGljLnd3dy4xMDgwLkMzIn0%3D&amp;_nc_ohc=Ldi21DO_b7oQ7kNvwEL-Lba&amp;_nc_oc=AdpPGY8MKZjkmBNT3H-w3qZ927rla4C_z_fpSvn2dezNG7yRQRsQ6IYMNvXSzvoo6DM&amp;_nc_zt=24&amp;_nc_ht=instagram.fwaw3-1.fna&amp;edm=AP4hL3IEAAAA&amp;_nc_tpa=Q5bMBQJV-VcAqsLQONWkJpmVidMcd13B70mmY1v3q7fowVLGEuOBwnwURqpI3kHd7IXOrj5yqe6SJ07KPw&amp;oh=00_AQI1iNCWGlQ0IAfs0cjEoMcUOnq2uE-vTJLoV2mVZRU31A&amp;oe=6AA134C4\">\n\t\t\t\t\t\t\t\t\t<div class=\"sbi_header_img_hover\"  ><svg class=\"sbi_new_logo fa-instagram fa-w-14\" aria-hidden=\"true\" data-fa-processed=\"\" aria-label=\"Instagram\" data-prefix=\"fab\" data-icon=\"instagram\" role=\"img\" viewBox=\"0 0 448 512\">\n                    <path fill=\"currentColor\" d=\"M224.1 141c-63.6 0-114.9 51.3-114.9 114.9s51.3 114.9 114.9 114.9S339 319.5 339 255.9 287.7 141 224.1 141zm0 189.6c-41.1 0-74.7-33.5-74.7-74.7s33.5-74.7 74.7-74.7 74.7 33.5 74.7 74.7-33.6 74.7-74.7 74.7zm146.4-194.3c0 14.9-12 26.8-26.8 26.8-14.9 0-26.8-12-26.8-26.8s12-26.8 26.8-26.8 26.8 12 26.8 26.8zm76.1 27.2c-1.7-35.9-9.9-67.7-36.2-93.9-26.2-26.2-58-34.4-93.9-36.2-37-2.1-147.9-2.1-184.9 0-35.8 1.7-67.6 9.9-93.9 36.1s-34.4 58-36.2 93.9c-2.1 37-2.1 147.9 0 184.9 1.7 35.9 9.9 67.7 36.2 93.9s58 34.4 93.9 36.2c37 2.1 147.9 2.1 184.9 0 35.9-1.7 67.7-9.9 93.9-36.2 26.2-26.2 34.4-58 36.2-93.9 2.1-37 2.1-147.8 0-184.8zM398.8 388c-7.8 19.6-22.9 34.7-42.6 42.6-29.5 11.7-99.5 9-132.1 9s-102.7 2.6-132.1-9c-19.6-7.8-34.7-22.9-42.6-42.6-11.7-29.5-9-99.5-9-132.1s-2.6-102.7 9-132.1c7.8-19.6 22.9-34.7 42.6-42.6 29.5-11.7 99.5-9 132.1-9s102.7-2.6 132.1 9c19.6 7.8 34.7 22.9 42.6 42.6 11.7 29.5 9 99.5 9 132.1s2.7 102.7-9 132.1z\"><\/path>\n                <\/svg><\/div>\n\t\t\t\t\t<img loading=\"lazy\" decoding=\"async\"  src=\"https:\/\/restauracja.schroniskobukowina.pl\/wp-content\/uploads\/sb-instagram-feed-images\/schroniskobukowina.webp\" alt=\"\" width=\"50\" height=\"50\">\n\t\t\t\t\n\t\t\t\t\t\t\t<\/div>\n\n\t\t\t<div class=\"sbi_feedtheme_header_text\">\n\t\t\t\t<h3>schroniskobukowina<\/h3>\n\t\t\t\t\t\t\t\t\t<p class=\"sbi_bio\">\ud83e\ude75 Najlepsza wg TripAdvisor restauracja w Bukowinie<br>\n\u26f0\ufe0f Sklep internetowy z regionalnymi produktami<br>\n\ud83d\udcbc Zestawy prezentowe dla firm<br>\n\ud83c\udf7d\ufe0f Catering<\/p>\n\t\t\t\t\t\t\t<\/div>\n\t\t<\/div>\n\t<\/a>\n<\/div>\n\n\t<div id=\"sbi_images\" role=\"list\"  style=\"gap: 10px;\">\n\t\t<div class=\"sbi_item sbi_type_video sbi_new sbi_transition\" role=\"listitem\"\n\tid=\"sbi_17898624651574554\" data-date=\"1788443321\">\n\t<div class=\"sbi_photo_wrap\">\n\t\t<a class=\"sbi_photo\" href=\"https:\/\/www.instagram.com\/reel\/Dc08_sDI60h\/\" target=\"_blank\" rel=\"noopener nofollow\" data-full-res=\"https:\/\/instagram.fwaw9-1.fna.fbcdn.net\/v\/t51.82787-15\/793257780_18388960594161372_7434080550813916301_n.jpg?stp=dst-jpg_e35_tt6&#038;_nc_cat=100&#038;ccb=7-5&#038;_nc_sid=18de74&#038;efg=eyJlZmdfdGFnIjoiQ0xJUFMuYmVzdF9pbWFnZV91cmxnZW4uQzMifQ%3D%3D&#038;_nc_ohc=epxnSQilEC4Q7kNvwE4Va_Y&#038;_nc_oc=AdrMOAuvph0hxLlJzZlDvPz5XiEudNne9Iutr0_VDG9aV87VuNeQaYO_VoVKyC2cDek&#038;_nc_zt=23&#038;_nc_ht=instagram.fwaw9-1.fna&#038;edm=ANo9K5cEAAAA&#038;_nc_gid=aO_x7grQwXiDxhA25DPJ-w&#038;_nc_tpa=Q5bMBQKQScBkwzvYMYbOEEQryZ2JDEvY2OmXh84--13iUF3eCRe6Hmn4_oMaIQuyNiMEgak0Mi0WmxDMnw&#038;oh=00_AQIQ4HCBeNZn4BmTDp7ffeps4m4sFjsEIII-R0jmZdmkBg&#038;oe=6AA14D21\" data-img-src-set=\"{&quot;d&quot;:&quot;https:\\\/\\\/instagram.fwaw9-1.fna.fbcdn.net\\\/v\\\/t51.82787-15\\\/793257780_18388960594161372_7434080550813916301_n.jpg?stp=dst-jpg_e35_tt6&amp;_nc_cat=100&amp;ccb=7-5&amp;_nc_sid=18de74&amp;efg=eyJlZmdfdGFnIjoiQ0xJUFMuYmVzdF9pbWFnZV91cmxnZW4uQzMifQ%3D%3D&amp;_nc_ohc=epxnSQilEC4Q7kNvwE4Va_Y&amp;_nc_oc=AdrMOAuvph0hxLlJzZlDvPz5XiEudNne9Iutr0_VDG9aV87VuNeQaYO_VoVKyC2cDek&amp;_nc_zt=23&amp;_nc_ht=instagram.fwaw9-1.fna&amp;edm=ANo9K5cEAAAA&amp;_nc_gid=aO_x7grQwXiDxhA25DPJ-w&amp;_nc_tpa=Q5bMBQKQScBkwzvYMYbOEEQryZ2JDEvY2OmXh84--13iUF3eCRe6Hmn4_oMaIQuyNiMEgak0Mi0WmxDMnw&amp;oh=00_AQIQ4HCBeNZn4BmTDp7ffeps4m4sFjsEIII-R0jmZdmkBg&amp;oe=6AA14D21&quot;,&quot;150&quot;:&quot;https:\\\/\\\/instagram.fwaw9-1.fna.fbcdn.net\\\/v\\\/t51.82787-15\\\/793257780_18388960594161372_7434080550813916301_n.jpg?stp=dst-jpg_e35_tt6&amp;_nc_cat=100&amp;ccb=7-5&amp;_nc_sid=18de74&amp;efg=eyJlZmdfdGFnIjoiQ0xJUFMuYmVzdF9pbWFnZV91cmxnZW4uQzMifQ%3D%3D&amp;_nc_ohc=epxnSQilEC4Q7kNvwE4Va_Y&amp;_nc_oc=AdrMOAuvph0hxLlJzZlDvPz5XiEudNne9Iutr0_VDG9aV87VuNeQaYO_VoVKyC2cDek&amp;_nc_zt=23&amp;_nc_ht=instagram.fwaw9-1.fna&amp;edm=ANo9K5cEAAAA&amp;_nc_gid=aO_x7grQwXiDxhA25DPJ-w&amp;_nc_tpa=Q5bMBQKQScBkwzvYMYbOEEQryZ2JDEvY2OmXh84--13iUF3eCRe6Hmn4_oMaIQuyNiMEgak0Mi0WmxDMnw&amp;oh=00_AQIQ4HCBeNZn4BmTDp7ffeps4m4sFjsEIII-R0jmZdmkBg&amp;oe=6AA14D21&quot;,&quot;320&quot;:&quot;https:\\\/\\\/instagram.fwaw9-1.fna.fbcdn.net\\\/v\\\/t51.82787-15\\\/793257780_18388960594161372_7434080550813916301_n.jpg?stp=dst-jpg_e35_tt6&amp;_nc_cat=100&amp;ccb=7-5&amp;_nc_sid=18de74&amp;efg=eyJlZmdfdGFnIjoiQ0xJUFMuYmVzdF9pbWFnZV91cmxnZW4uQzMifQ%3D%3D&amp;_nc_ohc=epxnSQilEC4Q7kNvwE4Va_Y&amp;_nc_oc=AdrMOAuvph0hxLlJzZlDvPz5XiEudNne9Iutr0_VDG9aV87VuNeQaYO_VoVKyC2cDek&amp;_nc_zt=23&amp;_nc_ht=instagram.fwaw9-1.fna&amp;edm=ANo9K5cEAAAA&amp;_nc_gid=aO_x7grQwXiDxhA25DPJ-w&amp;_nc_tpa=Q5bMBQKQScBkwzvYMYbOEEQryZ2JDEvY2OmXh84--13iUF3eCRe6Hmn4_oMaIQuyNiMEgak0Mi0WmxDMnw&amp;oh=00_AQIQ4HCBeNZn4BmTDp7ffeps4m4sFjsEIII-R0jmZdmkBg&amp;oe=6AA14D21&quot;,&quot;640&quot;:&quot;https:\\\/\\\/instagram.fwaw9-1.fna.fbcdn.net\\\/v\\\/t51.82787-15\\\/793257780_18388960594161372_7434080550813916301_n.jpg?stp=dst-jpg_e35_tt6&amp;_nc_cat=100&amp;ccb=7-5&amp;_nc_sid=18de74&amp;efg=eyJlZmdfdGFnIjoiQ0xJUFMuYmVzdF9pbWFnZV91cmxnZW4uQzMifQ%3D%3D&amp;_nc_ohc=epxnSQilEC4Q7kNvwE4Va_Y&amp;_nc_oc=AdrMOAuvph0hxLlJzZlDvPz5XiEudNne9Iutr0_VDG9aV87VuNeQaYO_VoVKyC2cDek&amp;_nc_zt=23&amp;_nc_ht=instagram.fwaw9-1.fna&amp;edm=ANo9K5cEAAAA&amp;_nc_gid=aO_x7grQwXiDxhA25DPJ-w&amp;_nc_tpa=Q5bMBQKQScBkwzvYMYbOEEQryZ2JDEvY2OmXh84--13iUF3eCRe6Hmn4_oMaIQuyNiMEgak0Mi0WmxDMnw&amp;oh=00_AQIQ4HCBeNZn4BmTDp7ffeps4m4sFjsEIII-R0jmZdmkBg&amp;oe=6AA14D21&quot;}\">\n\t\t\t<span class=\"sbi-screenreader\">\ud83e\udd69 Dlaczego sezonuje si\u0119 mi\u0119so?  \ud83d\ude0b To proces, podcz<\/span>\n\t\t\t\t\t\t<svg style=\"color: rgba(255,255,255,1)\" class=\"svg-inline--fa fa-play fa-w-14 sbi_playbtn\" aria-label=\"Play\" aria-hidden=\"true\" data-fa-processed=\"\" data-prefix=\"fa\" data-icon=\"play\" role=\"presentation\" xmlns=\"http:\/\/www.w3.org\/2000\/svg\" viewBox=\"0 0 448 512\"><path fill=\"currentColor\" d=\"M424.4 214.7L72.4 6.6C43.8-10.3 0 6.1 0 47.9V464c0 37.5 40.7 60.1 72.4 41.3l352-208c31.4-18.5 31.5-64.1 0-82.6z\"><\/path><\/svg>\t\t\t<img decoding=\"async\" src=\"https:\/\/restauracja.schroniskobukowina.pl\/wp-content\/plugins\/instagram-feed\/img\/placeholder.png\" alt=\"\ud83e\udd69 Dlaczego sezonuje si\u0119 mi\u0119so?\n\n\ud83d\ude0b To proces, podczas kt\u00f3rego mi\u0119so dojrzewa, a jego smak staje si\u0119 bardziej intensywny, g\u0142\u0119boki i wyrazisty.\n\n\ud83d\udd25 Antrykot sezonowany na sucho ju\u017c na Was czeka w Schronisku Bukowina!\n\n#taktomy\" aria-hidden=\"true\">\n\t\t<\/a>\n\t<\/div>\n<\/div><div class=\"sbi_item sbi_type_video sbi_new sbi_transition\" role=\"listitem\"\n\tid=\"sbi_18424624330196138\" data-date=\"1788176276\">\n\t<div class=\"sbi_photo_wrap\">\n\t\t<a class=\"sbi_photo\" href=\"https:\/\/www.instagram.com\/reel\/Dcs_ucRo-EX\/\" target=\"_blank\" rel=\"noopener nofollow\" data-full-res=\"https:\/\/instagram.fwaw3-1.fna.fbcdn.net\/v\/t51.82787-15\/792104650_18388824427161372_7464491270313045728_n.jpg?stp=dst-jpg_e35_tt6&#038;_nc_cat=106&#038;ccb=7-5&#038;_nc_sid=18de74&#038;efg=eyJlZmdfdGFnIjoiQ0xJUFMuYmVzdF9pbWFnZV91cmxnZW4uQzMifQ%3D%3D&#038;_nc_ohc=yEMV1MIRkGEQ7kNvwHh1CHs&#038;_nc_oc=AdougHal5o9sK2cI8gLUBikWA5nGOTeHq1jHejyDJCgZWggKP1ZpCvoukVYw3FRdwcE&#038;_nc_zt=23&#038;_nc_ht=instagram.fwaw3-1.fna&#038;edm=ANo9K5cEAAAA&#038;_nc_gid=aO_x7grQwXiDxhA25DPJ-w&#038;_nc_tpa=Q5bMBQINEMllosUzK3Jhx45FHa16rtl6nrTAFYJM_SyZfmzEJw3bEOT6L8piUzD-LHIz3hJFYus7xex4Qw&#038;oh=00_AQIUMnqghGi1d9HNRlCUhsbwkNRYe11ikO_5uqdvd4cRWA&#038;oe=6AA1394A\" data-img-src-set=\"{&quot;d&quot;:&quot;https:\\\/\\\/instagram.fwaw3-1.fna.fbcdn.net\\\/v\\\/t51.82787-15\\\/792104650_18388824427161372_7464491270313045728_n.jpg?stp=dst-jpg_e35_tt6&amp;_nc_cat=106&amp;ccb=7-5&amp;_nc_sid=18de74&amp;efg=eyJlZmdfdGFnIjoiQ0xJUFMuYmVzdF9pbWFnZV91cmxnZW4uQzMifQ%3D%3D&amp;_nc_ohc=yEMV1MIRkGEQ7kNvwHh1CHs&amp;_nc_oc=AdougHal5o9sK2cI8gLUBikWA5nGOTeHq1jHejyDJCgZWggKP1ZpCvoukVYw3FRdwcE&amp;_nc_zt=23&amp;_nc_ht=instagram.fwaw3-1.fna&amp;edm=ANo9K5cEAAAA&amp;_nc_gid=aO_x7grQwXiDxhA25DPJ-w&amp;_nc_tpa=Q5bMBQINEMllosUzK3Jhx45FHa16rtl6nrTAFYJM_SyZfmzEJw3bEOT6L8piUzD-LHIz3hJFYus7xex4Qw&amp;oh=00_AQIUMnqghGi1d9HNRlCUhsbwkNRYe11ikO_5uqdvd4cRWA&amp;oe=6AA1394A&quot;,&quot;150&quot;:&quot;https:\\\/\\\/instagram.fwaw3-1.fna.fbcdn.net\\\/v\\\/t51.82787-15\\\/792104650_18388824427161372_7464491270313045728_n.jpg?stp=dst-jpg_e35_tt6&amp;_nc_cat=106&amp;ccb=7-5&amp;_nc_sid=18de74&amp;efg=eyJlZmdfdGFnIjoiQ0xJUFMuYmVzdF9pbWFnZV91cmxnZW4uQzMifQ%3D%3D&amp;_nc_ohc=yEMV1MIRkGEQ7kNvwHh1CHs&amp;_nc_oc=AdougHal5o9sK2cI8gLUBikWA5nGOTeHq1jHejyDJCgZWggKP1ZpCvoukVYw3FRdwcE&amp;_nc_zt=23&amp;_nc_ht=instagram.fwaw3-1.fna&amp;edm=ANo9K5cEAAAA&amp;_nc_gid=aO_x7grQwXiDxhA25DPJ-w&amp;_nc_tpa=Q5bMBQINEMllosUzK3Jhx45FHa16rtl6nrTAFYJM_SyZfmzEJw3bEOT6L8piUzD-LHIz3hJFYus7xex4Qw&amp;oh=00_AQIUMnqghGi1d9HNRlCUhsbwkNRYe11ikO_5uqdvd4cRWA&amp;oe=6AA1394A&quot;,&quot;320&quot;:&quot;https:\\\/\\\/instagram.fwaw3-1.fna.fbcdn.net\\\/v\\\/t51.82787-15\\\/792104650_18388824427161372_7464491270313045728_n.jpg?stp=dst-jpg_e35_tt6&amp;_nc_cat=106&amp;ccb=7-5&amp;_nc_sid=18de74&amp;efg=eyJlZmdfdGFnIjoiQ0xJUFMuYmVzdF9pbWFnZV91cmxnZW4uQzMifQ%3D%3D&amp;_nc_ohc=yEMV1MIRkGEQ7kNvwHh1CHs&amp;_nc_oc=AdougHal5o9sK2cI8gLUBikWA5nGOTeHq1jHejyDJCgZWggKP1ZpCvoukVYw3FRdwcE&amp;_nc_zt=23&amp;_nc_ht=instagram.fwaw3-1.fna&amp;edm=ANo9K5cEAAAA&amp;_nc_gid=aO_x7grQwXiDxhA25DPJ-w&amp;_nc_tpa=Q5bMBQINEMllosUzK3Jhx45FHa16rtl6nrTAFYJM_SyZfmzEJw3bEOT6L8piUzD-LHIz3hJFYus7xex4Qw&amp;oh=00_AQIUMnqghGi1d9HNRlCUhsbwkNRYe11ikO_5uqdvd4cRWA&amp;oe=6AA1394A&quot;,&quot;640&quot;:&quot;https:\\\/\\\/instagram.fwaw3-1.fna.fbcdn.net\\\/v\\\/t51.82787-15\\\/792104650_18388824427161372_7464491270313045728_n.jpg?stp=dst-jpg_e35_tt6&amp;_nc_cat=106&amp;ccb=7-5&amp;_nc_sid=18de74&amp;efg=eyJlZmdfdGFnIjoiQ0xJUFMuYmVzdF9pbWFnZV91cmxnZW4uQzMifQ%3D%3D&amp;_nc_ohc=yEMV1MIRkGEQ7kNvwHh1CHs&amp;_nc_oc=AdougHal5o9sK2cI8gLUBikWA5nGOTeHq1jHejyDJCgZWggKP1ZpCvoukVYw3FRdwcE&amp;_nc_zt=23&amp;_nc_ht=instagram.fwaw3-1.fna&amp;edm=ANo9K5cEAAAA&amp;_nc_gid=aO_x7grQwXiDxhA25DPJ-w&amp;_nc_tpa=Q5bMBQINEMllosUzK3Jhx45FHa16rtl6nrTAFYJM_SyZfmzEJw3bEOT6L8piUzD-LHIz3hJFYus7xex4Qw&amp;oh=00_AQIUMnqghGi1d9HNRlCUhsbwkNRYe11ikO_5uqdvd4cRWA&amp;oe=6AA1394A&quot;}\">\n\t\t\t<span class=\"sbi-screenreader\">\ud83c\uddee\ud83c\uddf9 Restauracyjny smak w Twoim domu!  \ud83d\ude0b Baza pistac<\/span>\n\t\t\t\t\t\t<svg style=\"color: rgba(255,255,255,1)\" class=\"svg-inline--fa fa-play fa-w-14 sbi_playbtn\" aria-label=\"Play\" aria-hidden=\"true\" data-fa-processed=\"\" data-prefix=\"fa\" data-icon=\"play\" role=\"presentation\" xmlns=\"http:\/\/www.w3.org\/2000\/svg\" viewBox=\"0 0 448 512\"><path fill=\"currentColor\" d=\"M424.4 214.7L72.4 6.6C43.8-10.3 0 6.1 0 47.9V464c0 37.5 40.7 60.1 72.4 41.3l352-208c31.4-18.5 31.5-64.1 0-82.6z\"><\/path><\/svg>\t\t\t<img decoding=\"async\" src=\"https:\/\/restauracja.schroniskobukowina.pl\/wp-content\/plugins\/instagram-feed\/img\/placeholder.png\" alt=\"\ud83c\uddee\ud83c\uddf9 Restauracyjny smak w Twoim domu!\n\n\ud83d\ude0b Baza pistacjowo-truflowa to sekret naszego kultowego makaronu.\n\n\ud83d\udc9a Dodaj j\u0105 r\u00f3wnie\u017c do steka, risotto czy warzyw i stw\u00f3rz wyj\u0105tkowe danie!\n\n\ud83d\udc49 Zam\u00f3w schroniskobukowina.pl\n\n#taktomy\" aria-hidden=\"true\">\n\t\t<\/a>\n\t<\/div>\n<\/div><div class=\"sbi_item sbi_type_video sbi_new sbi_transition\" role=\"listitem\"\n\tid=\"sbi_17943412764326393\" data-date=\"1787820450\">\n\t<div class=\"sbi_photo_wrap\">\n\t\t<a class=\"sbi_photo\" href=\"https:\/\/www.instagram.com\/reel\/DciYz67I5zc\/\" target=\"_blank\" rel=\"noopener nofollow\" data-full-res=\"https:\/\/instagram.fwaw9-1.fna.fbcdn.net\/v\/t51.82787-15\/785281322_18388105993161372_4480835234142612070_n.jpg?stp=dst-jpg_e35_tt6&#038;_nc_cat=110&#038;ccb=7-5&#038;_nc_sid=18de74&#038;efg=eyJlZmdfdGFnIjoiQ0xJUFMuYmVzdF9pbWFnZV91cmxnZW4uQzMifQ%3D%3D&#038;_nc_ohc=wpWQyb5-N7YQ7kNvwGvYGK2&#038;_nc_oc=AdqkzkdoEYa0-xnBLL_HHgkNLNMQy-9JiKm1-GMOpb_llOKehegRirEemuVdxKsszhw&#038;_nc_zt=23&#038;_nc_ht=instagram.fwaw9-1.fna&#038;edm=ANo9K5cEAAAA&#038;_nc_gid=aO_x7grQwXiDxhA25DPJ-w&#038;_nc_tpa=Q5bMBQIk8qyZnAaH8Ugpl8ag-FM77DucZAhfPX5HFJ6yJNOGj0LDuEOdY0ti6KNV6m4Bth97vycG5HKABQ&#038;oh=00_AQLpV2Pq2E3IJuS0TO5DoqPuyQQNqTSi_kM95HXlyhqBeQ&#038;oe=6AA12E68\" data-img-src-set=\"{&quot;d&quot;:&quot;https:\\\/\\\/instagram.fwaw9-1.fna.fbcdn.net\\\/v\\\/t51.82787-15\\\/785281322_18388105993161372_4480835234142612070_n.jpg?stp=dst-jpg_e35_tt6&amp;_nc_cat=110&amp;ccb=7-5&amp;_nc_sid=18de74&amp;efg=eyJlZmdfdGFnIjoiQ0xJUFMuYmVzdF9pbWFnZV91cmxnZW4uQzMifQ%3D%3D&amp;_nc_ohc=wpWQyb5-N7YQ7kNvwGvYGK2&amp;_nc_oc=AdqkzkdoEYa0-xnBLL_HHgkNLNMQy-9JiKm1-GMOpb_llOKehegRirEemuVdxKsszhw&amp;_nc_zt=23&amp;_nc_ht=instagram.fwaw9-1.fna&amp;edm=ANo9K5cEAAAA&amp;_nc_gid=aO_x7grQwXiDxhA25DPJ-w&amp;_nc_tpa=Q5bMBQIk8qyZnAaH8Ugpl8ag-FM77DucZAhfPX5HFJ6yJNOGj0LDuEOdY0ti6KNV6m4Bth97vycG5HKABQ&amp;oh=00_AQLpV2Pq2E3IJuS0TO5DoqPuyQQNqTSi_kM95HXlyhqBeQ&amp;oe=6AA12E68&quot;,&quot;150&quot;:&quot;https:\\\/\\\/instagram.fwaw9-1.fna.fbcdn.net\\\/v\\\/t51.82787-15\\\/785281322_18388105993161372_4480835234142612070_n.jpg?stp=dst-jpg_e35_tt6&amp;_nc_cat=110&amp;ccb=7-5&amp;_nc_sid=18de74&amp;efg=eyJlZmdfdGFnIjoiQ0xJUFMuYmVzdF9pbWFnZV91cmxnZW4uQzMifQ%3D%3D&amp;_nc_ohc=wpWQyb5-N7YQ7kNvwGvYGK2&amp;_nc_oc=AdqkzkdoEYa0-xnBLL_HHgkNLNMQy-9JiKm1-GMOpb_llOKehegRirEemuVdxKsszhw&amp;_nc_zt=23&amp;_nc_ht=instagram.fwaw9-1.fna&amp;edm=ANo9K5cEAAAA&amp;_nc_gid=aO_x7grQwXiDxhA25DPJ-w&amp;_nc_tpa=Q5bMBQIk8qyZnAaH8Ugpl8ag-FM77DucZAhfPX5HFJ6yJNOGj0LDuEOdY0ti6KNV6m4Bth97vycG5HKABQ&amp;oh=00_AQLpV2Pq2E3IJuS0TO5DoqPuyQQNqTSi_kM95HXlyhqBeQ&amp;oe=6AA12E68&quot;,&quot;320&quot;:&quot;https:\\\/\\\/instagram.fwaw9-1.fna.fbcdn.net\\\/v\\\/t51.82787-15\\\/785281322_18388105993161372_4480835234142612070_n.jpg?stp=dst-jpg_e35_tt6&amp;_nc_cat=110&amp;ccb=7-5&amp;_nc_sid=18de74&amp;efg=eyJlZmdfdGFnIjoiQ0xJUFMuYmVzdF9pbWFnZV91cmxnZW4uQzMifQ%3D%3D&amp;_nc_ohc=wpWQyb5-N7YQ7kNvwGvYGK2&amp;_nc_oc=AdqkzkdoEYa0-xnBLL_HHgkNLNMQy-9JiKm1-GMOpb_llOKehegRirEemuVdxKsszhw&amp;_nc_zt=23&amp;_nc_ht=instagram.fwaw9-1.fna&amp;edm=ANo9K5cEAAAA&amp;_nc_gid=aO_x7grQwXiDxhA25DPJ-w&amp;_nc_tpa=Q5bMBQIk8qyZnAaH8Ugpl8ag-FM77DucZAhfPX5HFJ6yJNOGj0LDuEOdY0ti6KNV6m4Bth97vycG5HKABQ&amp;oh=00_AQLpV2Pq2E3IJuS0TO5DoqPuyQQNqTSi_kM95HXlyhqBeQ&amp;oe=6AA12E68&quot;,&quot;640&quot;:&quot;https:\\\/\\\/instagram.fwaw9-1.fna.fbcdn.net\\\/v\\\/t51.82787-15\\\/785281322_18388105993161372_4480835234142612070_n.jpg?stp=dst-jpg_e35_tt6&amp;_nc_cat=110&amp;ccb=7-5&amp;_nc_sid=18de74&amp;efg=eyJlZmdfdGFnIjoiQ0xJUFMuYmVzdF9pbWFnZV91cmxnZW4uQzMifQ%3D%3D&amp;_nc_ohc=wpWQyb5-N7YQ7kNvwGvYGK2&amp;_nc_oc=AdqkzkdoEYa0-xnBLL_HHgkNLNMQy-9JiKm1-GMOpb_llOKehegRirEemuVdxKsszhw&amp;_nc_zt=23&amp;_nc_ht=instagram.fwaw9-1.fna&amp;edm=ANo9K5cEAAAA&amp;_nc_gid=aO_x7grQwXiDxhA25DPJ-w&amp;_nc_tpa=Q5bMBQIk8qyZnAaH8Ugpl8ag-FM77DucZAhfPX5HFJ6yJNOGj0LDuEOdY0ti6KNV6m4Bth97vycG5HKABQ&amp;oh=00_AQLpV2Pq2E3IJuS0TO5DoqPuyQQNqTSi_kM95HXlyhqBeQ&amp;oe=6AA12E68&quot;}\">\n\t\t\t<span class=\"sbi-screenreader\">\ud83e\udd52 Drink o smaku og\u00f3rka kiszonego? Tak, poprosz\u0119!<\/span>\n\t\t\t\t\t\t<svg style=\"color: rgba(255,255,255,1)\" class=\"svg-inline--fa fa-play fa-w-14 sbi_playbtn\" aria-label=\"Play\" aria-hidden=\"true\" data-fa-processed=\"\" data-prefix=\"fa\" data-icon=\"play\" role=\"presentation\" xmlns=\"http:\/\/www.w3.org\/2000\/svg\" viewBox=\"0 0 448 512\"><path fill=\"currentColor\" d=\"M424.4 214.7L72.4 6.6C43.8-10.3 0 6.1 0 47.9V464c0 37.5 40.7 60.1 72.4 41.3l352-208c31.4-18.5 31.5-64.1 0-82.6z\"><\/path><\/svg>\t\t\t<img decoding=\"async\" src=\"https:\/\/restauracja.schroniskobukowina.pl\/wp-content\/plugins\/instagram-feed\/img\/placeholder.png\" alt=\"\ud83e\udd52 Drink o smaku og\u00f3rka kiszonego? Tak, poprosz\u0119!\n\n\ud83d\udc9a Wytrawny, delikatnie s\u0142ony i wyj\u0105tkowo orze\u017awiaj\u0105cy. To po\u0142\u0105czenie zaskakuje ju\u017c od pierwszego \u0142yka!\n\n\ud83d\ude0b Spr\u00f3bujesz? \n\n\ud83d\udc49 Zam\u00f3w nasze og\u00f3rki kiszone: schroniskobukowina.pl \n\n#taktomy\" aria-hidden=\"true\">\n\t\t<\/a>\n\t<\/div>\n<\/div><div class=\"sbi_item sbi_type_carousel sbi_new sbi_transition\" role=\"listitem\"\n\tid=\"sbi_18074797295394322\" data-date=\"1787742469\">\n\t<div class=\"sbi_photo_wrap\">\n\t\t<a class=\"sbi_photo\" href=\"https:\/\/www.instagram.com\/p\/DcgEZMQiLmz\/\" target=\"_blank\" rel=\"noopener nofollow\" data-full-res=\"https:\/\/instagram.fwaw9-1.fna.fbcdn.net\/v\/t51.82787-15\/784616527_18387789640161372_7895509170007608357_n.jpg?stp=dst-jpg_e35_tt6&#038;_nc_cat=110&#038;ccb=7-5&#038;_nc_sid=18de74&#038;efg=eyJlZmdfdGFnIjoiQ0FST1VTRUxfSVRFTS5iZXN0X2ltYWdlX3VybGdlbi5DMyJ9&#038;_nc_ohc=rm68k_J-sCIQ7kNvwGrY15P&#038;_nc_oc=Adqft3apYE7eULhMtpSQAEnE9KvOkGbuhhDkWzLR4vQAI5F3SjKggZo_fv1q4J1Joi4&#038;_nc_zt=23&#038;_nc_ht=instagram.fwaw9-1.fna&#038;edm=ANo9K5cEAAAA&#038;_nc_gid=aO_x7grQwXiDxhA25DPJ-w&#038;_nc_tpa=Q5bMBQJ9yjKclouIWDcyosViof2ZDq-G93haCbp_ODQceND2cdLNpXYDqX9-4M4CTZwvJeKzql1lC3Q74A&#038;oh=00_AQK3XZRj2ur_fJN1F2YmXCb0nzdYlXG3LrdPDFQTD_j0UA&#038;oe=6AA14750\" data-img-src-set=\"{&quot;d&quot;:&quot;https:\\\/\\\/instagram.fwaw9-1.fna.fbcdn.net\\\/v\\\/t51.82787-15\\\/784616527_18387789640161372_7895509170007608357_n.jpg?stp=dst-jpg_e35_tt6&amp;_nc_cat=110&amp;ccb=7-5&amp;_nc_sid=18de74&amp;efg=eyJlZmdfdGFnIjoiQ0FST1VTRUxfSVRFTS5iZXN0X2ltYWdlX3VybGdlbi5DMyJ9&amp;_nc_ohc=rm68k_J-sCIQ7kNvwGrY15P&amp;_nc_oc=Adqft3apYE7eULhMtpSQAEnE9KvOkGbuhhDkWzLR4vQAI5F3SjKggZo_fv1q4J1Joi4&amp;_nc_zt=23&amp;_nc_ht=instagram.fwaw9-1.fna&amp;edm=ANo9K5cEAAAA&amp;_nc_gid=aO_x7grQwXiDxhA25DPJ-w&amp;_nc_tpa=Q5bMBQJ9yjKclouIWDcyosViof2ZDq-G93haCbp_ODQceND2cdLNpXYDqX9-4M4CTZwvJeKzql1lC3Q74A&amp;oh=00_AQK3XZRj2ur_fJN1F2YmXCb0nzdYlXG3LrdPDFQTD_j0UA&amp;oe=6AA14750&quot;,&quot;150&quot;:&quot;https:\\\/\\\/instagram.fwaw9-1.fna.fbcdn.net\\\/v\\\/t51.82787-15\\\/784616527_18387789640161372_7895509170007608357_n.jpg?stp=dst-jpg_e35_tt6&amp;_nc_cat=110&amp;ccb=7-5&amp;_nc_sid=18de74&amp;efg=eyJlZmdfdGFnIjoiQ0FST1VTRUxfSVRFTS5iZXN0X2ltYWdlX3VybGdlbi5DMyJ9&amp;_nc_ohc=rm68k_J-sCIQ7kNvwGrY15P&amp;_nc_oc=Adqft3apYE7eULhMtpSQAEnE9KvOkGbuhhDkWzLR4vQAI5F3SjKggZo_fv1q4J1Joi4&amp;_nc_zt=23&amp;_nc_ht=instagram.fwaw9-1.fna&amp;edm=ANo9K5cEAAAA&amp;_nc_gid=aO_x7grQwXiDxhA25DPJ-w&amp;_nc_tpa=Q5bMBQJ9yjKclouIWDcyosViof2ZDq-G93haCbp_ODQceND2cdLNpXYDqX9-4M4CTZwvJeKzql1lC3Q74A&amp;oh=00_AQK3XZRj2ur_fJN1F2YmXCb0nzdYlXG3LrdPDFQTD_j0UA&amp;oe=6AA14750&quot;,&quot;320&quot;:&quot;https:\\\/\\\/instagram.fwaw9-1.fna.fbcdn.net\\\/v\\\/t51.82787-15\\\/784616527_18387789640161372_7895509170007608357_n.jpg?stp=dst-jpg_e35_tt6&amp;_nc_cat=110&amp;ccb=7-5&amp;_nc_sid=18de74&amp;efg=eyJlZmdfdGFnIjoiQ0FST1VTRUxfSVRFTS5iZXN0X2ltYWdlX3VybGdlbi5DMyJ9&amp;_nc_ohc=rm68k_J-sCIQ7kNvwGrY15P&amp;_nc_oc=Adqft3apYE7eULhMtpSQAEnE9KvOkGbuhhDkWzLR4vQAI5F3SjKggZo_fv1q4J1Joi4&amp;_nc_zt=23&amp;_nc_ht=instagram.fwaw9-1.fna&amp;edm=ANo9K5cEAAAA&amp;_nc_gid=aO_x7grQwXiDxhA25DPJ-w&amp;_nc_tpa=Q5bMBQJ9yjKclouIWDcyosViof2ZDq-G93haCbp_ODQceND2cdLNpXYDqX9-4M4CTZwvJeKzql1lC3Q74A&amp;oh=00_AQK3XZRj2ur_fJN1F2YmXCb0nzdYlXG3LrdPDFQTD_j0UA&amp;oe=6AA14750&quot;,&quot;640&quot;:&quot;https:\\\/\\\/instagram.fwaw9-1.fna.fbcdn.net\\\/v\\\/t51.82787-15\\\/784616527_18387789640161372_7895509170007608357_n.jpg?stp=dst-jpg_e35_tt6&amp;_nc_cat=110&amp;ccb=7-5&amp;_nc_sid=18de74&amp;efg=eyJlZmdfdGFnIjoiQ0FST1VTRUxfSVRFTS5iZXN0X2ltYWdlX3VybGdlbi5DMyJ9&amp;_nc_ohc=rm68k_J-sCIQ7kNvwGrY15P&amp;_nc_oc=Adqft3apYE7eULhMtpSQAEnE9KvOkGbuhhDkWzLR4vQAI5F3SjKggZo_fv1q4J1Joi4&amp;_nc_zt=23&amp;_nc_ht=instagram.fwaw9-1.fna&amp;edm=ANo9K5cEAAAA&amp;_nc_gid=aO_x7grQwXiDxhA25DPJ-w&amp;_nc_tpa=Q5bMBQJ9yjKclouIWDcyosViof2ZDq-G93haCbp_ODQceND2cdLNpXYDqX9-4M4CTZwvJeKzql1lC3Q74A&amp;oh=00_AQK3XZRj2ur_fJN1F2YmXCb0nzdYlXG3LrdPDFQTD_j0UA&amp;oe=6AA14750&quot;}\">\n\t\t\t<span class=\"sbi-screenreader\">\ud83c\uddf5\ud83c\uddf9 Kulinarne Wakacje: kierunek Portugalia!   \u2708\ufe0f Co<\/span>\n\t\t\t<svg class=\"svg-inline--fa fa-clone fa-w-16 sbi_lightbox_carousel_icon\" aria-hidden=\"true\" aria-label=\"Clone\" data-fa-pro\u0192cessed=\"\" data-prefix=\"far\" data-icon=\"clone\" role=\"img\" xmlns=\"http:\/\/www.w3.org\/2000\/svg\" viewBox=\"0 0 512 512\">\n                    <path fill=\"currentColor\" d=\"M464 0H144c-26.51 0-48 21.49-48 48v48H48c-26.51 0-48 21.49-48 48v320c0 26.51 21.49 48 48 48h320c26.51 0 48-21.49 48-48v-48h48c26.51 0 48-21.49 48-48V48c0-26.51-21.49-48-48-48zM362 464H54a6 6 0 0 1-6-6V150a6 6 0 0 1 6-6h42v224c0 26.51 21.49 48 48 48h224v42a6 6 0 0 1-6 6zm96-96H150a6 6 0 0 1-6-6V54a6 6 0 0 1 6-6h308a6 6 0 0 1 6 6v308a6 6 0 0 1-6 6z\"><\/path>\n                <\/svg>\t\t\t\t\t\t<img decoding=\"async\" src=\"https:\/\/restauracja.schroniskobukowina.pl\/wp-content\/plugins\/instagram-feed\/img\/placeholder.png\" alt=\"\ud83c\uddf5\ud83c\uddf9 Kulinarne Wakacje: kierunek Portugalia! \n\n\u2708\ufe0f Co dwa tygodnie zabieramy Was do innego zak\u0105tka \u015bwiata, odkrywaj\u0105c kuchni\u0119 kolejnego kraju. Tym razem zatrzymujemy si\u0119 w Portugalii!\n\nOd 26.08 do 08.09 w naszej restauracji spr\u00f3bujecie:\n\n\ud83e\uddaa Mexilh\u00f5es da Casa - ma\u0142\u017ce w kremowym sosie\n\n\ud83e\udd69 Bife \u00e0 Caf\u00e9 - portugalski klasyk, czyli soczysta wo\u0142owina w aromatycznym sosie kawowym\n\n\ud83c\udf70 Bolo de Figos e Am\u00eandoas - wyj\u0105tkowe ciasto z figami i migda\u0142ami\n\nKt\u00f3re danie zabieracie ze sob\u0105 w t\u0119 podr\u00f3\u017c?\n\n\ud83d\udccdRestauracja Schronisko Bukowina \n\n#taktomy\" aria-hidden=\"true\">\n\t\t<\/a>\n\t<\/div>\n<\/div><div class=\"sbi_item sbi_type_video sbi_new sbi_transition\" role=\"listitem\"\n\tid=\"sbi_18100824329255774\" data-date=\"1787667484\">\n\t<div class=\"sbi_photo_wrap\">\n\t\t<a class=\"sbi_photo\" href=\"https:\/\/www.instagram.com\/reel\/Dcd1S23IWI1\/\" target=\"_blank\" rel=\"noopener nofollow\" data-full-res=\"https:\/\/instagram.fwaw3-1.fna.fbcdn.net\/v\/t51.82787-15\/788666272_18388105096161372_5278151974129802570_n.jpg?stp=dst-jpg_e35_tt6&#038;_nc_cat=105&#038;ccb=7-5&#038;_nc_sid=18de74&#038;efg=eyJlZmdfdGFnIjoiQ0xJUFMuYmVzdF9pbWFnZV91cmxnZW4uQzMifQ%3D%3D&#038;_nc_ohc=CSzUvbEep1UQ7kNvwH1GF_I&#038;_nc_oc=AdruBqdGCt837siyYJ1QrOluEUzSAboqKstSYsi8I927HUGzb-c7q-OQEDcQ-CJHlpA&#038;_nc_zt=23&#038;_nc_ht=instagram.fwaw3-1.fna&#038;edm=ANo9K5cEAAAA&#038;_nc_gid=aO_x7grQwXiDxhA25DPJ-w&#038;_nc_tpa=Q5bMBQJD46qp8NjM22sCytFAjOFd4cWEPplMUDlxmu5Oh89pajb6xT0IWCC_87uhbs1fgzVKxIjrCYQGGg&#038;oh=00_AQIrNK3cYBSXFCNbw5CniJjvGN7maw6kN0pzWWvc8jDM3g&#038;oe=6AA152E8\" data-img-src-set=\"{&quot;d&quot;:&quot;https:\\\/\\\/instagram.fwaw3-1.fna.fbcdn.net\\\/v\\\/t51.82787-15\\\/788666272_18388105096161372_5278151974129802570_n.jpg?stp=dst-jpg_e35_tt6&amp;_nc_cat=105&amp;ccb=7-5&amp;_nc_sid=18de74&amp;efg=eyJlZmdfdGFnIjoiQ0xJUFMuYmVzdF9pbWFnZV91cmxnZW4uQzMifQ%3D%3D&amp;_nc_ohc=CSzUvbEep1UQ7kNvwH1GF_I&amp;_nc_oc=AdruBqdGCt837siyYJ1QrOluEUzSAboqKstSYsi8I927HUGzb-c7q-OQEDcQ-CJHlpA&amp;_nc_zt=23&amp;_nc_ht=instagram.fwaw3-1.fna&amp;edm=ANo9K5cEAAAA&amp;_nc_gid=aO_x7grQwXiDxhA25DPJ-w&amp;_nc_tpa=Q5bMBQJD46qp8NjM22sCytFAjOFd4cWEPplMUDlxmu5Oh89pajb6xT0IWCC_87uhbs1fgzVKxIjrCYQGGg&amp;oh=00_AQIrNK3cYBSXFCNbw5CniJjvGN7maw6kN0pzWWvc8jDM3g&amp;oe=6AA152E8&quot;,&quot;150&quot;:&quot;https:\\\/\\\/instagram.fwaw3-1.fna.fbcdn.net\\\/v\\\/t51.82787-15\\\/788666272_18388105096161372_5278151974129802570_n.jpg?stp=dst-jpg_e35_tt6&amp;_nc_cat=105&amp;ccb=7-5&amp;_nc_sid=18de74&amp;efg=eyJlZmdfdGFnIjoiQ0xJUFMuYmVzdF9pbWFnZV91cmxnZW4uQzMifQ%3D%3D&amp;_nc_ohc=CSzUvbEep1UQ7kNvwH1GF_I&amp;_nc_oc=AdruBqdGCt837siyYJ1QrOluEUzSAboqKstSYsi8I927HUGzb-c7q-OQEDcQ-CJHlpA&amp;_nc_zt=23&amp;_nc_ht=instagram.fwaw3-1.fna&amp;edm=ANo9K5cEAAAA&amp;_nc_gid=aO_x7grQwXiDxhA25DPJ-w&amp;_nc_tpa=Q5bMBQJD46qp8NjM22sCytFAjOFd4cWEPplMUDlxmu5Oh89pajb6xT0IWCC_87uhbs1fgzVKxIjrCYQGGg&amp;oh=00_AQIrNK3cYBSXFCNbw5CniJjvGN7maw6kN0pzWWvc8jDM3g&amp;oe=6AA152E8&quot;,&quot;320&quot;:&quot;https:\\\/\\\/instagram.fwaw3-1.fna.fbcdn.net\\\/v\\\/t51.82787-15\\\/788666272_18388105096161372_5278151974129802570_n.jpg?stp=dst-jpg_e35_tt6&amp;_nc_cat=105&amp;ccb=7-5&amp;_nc_sid=18de74&amp;efg=eyJlZmdfdGFnIjoiQ0xJUFMuYmVzdF9pbWFnZV91cmxnZW4uQzMifQ%3D%3D&amp;_nc_ohc=CSzUvbEep1UQ7kNvwH1GF_I&amp;_nc_oc=AdruBqdGCt837siyYJ1QrOluEUzSAboqKstSYsi8I927HUGzb-c7q-OQEDcQ-CJHlpA&amp;_nc_zt=23&amp;_nc_ht=instagram.fwaw3-1.fna&amp;edm=ANo9K5cEAAAA&amp;_nc_gid=aO_x7grQwXiDxhA25DPJ-w&amp;_nc_tpa=Q5bMBQJD46qp8NjM22sCytFAjOFd4cWEPplMUDlxmu5Oh89pajb6xT0IWCC_87uhbs1fgzVKxIjrCYQGGg&amp;oh=00_AQIrNK3cYBSXFCNbw5CniJjvGN7maw6kN0pzWWvc8jDM3g&amp;oe=6AA152E8&quot;,&quot;640&quot;:&quot;https:\\\/\\\/instagram.fwaw3-1.fna.fbcdn.net\\\/v\\\/t51.82787-15\\\/788666272_18388105096161372_5278151974129802570_n.jpg?stp=dst-jpg_e35_tt6&amp;_nc_cat=105&amp;ccb=7-5&amp;_nc_sid=18de74&amp;efg=eyJlZmdfdGFnIjoiQ0xJUFMuYmVzdF9pbWFnZV91cmxnZW4uQzMifQ%3D%3D&amp;_nc_ohc=CSzUvbEep1UQ7kNvwH1GF_I&amp;_nc_oc=AdruBqdGCt837siyYJ1QrOluEUzSAboqKstSYsi8I927HUGzb-c7q-OQEDcQ-CJHlpA&amp;_nc_zt=23&amp;_nc_ht=instagram.fwaw3-1.fna&amp;edm=ANo9K5cEAAAA&amp;_nc_gid=aO_x7grQwXiDxhA25DPJ-w&amp;_nc_tpa=Q5bMBQJD46qp8NjM22sCytFAjOFd4cWEPplMUDlxmu5Oh89pajb6xT0IWCC_87uhbs1fgzVKxIjrCYQGGg&amp;oh=00_AQIrNK3cYBSXFCNbw5CniJjvGN7maw6kN0pzWWvc8jDM3g&amp;oe=6AA152E8&quot;}\">\n\t\t\t<span class=\"sbi-screenreader\">\u26f0\ufe0f B\u0119dziesz w g\u00f3rach? Koniecznie spr\u00f3buj tych 3 da<\/span>\n\t\t\t\t\t\t<svg style=\"color: rgba(255,255,255,1)\" class=\"svg-inline--fa fa-play fa-w-14 sbi_playbtn\" aria-label=\"Play\" aria-hidden=\"true\" data-fa-processed=\"\" data-prefix=\"fa\" data-icon=\"play\" role=\"presentation\" xmlns=\"http:\/\/www.w3.org\/2000\/svg\" viewBox=\"0 0 448 512\"><path fill=\"currentColor\" d=\"M424.4 214.7L72.4 6.6C43.8-10.3 0 6.1 0 47.9V464c0 37.5 40.7 60.1 72.4 41.3l352-208c31.4-18.5 31.5-64.1 0-82.6z\"><\/path><\/svg>\t\t\t<img decoding=\"async\" src=\"https:\/\/restauracja.schroniskobukowina.pl\/wp-content\/plugins\/instagram-feed\/img\/placeholder.png\" alt=\"\u26f0\ufe0f B\u0119dziesz w g\u00f3rach? Koniecznie spr\u00f3buj tych 3 da\u0144!\n\n\u2764\ufe0f To nie tylko jedzenie, to smak g\u00f3r, tradycja i historia przekazywana z pokolenia na pokolenie!\n\n\ud83d\ude0b Kt\u00f3rego dania spr\u00f3bowa\u0142by\u015b jako pierwszego? \n\n\ud83d\udccd Restauracja Schronisko Bukowina\n\n#taktomy\" aria-hidden=\"true\">\n\t\t<\/a>\n\t<\/div>\n<\/div><div class=\"sbi_item sbi_type_video sbi_new sbi_transition\" role=\"listitem\"\n\tid=\"sbi_18092588531120132\" data-date=\"1787131373\">\n\t<div class=\"sbi_photo_wrap\">\n\t\t<a class=\"sbi_photo\" href=\"https:\/\/www.instagram.com\/reel\/DcN2s2eIpwG\/\" target=\"_blank\" rel=\"noopener nofollow\" data-full-res=\"https:\/\/instagram.fwaw3-1.fna.fbcdn.net\/v\/t51.82787-15\/785281349_18387546820161372_2961906163614205362_n.jpg?stp=dst-jpg_e35_tt6&#038;_nc_cat=101&#038;ccb=7-5&#038;_nc_sid=18de74&#038;efg=eyJlZmdfdGFnIjoiQ0xJUFMuYmVzdF9pbWFnZV91cmxnZW4uQzMifQ%3D%3D&#038;_nc_ohc=bxyO4tvTJ00Q7kNvwHT3ESi&#038;_nc_oc=AdrkGCET2VH90LWI9GZHGsfF6VcdYu4JtLUCINLIExidtR3FHZcnwX-KZzoaz-_ZjrY&#038;_nc_zt=23&#038;_nc_ht=instagram.fwaw3-1.fna&#038;edm=ANo9K5cEAAAA&#038;_nc_gid=aO_x7grQwXiDxhA25DPJ-w&#038;_nc_tpa=Q5bMBQLGy_jDshE7c3NzG5Tp8Ajj1gE6M1_vHg-hbMxmoxO4HhReFO15bUIcvYl5Xv-LCQ0h5zm4aL1gMQ&#038;oh=00_AQJ_Y_D9nZgQwSmgWoNny9L3d05_fLSheWKdM1TP9oHW7g&#038;oe=6AA14DD4\" data-img-src-set=\"{&quot;d&quot;:&quot;https:\\\/\\\/instagram.fwaw3-1.fna.fbcdn.net\\\/v\\\/t51.82787-15\\\/785281349_18387546820161372_2961906163614205362_n.jpg?stp=dst-jpg_e35_tt6&amp;_nc_cat=101&amp;ccb=7-5&amp;_nc_sid=18de74&amp;efg=eyJlZmdfdGFnIjoiQ0xJUFMuYmVzdF9pbWFnZV91cmxnZW4uQzMifQ%3D%3D&amp;_nc_ohc=bxyO4tvTJ00Q7kNvwHT3ESi&amp;_nc_oc=AdrkGCET2VH90LWI9GZHGsfF6VcdYu4JtLUCINLIExidtR3FHZcnwX-KZzoaz-_ZjrY&amp;_nc_zt=23&amp;_nc_ht=instagram.fwaw3-1.fna&amp;edm=ANo9K5cEAAAA&amp;_nc_gid=aO_x7grQwXiDxhA25DPJ-w&amp;_nc_tpa=Q5bMBQLGy_jDshE7c3NzG5Tp8Ajj1gE6M1_vHg-hbMxmoxO4HhReFO15bUIcvYl5Xv-LCQ0h5zm4aL1gMQ&amp;oh=00_AQJ_Y_D9nZgQwSmgWoNny9L3d05_fLSheWKdM1TP9oHW7g&amp;oe=6AA14DD4&quot;,&quot;150&quot;:&quot;https:\\\/\\\/instagram.fwaw3-1.fna.fbcdn.net\\\/v\\\/t51.82787-15\\\/785281349_18387546820161372_2961906163614205362_n.jpg?stp=dst-jpg_e35_tt6&amp;_nc_cat=101&amp;ccb=7-5&amp;_nc_sid=18de74&amp;efg=eyJlZmdfdGFnIjoiQ0xJUFMuYmVzdF9pbWFnZV91cmxnZW4uQzMifQ%3D%3D&amp;_nc_ohc=bxyO4tvTJ00Q7kNvwHT3ESi&amp;_nc_oc=AdrkGCET2VH90LWI9GZHGsfF6VcdYu4JtLUCINLIExidtR3FHZcnwX-KZzoaz-_ZjrY&amp;_nc_zt=23&amp;_nc_ht=instagram.fwaw3-1.fna&amp;edm=ANo9K5cEAAAA&amp;_nc_gid=aO_x7grQwXiDxhA25DPJ-w&amp;_nc_tpa=Q5bMBQLGy_jDshE7c3NzG5Tp8Ajj1gE6M1_vHg-hbMxmoxO4HhReFO15bUIcvYl5Xv-LCQ0h5zm4aL1gMQ&amp;oh=00_AQJ_Y_D9nZgQwSmgWoNny9L3d05_fLSheWKdM1TP9oHW7g&amp;oe=6AA14DD4&quot;,&quot;320&quot;:&quot;https:\\\/\\\/instagram.fwaw3-1.fna.fbcdn.net\\\/v\\\/t51.82787-15\\\/785281349_18387546820161372_2961906163614205362_n.jpg?stp=dst-jpg_e35_tt6&amp;_nc_cat=101&amp;ccb=7-5&amp;_nc_sid=18de74&amp;efg=eyJlZmdfdGFnIjoiQ0xJUFMuYmVzdF9pbWFnZV91cmxnZW4uQzMifQ%3D%3D&amp;_nc_ohc=bxyO4tvTJ00Q7kNvwHT3ESi&amp;_nc_oc=AdrkGCET2VH90LWI9GZHGsfF6VcdYu4JtLUCINLIExidtR3FHZcnwX-KZzoaz-_ZjrY&amp;_nc_zt=23&amp;_nc_ht=instagram.fwaw3-1.fna&amp;edm=ANo9K5cEAAAA&amp;_nc_gid=aO_x7grQwXiDxhA25DPJ-w&amp;_nc_tpa=Q5bMBQLGy_jDshE7c3NzG5Tp8Ajj1gE6M1_vHg-hbMxmoxO4HhReFO15bUIcvYl5Xv-LCQ0h5zm4aL1gMQ&amp;oh=00_AQJ_Y_D9nZgQwSmgWoNny9L3d05_fLSheWKdM1TP9oHW7g&amp;oe=6AA14DD4&quot;,&quot;640&quot;:&quot;https:\\\/\\\/instagram.fwaw3-1.fna.fbcdn.net\\\/v\\\/t51.82787-15\\\/785281349_18387546820161372_2961906163614205362_n.jpg?stp=dst-jpg_e35_tt6&amp;_nc_cat=101&amp;ccb=7-5&amp;_nc_sid=18de74&amp;efg=eyJlZmdfdGFnIjoiQ0xJUFMuYmVzdF9pbWFnZV91cmxnZW4uQzMifQ%3D%3D&amp;_nc_ohc=bxyO4tvTJ00Q7kNvwHT3ESi&amp;_nc_oc=AdrkGCET2VH90LWI9GZHGsfF6VcdYu4JtLUCINLIExidtR3FHZcnwX-KZzoaz-_ZjrY&amp;_nc_zt=23&amp;_nc_ht=instagram.fwaw3-1.fna&amp;edm=ANo9K5cEAAAA&amp;_nc_gid=aO_x7grQwXiDxhA25DPJ-w&amp;_nc_tpa=Q5bMBQLGy_jDshE7c3NzG5Tp8Ajj1gE6M1_vHg-hbMxmoxO4HhReFO15bUIcvYl5Xv-LCQ0h5zm4aL1gMQ&amp;oh=00_AQJ_Y_D9nZgQwSmgWoNny9L3d05_fLSheWKdM1TP9oHW7g&amp;oe=6AA14DD4&quot;}\">\n\t\t\t<span class=\"sbi-screenreader\">\ud83d\ude0d Gdyby tak dania z naszego menu trafi\u0142y dzi\u015b pros<\/span>\n\t\t\t\t\t\t<svg style=\"color: rgba(255,255,255,1)\" class=\"svg-inline--fa fa-play fa-w-14 sbi_playbtn\" aria-label=\"Play\" aria-hidden=\"true\" data-fa-processed=\"\" data-prefix=\"fa\" data-icon=\"play\" role=\"presentation\" xmlns=\"http:\/\/www.w3.org\/2000\/svg\" viewBox=\"0 0 448 512\"><path fill=\"currentColor\" d=\"M424.4 214.7L72.4 6.6C43.8-10.3 0 6.1 0 47.9V464c0 37.5 40.7 60.1 72.4 41.3l352-208c31.4-18.5 31.5-64.1 0-82.6z\"><\/path><\/svg>\t\t\t<img decoding=\"async\" src=\"https:\/\/restauracja.schroniskobukowina.pl\/wp-content\/plugins\/instagram-feed\/img\/placeholder.png\" alt=\"\ud83d\ude0d Gdyby tak dania z naszego menu trafi\u0142y dzi\u015b prosto na Wasz st\u00f3\u0142?\n\n\ud83e\ude75 Zam\u00f3w i ciesz si\u0119 smakiem Schroniska Bukowina, gdziekolwiek jeste\u015b! \n\n\ud83d\udc49 schroniskobukowina.pl\nWybierz co\u015b pysznego na dzisiejszy obiad! \n\n#taktomy\" aria-hidden=\"true\">\n\t\t<\/a>\n\t<\/div>\n<\/div>\t<\/div>\n\n\t<div id=\"sbi_load\" >\n\n\t<div class=\"sbi-screenreader\" aria-live=\"polite\" aria-atomic=\"true\" data-sbi-feed-status><\/div>\n\n\t\t\t<button class=\"sbi_load_btn\"\n\t\t\ttype=\"button\" >\n\t\t\t<span class=\"sbi_btn_text\" >Na\u010d\u00edta\u0165 viac<\/span>\n\t\t\t<span class=\"sbi_loader sbi_hidden\" style=\"background-color: rgb(255, 255, 255);\" aria-hidden=\"true\"><\/span>\n\t\t<\/button>\n\t\n\t\t\t<span class=\"sbi_follow_btn sbi_custom\" >\n\t\t\t<a target=\"_blank\" rel=\"nofollow noopener\" href=\"https:\/\/www.instagram.com\/schroniskobukowina\/\" style=\"background: rgb(64,139,209);\">\n\t\t\t\t<svg class=\"svg-inline--fa fa-instagram fa-w-14\" aria-hidden=\"true\" data-fa-processed=\"\" aria-label=\"Instagram\" data-prefix=\"fab\" data-icon=\"instagram\" role=\"img\" viewBox=\"0 0 448 512\">\n                    <path fill=\"currentColor\" d=\"M224.1 141c-63.6 0-114.9 51.3-114.9 114.9s51.3 114.9 114.9 114.9S339 319.5 339 255.9 287.7 141 224.1 141zm0 189.6c-41.1 0-74.7-33.5-74.7-74.7s33.5-74.7 74.7-74.7 74.7 33.5 74.7 74.7-33.6 74.7-74.7 74.7zm146.4-194.3c0 14.9-12 26.8-26.8 26.8-14.9 0-26.8-12-26.8-26.8s12-26.8 26.8-26.8 26.8 12 26.8 26.8zm76.1 27.2c-1.7-35.9-9.9-67.7-36.2-93.9-26.2-26.2-58-34.4-93.9-36.2-37-2.1-147.9-2.1-184.9 0-35.8 1.7-67.6 9.9-93.9 36.1s-34.4 58-36.2 93.9c-2.1 37-2.1 147.9 0 184.9 1.7 35.9 9.9 67.7 36.2 93.9s58 34.4 93.9 36.2c37 2.1 147.9 2.1 184.9 0 35.9-1.7 67.7-9.9 93.9-36.2 26.2-26.2 34.4-58 36.2-93.9 2.1-37 2.1-147.8 0-184.8zM398.8 388c-7.8 19.6-22.9 34.7-42.6 42.6-29.5 11.7-99.5 9-132.1 9s-102.7 2.6-132.1-9c-19.6-7.8-34.7-22.9-42.6-42.6-11.7-29.5-9-99.5-9-132.1s-2.6-102.7 9-132.1c7.8-19.6 22.9-34.7 42.6-42.6 29.5-11.7 99.5-9 132.1-9s102.7-2.6 132.1 9c19.6 7.8 34.7 22.9 42.6 42.6 11.7 29.5 9 99.5 9 132.1s2.7 102.7-9 132.1z\"><\/path>\n                <\/svg>\t\t\t\t<span>Sledujte na Instagrame<\/span>\n\t\t\t<\/a>\n\t\t<\/span>\n\t\n<\/div>\n\t\t<span class=\"sbi_resized_image_data\" data-feed-id=\"*1\"\n\t\t  data-resized=\"{&quot;18092588531120132&quot;:{&quot;id&quot;:&quot;778236502_4595963360637921_30585920194284409_n&quot;,&quot;ratio&quot;:&quot;0.56&quot;,&quot;sizes&quot;:{&quot;full&quot;:640,&quot;low&quot;:320,&quot;thumb&quot;:150},&quot;extension&quot;:&quot;.webp&quot;},&quot;18100824329255774&quot;:{&quot;id&quot;:&quot;782413368_4559132237694390_3748672647991610975_n&quot;,&quot;ratio&quot;:&quot;0.56&quot;,&quot;sizes&quot;:{&quot;full&quot;:640,&quot;low&quot;:320,&quot;thumb&quot;:150},&quot;extension&quot;:&quot;.webp&quot;},&quot;18074797295394322&quot;:{&quot;id&quot;:&quot;784616527_18387789640161372_7895509170007608357_n&quot;,&quot;ratio&quot;:&quot;0.75&quot;,&quot;sizes&quot;:{&quot;full&quot;:640,&quot;low&quot;:320,&quot;thumb&quot;:150},&quot;extension&quot;:&quot;.webp&quot;},&quot;17943412764326393&quot;:{&quot;id&quot;:&quot;785146342_18387898024161372_8866013797453679023_n&quot;,&quot;ratio&quot;:&quot;0.56&quot;,&quot;sizes&quot;:{&quot;full&quot;:640,&quot;low&quot;:320,&quot;thumb&quot;:150},&quot;extension&quot;:&quot;.webp&quot;},&quot;18424624330196138&quot;:{&quot;id&quot;:&quot;787698423_1510260207453338_8225651473824421116_n&quot;,&quot;ratio&quot;:&quot;0.56&quot;,&quot;sizes&quot;:{&quot;full&quot;:640,&quot;low&quot;:320,&quot;thumb&quot;:150},&quot;extension&quot;:&quot;.webp&quot;},&quot;17898624651574554&quot;:{&quot;id&quot;:&quot;792029648_18388840255161372_6937077926694621572_n&quot;,&quot;ratio&quot;:&quot;0.56&quot;,&quot;sizes&quot;:{&quot;full&quot;:640,&quot;low&quot;:320,&quot;thumb&quot;:150},&quot;extension&quot;:&quot;.webp&quot;}}\">\n\t<\/span>\n\t<\/div>\n\n\t<style type=\"text\/css\">\n\t\t\t\t\t\t\t\t\t\t\t\t\t<\/style>\n\t\n        <\/div>\n\n    <\/div>\n\n<\/div>\n<p class=\"wp-block-paragraph\"><\/p>\n","protected":false},"excerpt":{"rendered":"","protected":false},"author":2,"featured_media":0,"parent":0,"menu_order":0,"comment_status":"closed","ping_status":"closed","template":"","meta":{"_acf_changed":false,"footnotes":""},"class_list":["post-2363","page","type-page","status-publish","hentry"],"acf":[],"_links":{"self":[{"href":"https:\/\/restauracja.schroniskobukowina.pl\/sk\/wp-json\/wp\/v2\/pages\/2363","targetHints":{"allow":["GET"]}}],"collection":[{"href":"https:\/\/restauracja.schroniskobukowina.pl\/sk\/wp-json\/wp\/v2\/pages"}],"about":[{"href":"https:\/\/restauracja.schroniskobukowina.pl\/sk\/wp-json\/wp\/v2\/types\/page"}],"author":[{"embeddable":true,"href":"https:\/\/restauracja.schroniskobukowina.pl\/sk\/wp-json\/wp\/v2\/users\/2"}],"replies":[{"embeddable":true,"href":"https:\/\/restauracja.schroniskobukowina.pl\/sk\/wp-json\/wp\/v2\/comments?post=2363"}],"version-history":[{"count":4,"href":"https:\/\/restauracja.schroniskobukowina.pl\/sk\/wp-json\/wp\/v2\/pages\/2363\/revisions"}],"predecessor-version":[{"id":3356,"href":"https:\/\/restauracja.schroniskobukowina.pl\/sk\/wp-json\/wp\/v2\/pages\/2363\/revisions\/3356"}],"wp:attachment":[{"href":"https:\/\/restauracja.schroniskobukowina.pl\/sk\/wp-json\/wp\/v2\/media?parent=2363"}],"curies":[{"name":"wp","href":"https:\/\/api.w.org\/{rel}","templated":true}]}}