{"id":2285,"date":"2024-12-03T17:00:47","date_gmt":"2024-12-03T17:00:47","guid":{"rendered":"https:\/\/restauracja.schroniskobukowina.pl\/galeria-jedal\/"},"modified":"2026-02-26T16:46:49","modified_gmt":"2026-02-26T16:46:49","slug":"galeria-jedal","status":"publish","type":"page","link":"https:\/\/restauracja.schroniskobukowina.pl\/sk\/galeria-jedal\/","title":{"rendered":"Gal\u00e9ria jed\u00e1l"},"content":{"rendered":"\n<section class=\"content-text\">\n\n    <div class=\"container content-text__container\">\n\n        \n\n    <div class=\"section-header\" data-aos=\"fade-up\">\n\n        <div class=\"section-header__content\">\n\n            <header class=\"section-header__headerbox\">\n\n                \n                    <span class=\"section-header__tag\">Menu<\/span>\n\n                \n                <h2 class=\"section-header__header\">Gal\u00e9ria jed\u00e1l z menu<\/h2>\n\n            <\/header>\n\n            \n                <p class=\"section-header__desc\">Na\u0161e jedl\u00e1 vyzeraj\u00fa tak dobre, ako chutia. N\u00e1v\u0161teva Schroniska Bukowina je hostinou nielen pre chu\u0165ov\u00e9 poh\u00e1riky, ale aj pre o\u010di. <\/p>\n\n            \n\n            \n            \n        <\/div>\n\n    <\/div>\n\n\n        \n        \n\n    <\/div>\n\n<\/section>\n<section class=\"content-menu\">\n\n    <div class=\"container content-menu__container\">\n\n        <ul class=\"nav nav-tabs content-menu__tabs\" id=\"menuTab\" role=\"tablist\">\n            <li class=\"nav-item\" role=\"presentation\">\n                <a class=\"nav-link content-menu__button active\"\n                   id=\"wszystkie-tab\"\n                   data-bs-toggle=\"tab\"\n                   href=\"#wszystkie\"\n                   role=\"tab\"\n                   aria-controls=\"wszystkie\"\n                   aria-selected=\"true\">Wszystkie<\/a>\n            <\/li>\n\n                                <li class=\"nav-item\" role=\"presentation\">\n                        <a class=\"nav-link content-menu__button\"\n                           id=\"kategoria-kulinarske-prazdniny-tab\"\n                           data-bs-toggle=\"tab\"\n                           href=\"#kategoria-kulinarske-prazdniny\"\n                           role=\"tab\"\n                           aria-controls=\"kategoria-kulinarske-prazdniny\"\n                           aria-selected=\"false\">Kulin\u00e1rske pr\u00e1zdniny<\/a>\n                    <\/li>\n                                <li class=\"nav-item\" role=\"presentation\">\n                        <a class=\"nav-link content-menu__button\"\n                           id=\"kategoria-novinky-tab\"\n                           data-bs-toggle=\"tab\"\n                           href=\"#kategoria-novinky\"\n                           role=\"tab\"\n                           aria-controls=\"kategoria-novinky\"\n                           aria-selected=\"false\">Novinky!<\/a>\n                    <\/li>\n                                <li class=\"nav-item\" role=\"presentation\">\n                        <a class=\"nav-link content-menu__button\"\n                           id=\"kategoria-polievky-tab\"\n                           data-bs-toggle=\"tab\"\n                           href=\"#kategoria-polievky\"\n                           role=\"tab\"\n                           aria-controls=\"kategoria-polievky\"\n                           aria-selected=\"false\">Polievky<\/a>\n                    <\/li>\n                                <li class=\"nav-item\" role=\"presentation\">\n                        <a class=\"nav-link content-menu__button\"\n                           id=\"kategoria-salaty-2-tab\"\n                           data-bs-toggle=\"tab\"\n                           href=\"#kategoria-salaty-2\"\n                           role=\"tab\"\n                           aria-controls=\"kategoria-salaty-2\"\n                           aria-selected=\"false\">Sal\u00e1ty<\/a>\n                    <\/li>\n                                <li class=\"nav-item\" role=\"presentation\">\n                        <a class=\"nav-link content-menu__button\"\n                           id=\"kategoria-steaky-tab\"\n                           data-bs-toggle=\"tab\"\n                           href=\"#kategoria-steaky\"\n                           role=\"tab\"\n                           aria-controls=\"kategoria-steaky\"\n                           aria-selected=\"false\">Steaky<\/a>\n                    <\/li>\n                                <li class=\"nav-item\" role=\"presentation\">\n                        <a class=\"nav-link content-menu__button\"\n                           id=\"kategoria-burgery-2-tab\"\n                           data-bs-toggle=\"tab\"\n                           href=\"#kategoria-burgery-2\"\n                           role=\"tab\"\n                           aria-controls=\"kategoria-burgery-2\"\n                           aria-selected=\"false\">Burgery<\/a>\n                    <\/li>\n                                <li class=\"nav-item\" role=\"presentation\">\n                        <a class=\"nav-link content-menu__button\"\n                           id=\"kategoria-extra-tab\"\n                           data-bs-toggle=\"tab\"\n                           href=\"#kategoria-extra\"\n                           role=\"tab\"\n                           aria-controls=\"kategoria-extra\"\n                           aria-selected=\"false\">Extra<\/a>\n                    <\/li>\n                                <li class=\"nav-item\" role=\"presentation\">\n                        <a class=\"nav-link content-menu__button\"\n                           id=\"kategoria-detske-menu-tab\"\n                           data-bs-toggle=\"tab\"\n                           href=\"#kategoria-detske-menu\"\n                           role=\"tab\"\n                           aria-controls=\"kategoria-detske-menu\"\n                           aria-selected=\"false\">Detsk\u00e9 menu<\/a>\n                    <\/li>\n                                <li class=\"nav-item\" role=\"presentation\">\n                        <a class=\"nav-link content-menu__button\"\n                           id=\"kategoria-dezerty-tab\"\n                           data-bs-toggle=\"tab\"\n                           href=\"#kategoria-dezerty\"\n                           role=\"tab\"\n                           aria-controls=\"kategoria-dezerty\"\n                           aria-selected=\"false\">Dezerty<\/a>\n                    <\/li>\n                                <li class=\"nav-item\" role=\"presentation\">\n                        <a class=\"nav-link content-menu__button\"\n                           id=\"kategoria-novy-tab\"\n                           data-bs-toggle=\"tab\"\n                           href=\"#kategoria-novy\"\n                           role=\"tab\"\n                           aria-controls=\"kategoria-novy\"\n                           aria-selected=\"false\">Nov\u00fd<\/a>\n                    <\/li>\n                                <li class=\"nav-item\" role=\"presentation\">\n                        <a class=\"nav-link content-menu__button\"\n                           id=\"kategoria-hlavne-jedla-tab\"\n                           data-bs-toggle=\"tab\"\n                           href=\"#kategoria-hlavne-jedla\"\n                           role=\"tab\"\n                           aria-controls=\"kategoria-hlavne-jedla\"\n                           aria-selected=\"false\">Hlavn\u00e9 jedl\u00e1<\/a>\n                    <\/li>\n                                <li class=\"nav-item\" role=\"presentation\">\n                        <a class=\"nav-link content-menu__button\"\n                           id=\"kategoria-predjedla-tab\"\n                           data-bs-toggle=\"tab\"\n                           href=\"#kategoria-predjedla\"\n                           role=\"tab\"\n                           aria-controls=\"kategoria-predjedla\"\n                           aria-selected=\"false\">Predjedl\u00e1<\/a>\n                    <\/li>\n                    <\/ul>\n\n        <div class=\"tab-content content-menu__content\" id=\"menuTabContent\">\n            <div class=\"tab-pane content-menu__panel fade show active\"\n                 id=\"wszystkie\"\n                 role=\"tabpanel\"\n                 aria-labelledby=\"wszystkie-tab\"\n                 tabindex=\"0\">\n                \n<div class=\"item-gallery\" data-aos=\"fade-up\">\n\n    <div class=\"item-gallery__imagebox\">\n\n        <img loading=\"lazy\" decoding=\"async\" width=\"1024\" height=\"576\" src=\"https:\/\/restauracja.schroniskobukowina.pl\/wp-content\/uploads\/2026\/07\/menu-aktualnosci-www-restauracja-1.png\" class=\"item-gallery__image wp-post-image\" alt=\"\" srcset=\"https:\/\/restauracja.schroniskobukowina.pl\/wp-content\/uploads\/2026\/07\/menu-aktualnosci-www-restauracja-1.png 1024w, https:\/\/restauracja.schroniskobukowina.pl\/wp-content\/uploads\/2026\/07\/menu-aktualnosci-www-restauracja-1-300x169.png 300w, https:\/\/restauracja.schroniskobukowina.pl\/wp-content\/uploads\/2026\/07\/menu-aktualnosci-www-restauracja-1-768x432.png 768w\" sizes=\"auto, (max-width: 1024px) 100vw, 1024px\" \/>\n    <\/div>\n\n\n    <div class=\"item-gallery__content\">\n\n        <div class=\"item-gallery__namebox\">\n\n            <h3 class=\"item-gallery__header\">Bolo de Figos e Am\u00eandoa<\/h3>\n\n            <div class=\"item-gallery__desc\">\n\n                \n<p class=\"wp-block-paragraph\">mand\u013eov\u00fd kol\u00e1\u010d s figami | figy karamelizovan\u00e9 v portskom v\u00edne | pr\u00edrodn\u00fd jogurt | vanilka<\/p>\n\n<p class=\"wp-block-paragraph\"><\/p>\n\n            <\/div>\n\n        <\/div>\n\n        <div class=\"item-gallery__price\">\n\n            <span>\n\n                32 PLN\n            <\/span>\n\n        <\/div>\n\n    <\/div>\n\n<\/div>\n<div class=\"item-gallery\" data-aos=\"fade-up\">\n\n    <div class=\"item-gallery__imagebox\">\n\n        <img loading=\"lazy\" decoding=\"async\" width=\"1024\" height=\"576\" src=\"https:\/\/restauracja.schroniskobukowina.pl\/wp-content\/uploads\/2026\/07\/menu-aktualnosci-www-restauracja-8.png\" class=\"item-gallery__image wp-post-image\" alt=\"\" srcset=\"https:\/\/restauracja.schroniskobukowina.pl\/wp-content\/uploads\/2026\/07\/menu-aktualnosci-www-restauracja-8.png 1024w, https:\/\/restauracja.schroniskobukowina.pl\/wp-content\/uploads\/2026\/07\/menu-aktualnosci-www-restauracja-8-300x169.png 300w, https:\/\/restauracja.schroniskobukowina.pl\/wp-content\/uploads\/2026\/07\/menu-aktualnosci-www-restauracja-8-768x432.png 768w\" sizes=\"auto, (max-width: 1024px) 100vw, 1024px\" \/>\n    <\/div>\n\n\n    <div class=\"item-gallery__content\">\n\n        <div class=\"item-gallery__namebox\">\n\n            <h3 class=\"item-gallery__header\">Bife \u00e0 Caf\u00e9<\/h3>\n\n            <div class=\"item-gallery__desc\">\n\n                \n<p class=\"wp-block-paragraph\">steak z hov\u00e4dzej svie\u010dkovice | espresso\u2013porto om\u00e1\u010dka | cesnakov\u00e9 maslo | Jam\u00f3n Ib\u00e9rico | fazu\u013eka na masle | hrianky<\/p>\n\n<p class=\"wp-block-paragraph\"><\/p>\n\n            <\/div>\n\n        <\/div>\n\n        <div class=\"item-gallery__price\">\n\n            <span>\n\n                119 PLN\n            <\/span>\n\n        <\/div>\n\n    <\/div>\n\n<\/div>\n<div class=\"item-gallery\" data-aos=\"fade-up\">\n\n    <div class=\"item-gallery__imagebox\">\n\n        <img loading=\"lazy\" decoding=\"async\" width=\"1707\" height=\"2560\" src=\"https:\/\/restauracja.schroniskobukowina.pl\/wp-content\/uploads\/2026\/07\/DSC5117-scaled.jpg\" class=\"item-gallery__image wp-post-image\" alt=\"\" srcset=\"https:\/\/restauracja.schroniskobukowina.pl\/wp-content\/uploads\/2026\/07\/DSC5117-scaled.jpg 1707w, https:\/\/restauracja.schroniskobukowina.pl\/wp-content\/uploads\/2026\/07\/DSC5117-200x300.jpg 200w, https:\/\/restauracja.schroniskobukowina.pl\/wp-content\/uploads\/2026\/07\/DSC5117-683x1024.jpg 683w, https:\/\/restauracja.schroniskobukowina.pl\/wp-content\/uploads\/2026\/07\/DSC5117-768x1152.jpg 768w, https:\/\/restauracja.schroniskobukowina.pl\/wp-content\/uploads\/2026\/07\/DSC5117-1024x1536.jpg 1024w, https:\/\/restauracja.schroniskobukowina.pl\/wp-content\/uploads\/2026\/07\/DSC5117-1365x2048.jpg 1365w\" sizes=\"auto, (max-width: 1707px) 100vw, 1707px\" \/>\n    <\/div>\n\n\n    <div class=\"item-gallery__content\">\n\n        <div class=\"item-gallery__namebox\">\n\n            <h3 class=\"item-gallery__header\">Dom\u00e1ce mu\u0161le<\/h3>\n\n            <div class=\"item-gallery__desc\">\n\n                \n<p class=\"wp-block-paragraph\">mu\u0161le | kr\u00e9mov\u00e1 om\u00e1\u010dka z bieleho v\u00edna a smotany | cesnak | koriander | pe\u010divo <\/p>\n\n<p class=\"wp-block-paragraph\"><\/p>\n\n            <\/div>\n\n        <\/div>\n\n        <div class=\"item-gallery__price\">\n\n            <span>\n\n                48 PLN\n            <\/span>\n\n        <\/div>\n\n    <\/div>\n\n<\/div>\n<div class=\"item-gallery\" data-aos=\"fade-up\">\n\n    <div class=\"item-gallery__imagebox\">\n\n        <img loading=\"lazy\" decoding=\"async\" width=\"2560\" height=\"1707\" src=\"https:\/\/restauracja.schroniskobukowina.pl\/wp-content\/uploads\/2026\/06\/DSC3972-1-scaled.jpg\" class=\"item-gallery__image wp-post-image\" alt=\"\" srcset=\"https:\/\/restauracja.schroniskobukowina.pl\/wp-content\/uploads\/2026\/06\/DSC3972-1-scaled.jpg 2560w, https:\/\/restauracja.schroniskobukowina.pl\/wp-content\/uploads\/2026\/06\/DSC3972-1-300x200.jpg 300w, https:\/\/restauracja.schroniskobukowina.pl\/wp-content\/uploads\/2026\/06\/DSC3972-1-1024x683.jpg 1024w, https:\/\/restauracja.schroniskobukowina.pl\/wp-content\/uploads\/2026\/06\/DSC3972-1-768x512.jpg 768w, https:\/\/restauracja.schroniskobukowina.pl\/wp-content\/uploads\/2026\/06\/DSC3972-1-1536x1024.jpg 1536w, https:\/\/restauracja.schroniskobukowina.pl\/wp-content\/uploads\/2026\/06\/DSC3972-1-2048x1365.jpg 2048w\" sizes=\"auto, (max-width: 2560px) 100vw, 2560px\" \/>\n    <\/div>\n\n\n    <div class=\"item-gallery__content\">\n\n        <div class=\"item-gallery__namebox\">\n\n            <h3 class=\"item-gallery__header\">Tatry z bielej \u010dokol\u00e1dy a pist\u00e1ci\u00ed<\/h3>\n\n            <div class=\"item-gallery__desc\">\n\n                \n<p class=\"wp-block-paragraph\">\u010du\u010doriedkov\u00e9 \u017eel\u00e9 | krehk\u00fd z\u00e1klad z mlie\u010dnej \u010dokol\u00e1dy<\/p>\n\n            <\/div>\n\n        <\/div>\n\n        <div class=\"item-gallery__price\">\n\n            <span>\n\n                32 PLN\n            <\/span>\n\n        <\/div>\n\n    <\/div>\n\n<\/div>\n<div class=\"item-gallery\" data-aos=\"fade-up\">\n\n    <div class=\"item-gallery__imagebox\">\n\n        <img loading=\"lazy\" decoding=\"async\" width=\"1024\" height=\"576\" src=\"https:\/\/restauracja.schroniskobukowina.pl\/wp-content\/uploads\/2026\/06\/deser-porzeczkowy.png\" class=\"item-gallery__image wp-post-image\" alt=\"\" srcset=\"https:\/\/restauracja.schroniskobukowina.pl\/wp-content\/uploads\/2026\/06\/deser-porzeczkowy.png 1024w, https:\/\/restauracja.schroniskobukowina.pl\/wp-content\/uploads\/2026\/06\/deser-porzeczkowy-300x169.png 300w, https:\/\/restauracja.schroniskobukowina.pl\/wp-content\/uploads\/2026\/06\/deser-porzeczkowy-768x432.png 768w\" sizes=\"auto, (max-width: 1024px) 100vw, 1024px\" \/>\n    <\/div>\n\n\n    <div class=\"item-gallery__content\">\n\n        <div class=\"item-gallery__namebox\">\n\n            <h3 class=\"item-gallery__header\">Mus z \u010diernych r\u00edbezl\u00ed<\/h3>\n\n            <div class=\"item-gallery__desc\">\n\n                \n<p class=\"wp-block-paragraph\">vanilkov\u00fd kr\u00e9m | maslov\u00fd sabl\u00e9 z\u00e1klad<\/p>\n\n            <\/div>\n\n        <\/div>\n\n        <div class=\"item-gallery__price\">\n\n            <span>\n\n                32 PLN\n            <\/span>\n\n        <\/div>\n\n    <\/div>\n\n<\/div>\n<div class=\"item-gallery\" data-aos=\"fade-up\">\n\n    <div class=\"item-gallery__imagebox\">\n\n        <img loading=\"lazy\" decoding=\"async\" width=\"1024\" height=\"865\" src=\"https:\/\/restauracja.schroniskobukowina.pl\/wp-content\/uploads\/2026\/05\/Galeria-dan-www-i-aktualnosci-appka-16.png\" class=\"item-gallery__image wp-post-image\" alt=\"\" srcset=\"https:\/\/restauracja.schroniskobukowina.pl\/wp-content\/uploads\/2026\/05\/Galeria-dan-www-i-aktualnosci-appka-16.png 1024w, https:\/\/restauracja.schroniskobukowina.pl\/wp-content\/uploads\/2026\/05\/Galeria-dan-www-i-aktualnosci-appka-16-300x253.png 300w, https:\/\/restauracja.schroniskobukowina.pl\/wp-content\/uploads\/2026\/05\/Galeria-dan-www-i-aktualnosci-appka-16-768x649.png 768w\" sizes=\"auto, (max-width: 1024px) 100vw, 1024px\" \/>\n    <\/div>\n\n\n    <div class=\"item-gallery__content\">\n\n        <div class=\"item-gallery__namebox\">\n\n            <h3 class=\"item-gallery__header\">Polovica pe\u010denej ka\u010dice<\/h3>\n\n            <div class=\"item-gallery__desc\">\n\n                \n<p class=\"wp-block-paragraph\">\u010derven\u00e1 kapusta dusen\u00e1 v \u010dervenom v\u00edne | om\u00e1\u010dka s vi\u0161\u0148ou a jablkom<\/p>\n\n            <\/div>\n\n        <\/div>\n\n        <div class=\"item-gallery__price\">\n\n            <span>\n\n                79 PLN\n            <\/span>\n\n        <\/div>\n\n    <\/div>\n\n<\/div>\n<div class=\"item-gallery\" data-aos=\"fade-up\">\n\n    <div class=\"item-gallery__imagebox\">\n\n        <img loading=\"lazy\" decoding=\"async\" width=\"1024\" height=\"865\" src=\"https:\/\/restauracja.schroniskobukowina.pl\/wp-content\/uploads\/2026\/05\/Galeria-dan-www-i-aktualnosci-appka-2.png\" class=\"item-gallery__image wp-post-image\" alt=\"\" srcset=\"https:\/\/restauracja.schroniskobukowina.pl\/wp-content\/uploads\/2026\/05\/Galeria-dan-www-i-aktualnosci-appka-2.png 1024w, https:\/\/restauracja.schroniskobukowina.pl\/wp-content\/uploads\/2026\/05\/Galeria-dan-www-i-aktualnosci-appka-2-300x253.png 300w, https:\/\/restauracja.schroniskobukowina.pl\/wp-content\/uploads\/2026\/05\/Galeria-dan-www-i-aktualnosci-appka-2-768x649.png 768w\" sizes=\"auto, (max-width: 1024px) 100vw, 1024px\" \/>\n    <\/div>\n\n\n    <div class=\"item-gallery__content\">\n\n        <div class=\"item-gallery__namebox\">\n\n            <h3 class=\"item-gallery__header\">Oscypek<\/h3>\n\n            <div class=\"item-gallery__desc\">\n\n                \n<p class=\"wp-block-paragraph\">brusnica | \u010dierna r\u00edbez\u013ea | \u010dernica<\/p>\n\n            <\/div>\n\n        <\/div>\n\n        <div class=\"item-gallery__price\">\n\n            <span>\n\n                47 PLN\n            <\/span>\n\n        <\/div>\n\n    <\/div>\n\n<\/div>\n<div class=\"item-gallery\" data-aos=\"fade-up\">\n\n    <div class=\"item-gallery__imagebox\">\n\n        <img loading=\"lazy\" decoding=\"async\" width=\"1024\" height=\"865\" src=\"https:\/\/restauracja.schroniskobukowina.pl\/wp-content\/uploads\/2026\/02\/Galeria-dan-www-i-aktualnosci-appka-13.png\" class=\"item-gallery__image wp-post-image\" alt=\"\" srcset=\"https:\/\/restauracja.schroniskobukowina.pl\/wp-content\/uploads\/2026\/02\/Galeria-dan-www-i-aktualnosci-appka-13.png 1024w, https:\/\/restauracja.schroniskobukowina.pl\/wp-content\/uploads\/2026\/02\/Galeria-dan-www-i-aktualnosci-appka-13-300x253.png 300w, https:\/\/restauracja.schroniskobukowina.pl\/wp-content\/uploads\/2026\/02\/Galeria-dan-www-i-aktualnosci-appka-13-768x649.png 768w\" sizes=\"auto, (max-width: 1024px) 100vw, 1024px\" \/>\n    <\/div>\n\n\n    <div class=\"item-gallery__content\">\n\n        <div class=\"item-gallery__namebox\">\n\n            <h3 class=\"item-gallery__header\">Burrata<\/h3>\n\n            <div class=\"item-gallery__desc\">\n\n                \n<p class=\"wp-block-paragraph\">bakla\u017e\u00e1n z oh\u0148a | hummus | paradajkov\u00e1 salsa | \u010dierny cesnak | tahini dresing s yuzu<\/p>\n\n<p class=\"wp-block-paragraph\"><br\/><\/p>\n\n<p class=\"wp-block-paragraph\"><\/p>\n\n            <\/div>\n\n        <\/div>\n\n        <div class=\"item-gallery__price\">\n\n            <span>\n\n                54 PLN\n            <\/span>\n\n        <\/div>\n\n    <\/div>\n\n<\/div>\n<div class=\"item-gallery\" data-aos=\"fade-up\">\n\n    <div class=\"item-gallery__imagebox\">\n\n        <img loading=\"lazy\" decoding=\"async\" width=\"1024\" height=\"865\" src=\"https:\/\/restauracja.schroniskobukowina.pl\/wp-content\/uploads\/2025\/02\/makaron-pistacjowy.png\" class=\"item-gallery__image wp-post-image\" alt=\"\" srcset=\"https:\/\/restauracja.schroniskobukowina.pl\/wp-content\/uploads\/2025\/02\/makaron-pistacjowy.png 1024w, https:\/\/restauracja.schroniskobukowina.pl\/wp-content\/uploads\/2025\/02\/makaron-pistacjowy-300x253.png 300w, https:\/\/restauracja.schroniskobukowina.pl\/wp-content\/uploads\/2025\/02\/makaron-pistacjowy-768x649.png 768w\" sizes=\"auto, (max-width: 1024px) 100vw, 1024px\" \/>\n    <\/div>\n\n\n    <div class=\"item-gallery__content\">\n\n        <div class=\"item-gallery__namebox\">\n\n            <h3 class=\"item-gallery__header\">Pappardelle cestoviny<\/h3>\n\n            <div class=\"item-gallery__desc\">\n\n                \n<p class=\"wp-block-paragraph\">s pist\u00e1ciov\u00fdm-h\u013euzovkov\u00fdm pestom, syrom burrata a pra\u017een\u00fdmi pist\u00e1ciami<\/p>\n<p><em><\/p>\n<p><\/em><\/p>\n\n            <\/div>\n\n        <\/div>\n\n        <div class=\"item-gallery__price\">\n\n            <span>\n\n                57 PLN\n            <\/span>\n\n        <\/div>\n\n    <\/div>\n\n<\/div>\n<div class=\"item-gallery\" data-aos=\"fade-up\">\n\n    <div class=\"item-gallery__imagebox\">\n\n        <img loading=\"lazy\" decoding=\"async\" width=\"1024\" height=\"576\" src=\"https:\/\/restauracja.schroniskobukowina.pl\/wp-content\/uploads\/2025\/02\/zeberka-bbq-puree-z-kukurydza.png\" class=\"item-gallery__image wp-post-image\" alt=\"\" srcset=\"https:\/\/restauracja.schroniskobukowina.pl\/wp-content\/uploads\/2025\/02\/zeberka-bbq-puree-z-kukurydza.png 1024w, https:\/\/restauracja.schroniskobukowina.pl\/wp-content\/uploads\/2025\/02\/zeberka-bbq-puree-z-kukurydza-300x169.png 300w, https:\/\/restauracja.schroniskobukowina.pl\/wp-content\/uploads\/2025\/02\/zeberka-bbq-puree-z-kukurydza-768x432.png 768w\" sizes=\"auto, (max-width: 1024px) 100vw, 1024px\" \/>\n    <\/div>\n\n\n    <div class=\"item-gallery__content\">\n\n        <div class=\"item-gallery__namebox\">\n\n            <h3 class=\"item-gallery__header\">Hov\u00e4dzie rebierka v BBQ om\u00e1\u010dke<\/h3>\n\n            <div class=\"item-gallery__desc\">\n\n                \n<p class=\"wp-block-paragraph\">maslov\u00e9 pyr\u00e9 | \u00faden\u00e1 kukurica | papri\u010dky padr\u00f3n s morskou so\u013eou<\/p>\n<p><em><br \/><\/em><span style=\"font-weight: 500;\"><br \/><\/span><\/p>\n\n<p class=\"wp-block-paragraph\"><\/p>\n\n            <\/div>\n\n        <\/div>\n\n        <div class=\"item-gallery__price\">\n\n            <span>\n\n                79 PLN\n            <\/span>\n\n        <\/div>\n\n    <\/div>\n\n<\/div>\n<div class=\"item-gallery\" data-aos=\"fade-up\">\n\n    <div class=\"item-gallery__imagebox\">\n\n        <img loading=\"lazy\" decoding=\"async\" width=\"1024\" height=\"576\" src=\"https:\/\/restauracja.schroniskobukowina.pl\/wp-content\/uploads\/2025\/12\/menu-aktualnosci-www-restauracja-4.png\" class=\"item-gallery__image wp-post-image\" alt=\"\" srcset=\"https:\/\/restauracja.schroniskobukowina.pl\/wp-content\/uploads\/2025\/12\/menu-aktualnosci-www-restauracja-4.png 1024w, https:\/\/restauracja.schroniskobukowina.pl\/wp-content\/uploads\/2025\/12\/menu-aktualnosci-www-restauracja-4-300x169.png 300w, https:\/\/restauracja.schroniskobukowina.pl\/wp-content\/uploads\/2025\/12\/menu-aktualnosci-www-restauracja-4-768x432.png 768w\" sizes=\"auto, (max-width: 1024px) 100vw, 1024px\" \/>\n    <\/div>\n\n\n    <div class=\"item-gallery__content\">\n\n        <div class=\"item-gallery__namebox\">\n\n            <h3 class=\"item-gallery__header\">Moskol pe\u010den\u00fd tradi\u010dne<\/h3>\n\n            <div class=\"item-gallery__desc\">\n\n                \n<p class=\"wp-block-paragraph\">alpsk\u00fd pstruh z Ku\u017an\u00edc | uhorka | b\u00f4b | hr\u00e1\u0161ok | pa\u017e\u00edtka | \u00faden\u00fd tvaroh | emulzia z div\u00fdch byl\u00edn na dedinskom smotane<br\/><br\/><\/p>\n\n<p class=\"wp-block-paragraph\"><\/p>\n\n            <\/div>\n\n        <\/div>\n\n        <div class=\"item-gallery__price\">\n\n            <span>\n\n                48 PLN\n            <\/span>\n\n        <\/div>\n\n    <\/div>\n\n<\/div>\n<div class=\"item-gallery\" data-aos=\"fade-up\">\n\n    <div class=\"item-gallery__imagebox\">\n\n        <img loading=\"lazy\" decoding=\"async\" width=\"1024\" height=\"865\" src=\"https:\/\/restauracja.schroniskobukowina.pl\/wp-content\/uploads\/2025\/02\/Galeria-dan-www-6-1.png\" class=\"item-gallery__image wp-post-image\" alt=\"\" srcset=\"https:\/\/restauracja.schroniskobukowina.pl\/wp-content\/uploads\/2025\/02\/Galeria-dan-www-6-1.png 1024w, https:\/\/restauracja.schroniskobukowina.pl\/wp-content\/uploads\/2025\/02\/Galeria-dan-www-6-1-300x253.png 300w, https:\/\/restauracja.schroniskobukowina.pl\/wp-content\/uploads\/2025\/02\/Galeria-dan-www-6-1-768x649.png 768w\" sizes=\"auto, (max-width: 1024px) 100vw, 1024px\" \/>\n    <\/div>\n\n\n    <div class=\"item-gallery__content\">\n\n        <div class=\"item-gallery__namebox\">\n\n            <h3 class=\"item-gallery__header\">Smash Burger<\/h3>\n\n            <div class=\"item-gallery__desc\">\n\n                \n<p class=\"wp-block-paragraph\">\u017eem\u013ea, hov\u00e4dzie m\u00e4so Wagyu, syr, slanina, pra\u017een\u00e1 cibu\u013ea, Smash om\u00e1\u010dka, BBQ om\u00e1\u010dka<\/p>\n\n<p class=\"wp-block-paragraph\"><br\/><\/p>\n\n            <\/div>\n\n        <\/div>\n\n        <div class=\"item-gallery__price\">\n\n            <span>\n\n                59 PLN\n            <\/span>\n\n        <\/div>\n\n    <\/div>\n\n<\/div>\n<div class=\"item-gallery\" data-aos=\"fade-up\">\n\n    <div class=\"item-gallery__imagebox\">\n\n        <img loading=\"lazy\" decoding=\"async\" width=\"1024\" height=\"576\" src=\"https:\/\/restauracja.schroniskobukowina.pl\/wp-content\/uploads\/2025\/12\/pate-schronisko-smakow-1.png\" class=\"item-gallery__image wp-post-image\" alt=\"\" srcset=\"https:\/\/restauracja.schroniskobukowina.pl\/wp-content\/uploads\/2025\/12\/pate-schronisko-smakow-1.png 1024w, https:\/\/restauracja.schroniskobukowina.pl\/wp-content\/uploads\/2025\/12\/pate-schronisko-smakow-1-300x169.png 300w, https:\/\/restauracja.schroniskobukowina.pl\/wp-content\/uploads\/2025\/12\/pate-schronisko-smakow-1-768x432.png 768w\" sizes=\"auto, (max-width: 1024px) 100vw, 1024px\" \/>\n    <\/div>\n\n\n    <div class=\"item-gallery__content\">\n\n        <div class=\"item-gallery__namebox\">\n\n            <h3 class=\"item-gallery__header\">Pa\u0161t\u00e9ta z ka\u010dac\u00edch pe\u010dienok<\/h3>\n\n            <div class=\"item-gallery__desc\">\n\n                \n<p class=\"wp-block-paragraph\">rebarbora | \u010dernica | orechov\u00e1 granola | hork\u00e1 \u010dokol\u00e1da | maslov\u00e1 brioche<br\/><\/p>\n\n<p class=\"wp-block-paragraph\"><\/p>\n\n            <\/div>\n\n        <\/div>\n\n        <div class=\"item-gallery__price\">\n\n            <span>\n\n                59 PLN\n            <\/span>\n\n        <\/div>\n\n    <\/div>\n\n<\/div>\n<div class=\"item-gallery\" data-aos=\"fade-up\">\n\n    <div class=\"item-gallery__imagebox\">\n\n        <img loading=\"lazy\" decoding=\"async\" width=\"1024\" height=\"865\" src=\"https:\/\/restauracja.schroniskobukowina.pl\/wp-content\/uploads\/2025\/02\/Galeria-dan-www-i-aktualnosci-appka-5.png\" class=\"item-gallery__image wp-post-image\" alt=\"\" srcset=\"https:\/\/restauracja.schroniskobukowina.pl\/wp-content\/uploads\/2025\/02\/Galeria-dan-www-i-aktualnosci-appka-5.png 1024w, https:\/\/restauracja.schroniskobukowina.pl\/wp-content\/uploads\/2025\/02\/Galeria-dan-www-i-aktualnosci-appka-5-300x253.png 300w, https:\/\/restauracja.schroniskobukowina.pl\/wp-content\/uploads\/2025\/02\/Galeria-dan-www-i-aktualnosci-appka-5-768x649.png 768w\" sizes=\"auto, (max-width: 1024px) 100vw, 1024px\" \/>\n    <\/div>\n\n\n    <div class=\"item-gallery__content\">\n\n        <div class=\"item-gallery__namebox\">\n\n            <h3 class=\"item-gallery__header\">Tat\u00e1r z po\u013esk\u00e9ho hov\u00e4dzieho filetu<\/h3>\n\n            <div class=\"item-gallery__desc\">\n\n                \n<p class=\"wp-block-paragraph\">\u0161alotka | ry\u0161avky | kapary | nakladan\u00e1 uhorka | \u017e\u013atok | hor\u010dica | oscypek | majon\u00e9za s \u013eubovn\u00edkom | chlieb s medved\u00edm cesnakom<\/p>\n<p><em><br \/><\/em><span style=\"font-weight: 400;\"><br \/><\/span><\/p>\n\n            <\/div>\n\n        <\/div>\n\n        <div class=\"item-gallery__price\">\n\n            <span>\n\n                62 PLN\n            <\/span>\n\n        <\/div>\n\n    <\/div>\n\n<\/div>\n<div class=\"item-gallery\" data-aos=\"fade-up\">\n\n    <div class=\"item-gallery__imagebox\">\n\n        <img loading=\"lazy\" decoding=\"async\" width=\"1024\" height=\"865\" src=\"https:\/\/restauracja.schroniskobukowina.pl\/wp-content\/uploads\/2025\/02\/Galeria-dan-www-1.png\" class=\"item-gallery__image wp-post-image\" alt=\"\" srcset=\"https:\/\/restauracja.schroniskobukowina.pl\/wp-content\/uploads\/2025\/02\/Galeria-dan-www-1.png 1024w, https:\/\/restauracja.schroniskobukowina.pl\/wp-content\/uploads\/2025\/02\/Galeria-dan-www-1-300x253.png 300w, https:\/\/restauracja.schroniskobukowina.pl\/wp-content\/uploads\/2025\/02\/Galeria-dan-www-1-768x649.png 768w\" sizes=\"auto, (max-width: 1024px) 100vw, 1024px\" \/>\n    <\/div>\n\n\n    <div class=\"item-gallery__content\">\n\n        <div class=\"item-gallery__namebox\">\n\n            <h3 class=\"item-gallery__header\">Kapustnica s \u00faden\u00fdm rebierkom<\/h3>\n\n            <div class=\"item-gallery__desc\">\n\n                \n<p class=\"wp-block-paragraph\">chrumkav\u00fdmi o\u0161kvarkami a zemiakmi<\/p>\n<p><em><span style=\"font-weight: 500;\"><br \/><\/span><br \/><\/em><\/p>\n\n            <\/div>\n\n        <\/div>\n\n        <div class=\"item-gallery__price\">\n\n            <span>\n\n                34 PLN\n            <\/span>\n\n        <\/div>\n\n    <\/div>\n\n<\/div>\n<div class=\"item-gallery\" data-aos=\"fade-up\">\n\n    <div class=\"item-gallery__imagebox\">\n\n        <img loading=\"lazy\" decoding=\"async\" width=\"1024\" height=\"576\" src=\"https:\/\/restauracja.schroniskobukowina.pl\/wp-content\/uploads\/2025\/06\/poledwiczka-wieprzowa.png\" class=\"item-gallery__image wp-post-image\" alt=\"\" srcset=\"https:\/\/restauracja.schroniskobukowina.pl\/wp-content\/uploads\/2025\/06\/poledwiczka-wieprzowa.png 1024w, https:\/\/restauracja.schroniskobukowina.pl\/wp-content\/uploads\/2025\/06\/poledwiczka-wieprzowa-300x169.png 300w, https:\/\/restauracja.schroniskobukowina.pl\/wp-content\/uploads\/2025\/06\/poledwiczka-wieprzowa-768x432.png 768w\" sizes=\"auto, (max-width: 1024px) 100vw, 1024px\" \/>\n    <\/div>\n\n\n    <div class=\"item-gallery__content\">\n\n        <div class=\"item-gallery__namebox\">\n\n            <h3 class=\"item-gallery__header\">Brav\u010dov\u00e1 svie\u010dkov\u00e1<\/h3>\n\n            <div class=\"item-gallery__desc\">\n\n                \n<p class=\"wp-block-paragraph\">dusen\u00e1 \u010derven\u00e1 kapusta | divok\u00e1 brokolica v maslovej emulzii | demi-glace s hor\u010dicou<br\/><\/p>\n\n            <\/div>\n\n        <\/div>\n\n        <div class=\"item-gallery__price\">\n\n            <span>\n\n                65 PLN\n            <\/span>\n\n        <\/div>\n\n    <\/div>\n\n<\/div>\n<div class=\"item-gallery\" data-aos=\"fade-up\">\n\n    <div class=\"item-gallery__imagebox\">\n\n        <img loading=\"lazy\" decoding=\"async\" width=\"1024\" height=\"865\" src=\"https:\/\/restauracja.schroniskobukowina.pl\/wp-content\/uploads\/2025\/02\/Galeria-dan-www-i-aktualnosci-appka-7.png\" class=\"item-gallery__image wp-post-image\" alt=\"\" srcset=\"https:\/\/restauracja.schroniskobukowina.pl\/wp-content\/uploads\/2025\/02\/Galeria-dan-www-i-aktualnosci-appka-7.png 1024w, https:\/\/restauracja.schroniskobukowina.pl\/wp-content\/uploads\/2025\/02\/Galeria-dan-www-i-aktualnosci-appka-7-300x253.png 300w, https:\/\/restauracja.schroniskobukowina.pl\/wp-content\/uploads\/2025\/02\/Galeria-dan-www-i-aktualnosci-appka-7-768x649.png 768w\" sizes=\"auto, (max-width: 1024px) 100vw, 1024px\" \/>\n    <\/div>\n\n\n    <div class=\"item-gallery__content\">\n\n        <div class=\"item-gallery__namebox\">\n\n            <h3 class=\"item-gallery__header\">Halu\u0161ky s dierkou<\/h3>\n\n            <div class=\"item-gallery__desc\">\n\n                \n<p class=\"wp-block-paragraph\"><strong>biela h\u013euzovka | smr\u010dok | biela \u0161parg\u013ea | syr jant\u00e1r | pa\u017e\u00edtka<\/strong><\/p>\n<p class=\"cvGsUA direction-ltr align-justify para-style-body\"><\/p>\n\n            <\/div>\n\n        <\/div>\n\n        <div class=\"item-gallery__price\">\n\n            <span>\n\n                46 PLN\n            <\/span>\n\n        <\/div>\n\n    <\/div>\n\n<\/div>\n<div class=\"item-gallery\" data-aos=\"fade-up\">\n\n    <div class=\"item-gallery__imagebox\">\n\n        <img loading=\"lazy\" decoding=\"async\" width=\"1024\" height=\"865\" src=\"https:\/\/restauracja.schroniskobukowina.pl\/wp-content\/uploads\/2025\/02\/krem-szparagi.png\" class=\"item-gallery__image wp-post-image\" alt=\"\" srcset=\"https:\/\/restauracja.schroniskobukowina.pl\/wp-content\/uploads\/2025\/02\/krem-szparagi.png 1024w, https:\/\/restauracja.schroniskobukowina.pl\/wp-content\/uploads\/2025\/02\/krem-szparagi-300x253.png 300w, https:\/\/restauracja.schroniskobukowina.pl\/wp-content\/uploads\/2025\/02\/krem-szparagi-768x649.png 768w\" sizes=\"auto, (max-width: 1024px) 100vw, 1024px\" \/>\n    <\/div>\n\n\n    <div class=\"item-gallery__content\">\n\n        <div class=\"item-gallery__namebox\">\n\n            <h3 class=\"item-gallery__header\">Kr\u00e9m z bielych \u0161parg\u013eov<\/h3>\n\n            <div class=\"item-gallery__desc\">\n\n                \n<p class=\"wp-block-paragraph\">biela h\u013euzovka | zelen\u00fd hr\u00e1\u0161ok | hlivy | medved\u00ed cesnak<br\/><\/p>\n\n<p class=\"wp-block-paragraph\"><\/p>\n\n            <\/div>\n\n        <\/div>\n\n        <div class=\"item-gallery__price\">\n\n            <span>\n\n                36 PLN\n            <\/span>\n\n        <\/div>\n\n    <\/div>\n\n<\/div>\n<div class=\"item-gallery\" data-aos=\"fade-up\">\n\n    <div class=\"item-gallery__imagebox\">\n\n        <img loading=\"lazy\" decoding=\"async\" width=\"1024\" height=\"865\" src=\"https:\/\/restauracja.schroniskobukowina.pl\/wp-content\/uploads\/2025\/02\/Galeria-dan-www-i-aktualnosci-appka-3.png\" class=\"item-gallery__image wp-post-image\" alt=\"\" srcset=\"https:\/\/restauracja.schroniskobukowina.pl\/wp-content\/uploads\/2025\/02\/Galeria-dan-www-i-aktualnosci-appka-3.png 1024w, https:\/\/restauracja.schroniskobukowina.pl\/wp-content\/uploads\/2025\/02\/Galeria-dan-www-i-aktualnosci-appka-3-300x253.png 300w, https:\/\/restauracja.schroniskobukowina.pl\/wp-content\/uploads\/2025\/02\/Galeria-dan-www-i-aktualnosci-appka-3-768x649.png 768w\" sizes=\"auto, (max-width: 1024px) 100vw, 1024px\" \/>\n    <\/div>\n\n\n    <div class=\"item-gallery__content\">\n\n        <div class=\"item-gallery__namebox\">\n\n            <h3 class=\"item-gallery__header\">Krevety<\/h3>\n\n            <div class=\"item-gallery__desc\">\n\n                \n<p class=\"wp-block-paragraph\">vo franc\u00fazskej maslovej emulzii<\/p>\n<p><em><\/p>\n<p><\/em><\/p>\n\n<p class=\"wp-block-paragraph\"><\/p>\n\n            <\/div>\n\n        <\/div>\n\n        <div class=\"item-gallery__price\">\n\n            <span>\n\n                62 PLN\n            <\/span>\n\n        <\/div>\n\n    <\/div>\n\n<\/div>\n<div class=\"item-gallery\" data-aos=\"fade-up\">\n\n    <div class=\"item-gallery__imagebox\">\n\n        <img loading=\"lazy\" decoding=\"async\" width=\"1024\" height=\"865\" src=\"https:\/\/restauracja.schroniskobukowina.pl\/wp-content\/uploads\/2025\/02\/zupa-krem-szczawiowa.png\" class=\"item-gallery__image wp-post-image\" alt=\"\" srcset=\"https:\/\/restauracja.schroniskobukowina.pl\/wp-content\/uploads\/2025\/02\/zupa-krem-szczawiowa.png 1024w, https:\/\/restauracja.schroniskobukowina.pl\/wp-content\/uploads\/2025\/02\/zupa-krem-szczawiowa-300x253.png 300w, https:\/\/restauracja.schroniskobukowina.pl\/wp-content\/uploads\/2025\/02\/zupa-krem-szczawiowa-768x649.png 768w\" sizes=\"auto, (max-width: 1024px) 100vw, 1024px\" \/>\n    <\/div>\n\n\n    <div class=\"item-gallery__content\">\n\n        <div class=\"item-gallery__namebox\">\n\n            <h3 class=\"item-gallery__header\">\u0160\u0165ave\u013eov\u00fd kr\u00e9m<\/h3>\n\n            <div class=\"item-gallery__desc\">\n\n                \n<p class=\"wp-block-paragraph\">vajce | bryndza | k\u00f4prov\u00fd olej | chlebov\u00fd crumble | zelenina<br\/><\/p>\n<p><span style=\"font-weight: 400;\"> <\/span><\/p>\n\n            <\/div>\n\n        <\/div>\n\n        <div class=\"item-gallery__price\">\n\n            <span>\n\n                34 PLN\n            <\/span>\n\n        <\/div>\n\n    <\/div>\n\n<\/div>\n<div class=\"item-gallery\" data-aos=\"fade-up\">\n\n    <div class=\"item-gallery__imagebox\">\n\n        <img loading=\"lazy\" decoding=\"async\" width=\"1024\" height=\"865\" src=\"https:\/\/restauracja.schroniskobukowina.pl\/wp-content\/uploads\/2025\/02\/pierogi-z-jagniecina.png\" class=\"item-gallery__image wp-post-image\" alt=\"\" srcset=\"https:\/\/restauracja.schroniskobukowina.pl\/wp-content\/uploads\/2025\/02\/pierogi-z-jagniecina.png 1024w, https:\/\/restauracja.schroniskobukowina.pl\/wp-content\/uploads\/2025\/02\/pierogi-z-jagniecina-300x253.png 300w, https:\/\/restauracja.schroniskobukowina.pl\/wp-content\/uploads\/2025\/02\/pierogi-z-jagniecina-768x649.png 768w\" sizes=\"auto, (max-width: 1024px) 100vw, 1024px\" \/>\n    <\/div>\n\n\n    <div class=\"item-gallery__content\">\n\n        <div class=\"item-gallery__namebox\">\n\n            <h3 class=\"item-gallery__header\">Pirohy s jah\u0148acinou a kuriatkami<\/h3>\n\n            <div class=\"item-gallery__desc\">\n\n                \n<p class=\"wp-block-paragraph\">bryndza | pyr\u00e9 z topinambury | pra\u017een\u00fd lieskov\u00fd orie\u0161ok | p\u00e1len\u00e9 maslo | kuriatka<\/p>\n\n<p class=\"wp-block-paragraph\"><br\/><\/p>\n\n<p class=\"wp-block-paragraph\"><\/p>\n\n            <\/div>\n\n        <\/div>\n\n        <div class=\"item-gallery__price\">\n\n            <span>\n\n                56 PLN\n            <\/span>\n\n        <\/div>\n\n    <\/div>\n\n<\/div>\n<div class=\"item-gallery\" data-aos=\"fade-up\">\n\n    <div class=\"item-gallery__imagebox\">\n\n        <img loading=\"lazy\" decoding=\"async\" width=\"1024\" height=\"576\" src=\"https:\/\/restauracja.schroniskobukowina.pl\/wp-content\/uploads\/2026\/06\/schab-wieprzowy-z-koscia.png\" class=\"item-gallery__image wp-post-image\" alt=\"\" srcset=\"https:\/\/restauracja.schroniskobukowina.pl\/wp-content\/uploads\/2026\/06\/schab-wieprzowy-z-koscia.png 1024w, https:\/\/restauracja.schroniskobukowina.pl\/wp-content\/uploads\/2026\/06\/schab-wieprzowy-z-koscia-300x169.png 300w, https:\/\/restauracja.schroniskobukowina.pl\/wp-content\/uploads\/2026\/06\/schab-wieprzowy-z-koscia-768x432.png 768w\" sizes=\"auto, (max-width: 1024px) 100vw, 1024px\" \/>\n    <\/div>\n\n\n    <div class=\"item-gallery__content\">\n\n        <div class=\"item-gallery__namebox\">\n\n            <h3 class=\"item-gallery__header\">Kotleta s kos\u0165ou<\/h3>\n\n            <div class=\"item-gallery__desc\">\n\n                \n<p class=\"wp-block-paragraph\">cviklov\u00e9 pyr\u00e9 | karamelizovan\u00e1 cibu\u013ea | demi-glace s hor\u010dicou | pa\u017e\u00edtka<\/p>\n<p><em><\/p>\n<p><\/em><\/p>\n\n            <\/div>\n\n        <\/div>\n\n        <div class=\"item-gallery__price\">\n\n            <span>\n\n                64 PLN\n            <\/span>\n\n        <\/div>\n\n    <\/div>\n\n<\/div>\n<div class=\"item-gallery\" data-aos=\"fade-up\">\n\n    <div class=\"item-gallery__imagebox\">\n\n        <img loading=\"lazy\" decoding=\"async\" width=\"1024\" height=\"865\" src=\"https:\/\/restauracja.schroniskobukowina.pl\/wp-content\/uploads\/2026\/05\/Galeria-dan-www-i-aktualnosci-appka-18.png\" class=\"item-gallery__image wp-post-image\" alt=\"\" srcset=\"https:\/\/restauracja.schroniskobukowina.pl\/wp-content\/uploads\/2026\/05\/Galeria-dan-www-i-aktualnosci-appka-18.png 1024w, https:\/\/restauracja.schroniskobukowina.pl\/wp-content\/uploads\/2026\/05\/Galeria-dan-www-i-aktualnosci-appka-18-300x253.png 300w, https:\/\/restauracja.schroniskobukowina.pl\/wp-content\/uploads\/2026\/05\/Galeria-dan-www-i-aktualnosci-appka-18-768x649.png 768w\" sizes=\"auto, (max-width: 1024px) 100vw, 1024px\" \/>\n    <\/div>\n\n\n    <div class=\"item-gallery__content\">\n\n        <div class=\"item-gallery__namebox\">\n\n            <h3 class=\"item-gallery__header\">Mizeria<\/h3>\n\n            <div class=\"item-gallery__desc\">\n\n                \n<p class=\"wp-block-paragraph\">zelen\u00e1 uhorka | kvasen\u00e1 uhorka | smotana | \u00faden\u00fd tvaroh | k\u00f4por<\/p>\n\n            <\/div>\n\n        <\/div>\n\n        <div class=\"item-gallery__price\">\n\n            <span>\n\n                15 PLN\n            <\/span>\n\n        <\/div>\n\n    <\/div>\n\n<\/div>\n<div class=\"item-gallery\" data-aos=\"fade-up\">\n\n    <div class=\"item-gallery__imagebox\">\n\n        <img loading=\"lazy\" decoding=\"async\" width=\"1024\" height=\"865\" src=\"https:\/\/restauracja.schroniskobukowina.pl\/wp-content\/uploads\/2025\/12\/warzywa-grillowane.png\" class=\"item-gallery__image wp-post-image\" alt=\"\" srcset=\"https:\/\/restauracja.schroniskobukowina.pl\/wp-content\/uploads\/2025\/12\/warzywa-grillowane.png 1024w, https:\/\/restauracja.schroniskobukowina.pl\/wp-content\/uploads\/2025\/12\/warzywa-grillowane-300x253.png 300w, https:\/\/restauracja.schroniskobukowina.pl\/wp-content\/uploads\/2025\/12\/warzywa-grillowane-768x649.png 768w\" sizes=\"auto, (max-width: 1024px) 100vw, 1024px\" \/>\n    <\/div>\n\n\n    <div class=\"item-gallery__content\">\n\n        <div class=\"item-gallery__namebox\">\n\n            <h3 class=\"item-gallery__header\">Grilovan\u00e1 zelenina<\/h3>\n\n            <div class=\"item-gallery__desc\">\n\n                \n            <\/div>\n\n        <\/div>\n\n        <div class=\"item-gallery__price\">\n\n            <span>\n\n                18 PLN\n            <\/span>\n\n        <\/div>\n\n    <\/div>\n\n<\/div>\n<div class=\"item-gallery\" data-aos=\"fade-up\">\n\n    <div class=\"item-gallery__imagebox\">\n\n        <img loading=\"lazy\" decoding=\"async\" width=\"1024\" height=\"576\" src=\"https:\/\/restauracja.schroniskobukowina.pl\/wp-content\/uploads\/2025\/12\/pstrag-schronisko-smakow.png\" class=\"item-gallery__image wp-post-image\" alt=\"\" srcset=\"https:\/\/restauracja.schroniskobukowina.pl\/wp-content\/uploads\/2025\/12\/pstrag-schronisko-smakow.png 1024w, https:\/\/restauracja.schroniskobukowina.pl\/wp-content\/uploads\/2025\/12\/pstrag-schronisko-smakow-300x169.png 300w, https:\/\/restauracja.schroniskobukowina.pl\/wp-content\/uploads\/2025\/12\/pstrag-schronisko-smakow-768x432.png 768w\" sizes=\"auto, (max-width: 1024px) 100vw, 1024px\" \/>\n    <\/div>\n\n\n    <div class=\"item-gallery__content\">\n\n        <div class=\"item-gallery__namebox\">\n\n            <h3 class=\"item-gallery__header\">Pe\u010den\u00fd pstruh<\/h3>\n\n            <div class=\"item-gallery__desc\">\n\n                \n<p class=\"wp-block-paragraph\">Listy \u0161al\u00e1tu | nakladan\u00e1 repa | biela re\u010fkovka | citr\u00f3novo-m\u00e4tov\u00fd dip<\/p>\n<p><em><\/p>\n<p><\/em><\/p>\n\n            <\/div>\n\n        <\/div>\n\n        <div class=\"item-gallery__price\">\n\n            <span>\n\n                62 PLN\n            <\/span>\n\n        <\/div>\n\n    <\/div>\n\n<\/div>\n<div class=\"item-gallery\" data-aos=\"fade-up\">\n\n    <div class=\"item-gallery__imagebox\">\n\n        <img loading=\"lazy\" decoding=\"async\" width=\"1024\" height=\"865\" src=\"https:\/\/restauracja.schroniskobukowina.pl\/wp-content\/uploads\/2025\/02\/biodrowka-jagnieca.png\" class=\"item-gallery__image wp-post-image\" alt=\"\" srcset=\"https:\/\/restauracja.schroniskobukowina.pl\/wp-content\/uploads\/2025\/02\/biodrowka-jagnieca.png 1024w, https:\/\/restauracja.schroniskobukowina.pl\/wp-content\/uploads\/2025\/02\/biodrowka-jagnieca-300x253.png 300w, https:\/\/restauracja.schroniskobukowina.pl\/wp-content\/uploads\/2025\/02\/biodrowka-jagnieca-768x649.png 768w\" sizes=\"auto, (max-width: 1024px) 100vw, 1024px\" \/>\n    <\/div>\n\n\n    <div class=\"item-gallery__content\">\n\n        <div class=\"item-gallery__namebox\">\n\n            <h3 class=\"item-gallery__header\">Jah\u0148acie stehno marinovan\u00e9 v pitnom mede<\/h3>\n\n            <div class=\"item-gallery__desc\">\n\n                \n<p class=\"wp-block-paragraph\">karamelizovan\u00e1 mrkva s pomaran\u010dom a kardam\u00f3mom | sez\u00f3nne huby | div\u00e1 brokolica | om\u00e1\u010dka demi-glace<\/p>\n\n<p class=\"wp-block-paragraph\"><strong><br\/><\/strong><\/p>\n\n            <\/div>\n\n        <\/div>\n\n        <div class=\"item-gallery__price\">\n\n            <span>\n\n                78 PLN\n            <\/span>\n\n        <\/div>\n\n    <\/div>\n\n<\/div>\n<div class=\"item-gallery\" data-aos=\"fade-up\">\n\n    <div class=\"item-gallery__imagebox\">\n\n        <img loading=\"lazy\" decoding=\"async\" width=\"1024\" height=\"576\" src=\"https:\/\/restauracja.schroniskobukowina.pl\/wp-content\/uploads\/2025\/02\/kurczak-supreme-schronisko-smakow.png\" class=\"item-gallery__image wp-post-image\" alt=\"\" srcset=\"https:\/\/restauracja.schroniskobukowina.pl\/wp-content\/uploads\/2025\/02\/kurczak-supreme-schronisko-smakow.png 1024w, https:\/\/restauracja.schroniskobukowina.pl\/wp-content\/uploads\/2025\/02\/kurczak-supreme-schronisko-smakow-300x169.png 300w, https:\/\/restauracja.schroniskobukowina.pl\/wp-content\/uploads\/2025\/02\/kurczak-supreme-schronisko-smakow-768x432.png 768w\" sizes=\"auto, (max-width: 1024px) 100vw, 1024px\" \/>\n    <\/div>\n\n\n    <div class=\"item-gallery__content\">\n\n        <div class=\"item-gallery__namebox\">\n\n            <h3 class=\"item-gallery__header\">Kuracie supreme s bielou h\u013euzovkou<\/h3>\n\n            <div class=\"item-gallery__desc\">\n\n                \n<p class=\"wp-block-paragraph\">pyr\u00e9 z cukety | stepn\u00fd hr\u00edb | \u010dierna \u0161o\u0161ovica beluga | nakladan\u00e1 cibu\u013ea | om\u00e1\u010dka velout\u00e9<\/p>\n\n<p class=\"wp-block-paragraph\"><br\/><\/p>\n\n<p class=\"wp-block-paragraph\"><\/p>\n\n            <\/div>\n\n        <\/div>\n\n        <div class=\"item-gallery__price\">\n\n            <span>\n\n                56 PLN\n            <\/span>\n\n        <\/div>\n\n    <\/div>\n\n<\/div>\n<div class=\"item-gallery\" data-aos=\"fade-up\">\n\n    <div class=\"item-gallery__imagebox\">\n\n        <img loading=\"lazy\" decoding=\"async\" width=\"1024\" height=\"576\" src=\"https:\/\/restauracja.schroniskobukowina.pl\/wp-content\/uploads\/2025\/12\/aktualnosci-www-restauracja-12.png\" class=\"item-gallery__image wp-post-image\" alt=\"\" srcset=\"https:\/\/restauracja.schroniskobukowina.pl\/wp-content\/uploads\/2025\/12\/aktualnosci-www-restauracja-12.png 1024w, https:\/\/restauracja.schroniskobukowina.pl\/wp-content\/uploads\/2025\/12\/aktualnosci-www-restauracja-12-300x169.png 300w, https:\/\/restauracja.schroniskobukowina.pl\/wp-content\/uploads\/2025\/12\/aktualnosci-www-restauracja-12-768x432.png 768w\" sizes=\"auto, (max-width: 1024px) 100vw, 1024px\" \/>\n    <\/div>\n\n\n    <div class=\"item-gallery__content\">\n\n        <div class=\"item-gallery__namebox\">\n\n            <h3 class=\"item-gallery__header\">Burger Szarpany<\/h3>\n\n            <div class=\"item-gallery__desc\">\n\n                \n<p class=\"wp-block-paragraph\">\u017eem\u013ea | trhan\u00e9 hov\u00e4dzie rebierka | coleslaw z \u010dervenej kapusty s franc\u00fazskou hor\u010dicou | jalape\u00f1o | syr | karamelizovan\u00e1 cibu\u013ea | aioli | BBQ om\u00e1\u010dka<\/p>\n\n<p class=\"wp-block-paragraph\"><br\/><\/p>\n\n<p class=\"wp-block-paragraph\"><\/p>\n\n            <\/div>\n\n        <\/div>\n\n        <div class=\"item-gallery__price\">\n\n            <span>\n\n                62 PLN\n            <\/span>\n\n        <\/div>\n\n    <\/div>\n\n<\/div>\n<div class=\"item-gallery\" data-aos=\"fade-up\">\n\n    <div class=\"item-gallery__imagebox\">\n\n        <img loading=\"lazy\" decoding=\"async\" width=\"1024\" height=\"865\" src=\"https:\/\/restauracja.schroniskobukowina.pl\/wp-content\/uploads\/2025\/02\/Galeria-dan-www-5.png\" class=\"item-gallery__image wp-post-image\" alt=\"\" srcset=\"https:\/\/restauracja.schroniskobukowina.pl\/wp-content\/uploads\/2025\/02\/Galeria-dan-www-5.png 1024w, https:\/\/restauracja.schroniskobukowina.pl\/wp-content\/uploads\/2025\/02\/Galeria-dan-www-5-300x253.png 300w, https:\/\/restauracja.schroniskobukowina.pl\/wp-content\/uploads\/2025\/02\/Galeria-dan-www-5-768x649.png 768w\" sizes=\"auto, (max-width: 1024px) 100vw, 1024px\" \/>\n    <\/div>\n\n\n    <div class=\"item-gallery__content\">\n\n        <div class=\"item-gallery__namebox\">\n\n            <h3 class=\"item-gallery__header\">Klasick\u00fd burger<\/h3>\n\n            <div class=\"item-gallery__desc\">\n\n                \n<p class=\"wp-block-paragraph\">\u017eem\u013ea, hov\u00e4dzie m\u00e4so Wagyu, syr, slanina, paradajka, nakladan\u00e9 uhorky, \u0161al\u00e1t, \u010derven\u00e1 cibu\u013ea, relish, aioli om\u00e1\u010dka<\/p>\n<p><em> <\/em><\/p>\n<\/p>\n<p><span style=\"font-weight: 500;\"> <\/span><\/p>\n\n            <\/div>\n\n        <\/div>\n\n        <div class=\"item-gallery__price\">\n\n            <span>\n\n                67 PLN\n            <\/span>\n\n        <\/div>\n\n    <\/div>\n\n<\/div>\n<div class=\"item-gallery\" data-aos=\"fade-up\">\n\n    <div class=\"item-gallery__imagebox\">\n\n        <img loading=\"lazy\" decoding=\"async\" width=\"1024\" height=\"576\" src=\"https:\/\/restauracja.schroniskobukowina.pl\/wp-content\/uploads\/2025\/12\/jagniecy-burger-schronisko.png\" class=\"item-gallery__image wp-post-image\" alt=\"\" srcset=\"https:\/\/restauracja.schroniskobukowina.pl\/wp-content\/uploads\/2025\/12\/jagniecy-burger-schronisko.png 1024w, https:\/\/restauracja.schroniskobukowina.pl\/wp-content\/uploads\/2025\/12\/jagniecy-burger-schronisko-300x169.png 300w, https:\/\/restauracja.schroniskobukowina.pl\/wp-content\/uploads\/2025\/12\/jagniecy-burger-schronisko-768x432.png 768w\" sizes=\"auto, (max-width: 1024px) 100vw, 1024px\" \/>\n    <\/div>\n\n\n    <div class=\"item-gallery__content\">\n\n        <div class=\"item-gallery__namebox\">\n\n            <h3 class=\"item-gallery__header\">Jah\u0148ac\u00ed Burger<\/h3>\n\n            <div class=\"item-gallery__desc\">\n\n                \n<p class=\"wp-block-paragraph\">\u017eem\u013ea, trhan\u00e9 jah\u0148acie v BBQ om\u00e1\u010dke, syr, grilovan\u00e1 cibu\u013ea, korenen\u00e1 om\u00e1\u010dka, rukola, jalapeno, \u0161\u00e9fkuch\u00e1rska om\u00e1\u010dka<\/p>\n\n<p class=\"wp-block-paragraph\"><br\/><\/p>\n\n<p class=\"wp-block-paragraph\"><\/p>\n\n            <\/div>\n\n        <\/div>\n\n        <div class=\"item-gallery__price\">\n\n            <span>\n\n                56 PLN\n            <\/span>\n\n        <\/div>\n\n    <\/div>\n\n<\/div>\n<div class=\"item-gallery\" data-aos=\"fade-up\">\n\n    <div class=\"item-gallery__imagebox\">\n\n        <img loading=\"lazy\" decoding=\"async\" width=\"1024\" height=\"576\" src=\"https:\/\/restauracja.schroniskobukowina.pl\/wp-content\/uploads\/2026\/06\/antrykot-polska-wolowina.png\" class=\"item-gallery__image wp-post-image\" alt=\"\" srcset=\"https:\/\/restauracja.schroniskobukowina.pl\/wp-content\/uploads\/2026\/06\/antrykot-polska-wolowina.png 1024w, https:\/\/restauracja.schroniskobukowina.pl\/wp-content\/uploads\/2026\/06\/antrykot-polska-wolowina-300x169.png 300w, https:\/\/restauracja.schroniskobukowina.pl\/wp-content\/uploads\/2026\/06\/antrykot-polska-wolowina-768x432.png 768w\" sizes=\"auto, (max-width: 1024px) 100vw, 1024px\" \/>\n    <\/div>\n\n\n    <div class=\"item-gallery__content\">\n\n        <div class=\"item-gallery__namebox\">\n\n            <h3 class=\"item-gallery__header\">Antrykot such\u00e9ho zrenia<\/h3>\n\n            <div class=\"item-gallery__desc\">\n\n                \n<p class=\"wp-block-paragraph\">po\u013esk\u00e9 hov\u00e4dzie m\u00e4so 300 g | karamelizovan\u00e1 cibu\u013ea | koreniaci om\u00e1\u010dka<\/p>\n<p><em><\/p>\n<p><\/em><\/p>\n\n<p class=\"wp-block-paragraph\"><\/p>\n\n            <\/div>\n\n        <\/div>\n\n        <div class=\"item-gallery__price\">\n\n            <span>\n\n                179 PLN\n            <\/span>\n\n        <\/div>\n\n    <\/div>\n\n<\/div>\n<div class=\"item-gallery\" data-aos=\"fade-up\">\n\n    <div class=\"item-gallery__imagebox\">\n\n        <img loading=\"lazy\" decoding=\"async\" width=\"1024\" height=\"576\" src=\"https:\/\/restauracja.schroniskobukowina.pl\/wp-content\/uploads\/2026\/06\/stek-polska-poledwica-wolowa.png\" class=\"item-gallery__image wp-post-image\" alt=\"\" srcset=\"https:\/\/restauracja.schroniskobukowina.pl\/wp-content\/uploads\/2026\/06\/stek-polska-poledwica-wolowa.png 1024w, https:\/\/restauracja.schroniskobukowina.pl\/wp-content\/uploads\/2026\/06\/stek-polska-poledwica-wolowa-300x169.png 300w, https:\/\/restauracja.schroniskobukowina.pl\/wp-content\/uploads\/2026\/06\/stek-polska-poledwica-wolowa-768x432.png 768w\" sizes=\"auto, (max-width: 1024px) 100vw, 1024px\" \/>\n    <\/div>\n\n\n    <div class=\"item-gallery__content\">\n\n        <div class=\"item-gallery__namebox\">\n\n            <h3 class=\"item-gallery__header\">Hov\u00e4dzia svie\u010dkov\u00e1 marinovan\u00e1 na mokro<\/h3>\n\n            <div class=\"item-gallery__desc\">\n\n                \n<p class=\"wp-block-paragraph\">na samostatn\u00e9 ope\u010denie na l\u00e1vovom kameni | po\u013esk\u00e9 hov\u00e4dzie m\u00e4so 200 g | karamelizovan\u00e1 cibu\u013ea | pep\u0159ov\u00fd sos<\/p>\n\n<p class=\"wp-block-paragraph\"><\/p>\n\n            <\/div>\n\n        <\/div>\n\n        <div class=\"item-gallery__price\">\n\n            <span>\n\n                94 PLN\n            <\/span>\n\n        <\/div>\n\n    <\/div>\n\n<\/div>\n<div class=\"item-gallery\" data-aos=\"fade-up\">\n\n    <div class=\"item-gallery__imagebox\">\n\n        <img loading=\"lazy\" decoding=\"async\" width=\"1024\" height=\"576\" src=\"https:\/\/restauracja.schroniskobukowina.pl\/wp-content\/uploads\/2025\/02\/salata-poledwica-schronisko-smakow.png\" class=\"item-gallery__image wp-post-image\" alt=\"\" srcset=\"https:\/\/restauracja.schroniskobukowina.pl\/wp-content\/uploads\/2025\/02\/salata-poledwica-schronisko-smakow.png 1024w, https:\/\/restauracja.schroniskobukowina.pl\/wp-content\/uploads\/2025\/02\/salata-poledwica-schronisko-smakow-300x169.png 300w, https:\/\/restauracja.schroniskobukowina.pl\/wp-content\/uploads\/2025\/02\/salata-poledwica-schronisko-smakow-768x432.png 768w\" sizes=\"auto, (max-width: 1024px) 100vw, 1024px\" \/>\n    <\/div>\n\n\n    <div class=\"item-gallery__content\">\n\n        <div class=\"item-gallery__namebox\">\n\n            <h3 class=\"item-gallery__header\">\u0160al\u00e1t s grilovanou svie\u010dkovou<\/h3>\n\n            <div class=\"item-gallery__desc\">\n\n                \n<p class=\"wp-block-paragraph\">karamelizovan\u00fd ples\u0148ov\u00fd syr | pra\u017een\u00fd vla\u0161sk\u00fd orech | mel\u00f3n | franc\u00fazsky medovo-hor\u010dicov\u00fd dressing s hor\u010dicou<\/p>\n<p><em><\/p>\n<p><\/em><\/p>\n\n            <\/div>\n\n        <\/div>\n\n        <div class=\"item-gallery__price\">\n\n            <span>\n\n                58 PLN\n            <\/span>\n\n        <\/div>\n\n    <\/div>\n\n<\/div>\n<div class=\"item-gallery\" data-aos=\"fade-up\">\n\n    <div class=\"item-gallery__imagebox\">\n\n        <img loading=\"lazy\" decoding=\"async\" width=\"1024\" height=\"576\" src=\"https:\/\/restauracja.schroniskobukowina.pl\/wp-content\/uploads\/2026\/06\/salata-cezar.png\" class=\"item-gallery__image wp-post-image\" alt=\"\" srcset=\"https:\/\/restauracja.schroniskobukowina.pl\/wp-content\/uploads\/2026\/06\/salata-cezar.png 1024w, https:\/\/restauracja.schroniskobukowina.pl\/wp-content\/uploads\/2026\/06\/salata-cezar-300x169.png 300w, https:\/\/restauracja.schroniskobukowina.pl\/wp-content\/uploads\/2026\/06\/salata-cezar-768x432.png 768w\" sizes=\"auto, (max-width: 1024px) 100vw, 1024px\" \/>\n    <\/div>\n\n\n    <div class=\"item-gallery__content\">\n\n        <div class=\"item-gallery__namebox\">\n\n            <h3 class=\"item-gallery__header\">C\u00e9zar<\/h3>\n\n            <div class=\"item-gallery__desc\">\n\n                \n<p class=\"wp-block-paragraph\">r\u00edmsky \u0161al\u00e1t | C\u00e9zar dresing | grilovan\u00e9 kuracie m\u00e4so | slaninka | oscypek | krut\u00f3ny<\/p>\n<p><em><\/p>\n<p><\/em><\/p>\n\n<p class=\"wp-block-paragraph\"><\/p>\n\n            <\/div>\n\n        <\/div>\n\n        <div class=\"item-gallery__price\">\n\n            <span>\n\n                49 PLN\n            <\/span>\n\n        <\/div>\n\n    <\/div>\n\n<\/div>\n<div class=\"item-gallery\" data-aos=\"fade-up\">\n\n    <div class=\"item-gallery__imagebox\">\n\n        <img loading=\"lazy\" decoding=\"async\" width=\"1024\" height=\"576\" src=\"https:\/\/restauracja.schroniskobukowina.pl\/wp-content\/uploads\/2025\/02\/menu-aktualnosci-www-restauracja-3.png\" class=\"item-gallery__image wp-post-image\" alt=\"\" srcset=\"https:\/\/restauracja.schroniskobukowina.pl\/wp-content\/uploads\/2025\/02\/menu-aktualnosci-www-restauracja-3.png 1024w, https:\/\/restauracja.schroniskobukowina.pl\/wp-content\/uploads\/2025\/02\/menu-aktualnosci-www-restauracja-3-300x169.png 300w, https:\/\/restauracja.schroniskobukowina.pl\/wp-content\/uploads\/2025\/02\/menu-aktualnosci-www-restauracja-3-768x432.png 768w\" sizes=\"auto, (max-width: 1024px) 100vw, 1024px\" \/>\n    <\/div>\n\n\n    <div class=\"item-gallery__content\">\n\n        <div class=\"item-gallery__namebox\">\n\n            <h3 class=\"item-gallery__header\">\u010cokol\u00e1dov\u00e1 tarta<\/h3>\n\n            <div class=\"item-gallery__desc\">\n\n                \n<p class=\"wp-block-paragraph\">s jahodami a vanilkov\u00fdm kr\u00e9mom<br\/><br\/><\/p>\n<\/p>\n<p><em> <\/em><\/p>\n\n<p class=\"wp-block-paragraph\"><\/p>\n\n            <\/div>\n\n        <\/div>\n\n        <div class=\"item-gallery__price\">\n\n            <span>\n\n                32 PLN\n            <\/span>\n\n        <\/div>\n\n    <\/div>\n\n<\/div>\n<div class=\"item-gallery\" data-aos=\"fade-up\">\n\n    <div class=\"item-gallery__imagebox\">\n\n        <img loading=\"lazy\" decoding=\"async\" width=\"1024\" height=\"576\" src=\"https:\/\/restauracja.schroniskobukowina.pl\/wp-content\/uploads\/2025\/02\/sernik-baskijski-bukowina.png\" class=\"item-gallery__image wp-post-image\" alt=\"\" srcset=\"https:\/\/restauracja.schroniskobukowina.pl\/wp-content\/uploads\/2025\/02\/sernik-baskijski-bukowina.png 1024w, https:\/\/restauracja.schroniskobukowina.pl\/wp-content\/uploads\/2025\/02\/sernik-baskijski-bukowina-300x169.png 300w, https:\/\/restauracja.schroniskobukowina.pl\/wp-content\/uploads\/2025\/02\/sernik-baskijski-bukowina-768x432.png 768w\" sizes=\"auto, (max-width: 1024px) 100vw, 1024px\" \/>\n    <\/div>\n\n\n    <div class=\"item-gallery__content\">\n\n        <div class=\"item-gallery__namebox\">\n\n            <h3 class=\"item-gallery__header\">Baskick\u00fd cheesecake<\/h3>\n\n            <div class=\"item-gallery__desc\">\n\n                \n<p class=\"wp-block-paragraph\">z Philadelphie syra, s kakaov\u00fdm korpusom<\/p>\n<p><em><span style=\"font-weight: 500;\"><br \/><\/span><br \/><\/em><\/p>\n\n            <\/div>\n\n        <\/div>\n\n        <div class=\"item-gallery__price\">\n\n            <span>\n\n                32 PLN\n            <\/span>\n\n        <\/div>\n\n    <\/div>\n\n<\/div>\n<div class=\"item-gallery\" data-aos=\"fade-up\">\n\n    <div class=\"item-gallery__imagebox\">\n\n        <img loading=\"lazy\" decoding=\"async\" width=\"1024\" height=\"576\" src=\"https:\/\/restauracja.schroniskobukowina.pl\/wp-content\/uploads\/2025\/02\/legendarna-beza-schronisko-smakow.png\" class=\"item-gallery__image wp-post-image\" alt=\"\" srcset=\"https:\/\/restauracja.schroniskobukowina.pl\/wp-content\/uploads\/2025\/02\/legendarna-beza-schronisko-smakow.png 1024w, https:\/\/restauracja.schroniskobukowina.pl\/wp-content\/uploads\/2025\/02\/legendarna-beza-schronisko-smakow-300x169.png 300w, https:\/\/restauracja.schroniskobukowina.pl\/wp-content\/uploads\/2025\/02\/legendarna-beza-schronisko-smakow-768x432.png 768w\" sizes=\"auto, (max-width: 1024px) 100vw, 1024px\" \/>\n    <\/div>\n\n\n    <div class=\"item-gallery__content\">\n\n        <div class=\"item-gallery__namebox\">\n\n            <h3 class=\"item-gallery__header\">Legend\u00e1rne Bez\u00e9<\/h3>\n\n            <div class=\"item-gallery__desc\">\n\n                \n<p class=\"wp-block-paragraph\">s mascarpone, ovoc\u00edm a mangovo-marakujov\u00fdm musom<\/p>\n<p><em><\/p>\n<p><\/em><\/p>\n\n            <\/div>\n\n        <\/div>\n\n        <div class=\"item-gallery__price\">\n\n            <span>\n\n                34 PLN\n            <\/span>\n\n        <\/div>\n\n    <\/div>\n\n<\/div>\n<div class=\"item-gallery\" data-aos=\"fade-up\">\n\n    <div class=\"item-gallery__imagebox\">\n\n        <img loading=\"lazy\" decoding=\"async\" width=\"1024\" height=\"865\" src=\"https:\/\/restauracja.schroniskobukowina.pl\/wp-content\/uploads\/2025\/02\/Galeria-dan-www-i-aktualnosci-appka-19.png\" class=\"item-gallery__image wp-post-image\" alt=\"\" srcset=\"https:\/\/restauracja.schroniskobukowina.pl\/wp-content\/uploads\/2025\/02\/Galeria-dan-www-i-aktualnosci-appka-19.png 1024w, https:\/\/restauracja.schroniskobukowina.pl\/wp-content\/uploads\/2025\/02\/Galeria-dan-www-i-aktualnosci-appka-19-300x253.png 300w, https:\/\/restauracja.schroniskobukowina.pl\/wp-content\/uploads\/2025\/02\/Galeria-dan-www-i-aktualnosci-appka-19-768x649.png 768w\" sizes=\"auto, (max-width: 1024px) 100vw, 1024px\" \/>\n    <\/div>\n\n\n    <div class=\"item-gallery__content\">\n\n        <div class=\"item-gallery__namebox\">\n\n            <h3 class=\"item-gallery__header\">Mlad\u00e1 zasma\u017een\u00e1 kapusta<\/h3>\n\n            <div class=\"item-gallery__desc\">\n\n                \n<p class=\"wp-block-paragraph\">slanina, k\u00f4por<\/p>\n\n            <\/div>\n\n        <\/div>\n\n        <div class=\"item-gallery__price\">\n\n            <span>\n\n                14 PLN\n            <\/span>\n\n        <\/div>\n\n    <\/div>\n\n<\/div>\n<div class=\"item-gallery\" data-aos=\"fade-up\">\n\n    <div class=\"item-gallery__imagebox\">\n\n        <img loading=\"lazy\" decoding=\"async\" width=\"1184\" height=\"1000\" src=\"https:\/\/restauracja.schroniskobukowina.pl\/wp-content\/uploads\/2025\/02\/image-51.webp\" class=\"item-gallery__image wp-post-image\" alt=\"\" srcset=\"https:\/\/restauracja.schroniskobukowina.pl\/wp-content\/uploads\/2025\/02\/image-51.webp 1184w, https:\/\/restauracja.schroniskobukowina.pl\/wp-content\/uploads\/2025\/02\/image-51-300x253.webp 300w, https:\/\/restauracja.schroniskobukowina.pl\/wp-content\/uploads\/2025\/02\/image-51-1024x865.webp 1024w, https:\/\/restauracja.schroniskobukowina.pl\/wp-content\/uploads\/2025\/02\/image-51-768x649.webp 768w\" sizes=\"auto, (max-width: 1184px) 100vw, 1184px\" \/>\n    <\/div>\n\n\n    <div class=\"item-gallery__content\">\n\n        <div class=\"item-gallery__namebox\">\n\n            <h3 class=\"item-gallery__header\">Listy \u0161al\u00e1tu<\/h3>\n\n            <div class=\"item-gallery__desc\">\n\n                \n<p class=\"wp-block-paragraph\">franc\u00fazsky medovo-hor\u010dicov\u00fd dressing s hor\u010dicou<\/p>\n\n            <\/div>\n\n        <\/div>\n\n        <div class=\"item-gallery__price\">\n\n            <span>\n\n                15 PLN\n            <\/span>\n\n        <\/div>\n\n    <\/div>\n\n<\/div>\n<div class=\"item-gallery\" data-aos=\"fade-up\">\n\n    <div class=\"item-gallery__imagebox\">\n\n        <img loading=\"lazy\" decoding=\"async\" width=\"2560\" height=\"1707\" src=\"https:\/\/restauracja.schroniskobukowina.pl\/wp-content\/uploads\/2025\/02\/DSC2495-scaled.jpg\" class=\"item-gallery__image wp-post-image\" alt=\"\" srcset=\"https:\/\/restauracja.schroniskobukowina.pl\/wp-content\/uploads\/2025\/02\/DSC2495-scaled.jpg 2560w, https:\/\/restauracja.schroniskobukowina.pl\/wp-content\/uploads\/2025\/02\/DSC2495-300x200.jpg 300w, https:\/\/restauracja.schroniskobukowina.pl\/wp-content\/uploads\/2025\/02\/DSC2495-1024x683.jpg 1024w, https:\/\/restauracja.schroniskobukowina.pl\/wp-content\/uploads\/2025\/02\/DSC2495-768x512.jpg 768w, https:\/\/restauracja.schroniskobukowina.pl\/wp-content\/uploads\/2025\/02\/DSC2495-1536x1024.jpg 1536w, https:\/\/restauracja.schroniskobukowina.pl\/wp-content\/uploads\/2025\/02\/DSC2495-2048x1365.jpg 2048w\" sizes=\"auto, (max-width: 2560px) 100vw, 2560px\" \/>\n    <\/div>\n\n\n    <div class=\"item-gallery__content\">\n\n        <div class=\"item-gallery__namebox\">\n\n            <h3 class=\"item-gallery__header\">Hranolky po na\u0161om<\/h3>\n\n            <div class=\"item-gallery__desc\">\n\n                \n<p class=\"wp-block-paragraph\"><em><br\/><\/em><\/p>\n\n            <\/div>\n\n        <\/div>\n\n        <div class=\"item-gallery__price\">\n\n            <span>\n\n                15 PLN\n            <\/span>\n\n        <\/div>\n\n    <\/div>\n\n<\/div>\n<div class=\"item-gallery\" data-aos=\"fade-up\">\n\n    <div class=\"item-gallery__imagebox\">\n\n        <img loading=\"lazy\" decoding=\"async\" width=\"1184\" height=\"1000\" src=\"https:\/\/restauracja.schroniskobukowina.pl\/wp-content\/uploads\/2025\/02\/image-53.webp\" class=\"item-gallery__image wp-post-image\" alt=\"\" srcset=\"https:\/\/restauracja.schroniskobukowina.pl\/wp-content\/uploads\/2025\/02\/image-53.webp 1184w, https:\/\/restauracja.schroniskobukowina.pl\/wp-content\/uploads\/2025\/02\/image-53-300x253.webp 300w, https:\/\/restauracja.schroniskobukowina.pl\/wp-content\/uploads\/2025\/02\/image-53-1024x865.webp 1024w, https:\/\/restauracja.schroniskobukowina.pl\/wp-content\/uploads\/2025\/02\/image-53-768x649.webp 768w\" sizes=\"auto, (max-width: 1184px) 100vw, 1184px\" \/>\n    <\/div>\n\n\n    <div class=\"item-gallery__content\">\n\n        <div class=\"item-gallery__namebox\">\n\n            <h3 class=\"item-gallery__header\">Mini zemiaky<\/h3>\n\n            <div class=\"item-gallery__desc\">\n\n                \n<p class=\"wp-block-paragraph\">kr\u00e9mov\u00fd muss z bryndze | pa\u017e\u00edtka<\/p>\n\n            <\/div>\n\n        <\/div>\n\n        <div class=\"item-gallery__price\">\n\n            <span>\n\n                14 PLN\n            <\/span>\n\n        <\/div>\n\n    <\/div>\n\n<\/div>\n<div class=\"item-gallery\" data-aos=\"fade-up\">\n\n    <div class=\"item-gallery__imagebox\">\n\n        <img loading=\"lazy\" decoding=\"async\" width=\"1184\" height=\"1000\" src=\"https:\/\/restauracja.schroniskobukowina.pl\/wp-content\/uploads\/2025\/02\/image-54.webp\" class=\"item-gallery__image wp-post-image\" alt=\"\" srcset=\"https:\/\/restauracja.schroniskobukowina.pl\/wp-content\/uploads\/2025\/02\/image-54.webp 1184w, https:\/\/restauracja.schroniskobukowina.pl\/wp-content\/uploads\/2025\/02\/image-54-300x253.webp 300w, https:\/\/restauracja.schroniskobukowina.pl\/wp-content\/uploads\/2025\/02\/image-54-1024x865.webp 1024w, https:\/\/restauracja.schroniskobukowina.pl\/wp-content\/uploads\/2025\/02\/image-54-768x649.webp 768w\" sizes=\"auto, (max-width: 1184px) 100vw, 1184px\" \/>\n    <\/div>\n\n\n    <div class=\"item-gallery__content\">\n\n        <div class=\"item-gallery__namebox\">\n\n            <h3 class=\"item-gallery__header\">Palacinky<\/h3>\n\n            <div class=\"item-gallery__desc\">\n\n                \n<p class=\"wp-block-paragraph\">s vanilkov\u00fdm tvarohom, malinovou penou a pr\u00e1\u0161kov\u00fdm cukrom<\/p>\n<p><em><\/p>\n<p><\/em><\/p>\n\n<p class=\"wp-block-paragraph\"><\/p>\n\n            <\/div>\n\n        <\/div>\n\n        <div class=\"item-gallery__price\">\n\n            <span>\n\n                29 PLN\n            <\/span>\n\n        <\/div>\n\n    <\/div>\n\n<\/div>\n<div class=\"item-gallery\" data-aos=\"fade-up\">\n\n    <div class=\"item-gallery__imagebox\">\n\n        <img loading=\"lazy\" decoding=\"async\" width=\"1024\" height=\"576\" src=\"https:\/\/restauracja.schroniskobukowina.pl\/wp-content\/uploads\/2025\/02\/dla-dzieci-zupa-pomidorowa.png\" class=\"item-gallery__image wp-post-image\" alt=\"\" srcset=\"https:\/\/restauracja.schroniskobukowina.pl\/wp-content\/uploads\/2025\/02\/dla-dzieci-zupa-pomidorowa.png 1024w, https:\/\/restauracja.schroniskobukowina.pl\/wp-content\/uploads\/2025\/02\/dla-dzieci-zupa-pomidorowa-300x169.png 300w, https:\/\/restauracja.schroniskobukowina.pl\/wp-content\/uploads\/2025\/02\/dla-dzieci-zupa-pomidorowa-768x432.png 768w\" sizes=\"auto, (max-width: 1024px) 100vw, 1024px\" \/>\n    <\/div>\n\n\n    <div class=\"item-gallery__content\">\n\n        <div class=\"item-gallery__namebox\">\n\n            <h3 class=\"item-gallery__header\">Dom\u00e1ca paradajkov\u00e1<\/h3>\n\n            <div class=\"item-gallery__desc\">\n\n                \n<p class=\"wp-block-paragraph\">s cestovinou Mimoni<\/p>\n\n<p class=\"wp-block-paragraph\"><\/p>\n\n            <\/div>\n\n        <\/div>\n\n        <div class=\"item-gallery__price\">\n\n            <span>\n\n                19 PLN\n            <\/span>\n\n        <\/div>\n\n    <\/div>\n\n<\/div>\n<div class=\"item-gallery\" data-aos=\"fade-up\">\n\n    <div class=\"item-gallery__imagebox\">\n\n        <img loading=\"lazy\" decoding=\"async\" width=\"1184\" height=\"1000\" src=\"https:\/\/restauracja.schroniskobukowina.pl\/wp-content\/uploads\/2025\/02\/image-56.webp\" class=\"item-gallery__image wp-post-image\" alt=\"\" srcset=\"https:\/\/restauracja.schroniskobukowina.pl\/wp-content\/uploads\/2025\/02\/image-56.webp 1184w, https:\/\/restauracja.schroniskobukowina.pl\/wp-content\/uploads\/2025\/02\/image-56-300x253.webp 300w, https:\/\/restauracja.schroniskobukowina.pl\/wp-content\/uploads\/2025\/02\/image-56-1024x865.webp 1024w, https:\/\/restauracja.schroniskobukowina.pl\/wp-content\/uploads\/2025\/02\/image-56-768x649.webp 768w\" sizes=\"auto, (max-width: 1184px) 100vw, 1184px\" \/>\n    <\/div>\n\n\n    <div class=\"item-gallery__content\">\n\n        <div class=\"item-gallery__namebox\">\n\n            <h3 class=\"item-gallery__header\">Pan\u00edrovan\u00e9 kuracie prsty<\/h3>\n\n            <div class=\"item-gallery__desc\">\n\n                \n<p class=\"wp-block-paragraph\">s hranolkami a mrkvov\u00fdm \u0161al\u00e1tom<\/p>\n<p><em><\/p>\n<p><\/em><\/p>\n\n            <\/div>\n\n        <\/div>\n\n        <div class=\"item-gallery__price\">\n\n            <span>\n\n                29 PLN\n            <\/span>\n\n        <\/div>\n\n    <\/div>\n\n<\/div>            <\/div>\n\n                                <div class=\"tab-pane content-menu__panel fade\"\n                         id=\"kategoria-kulinarske-prazdniny\"\n                         role=\"tabpanel\"\n                         aria-labelledby=\"kategoria-kulinarske-prazdniny-tab\"\n                         tabindex=\"0\">\n                        \n<div class=\"item-gallery\" data-aos=\"fade-up\">\n\n    <div class=\"item-gallery__imagebox\">\n\n        <img loading=\"lazy\" decoding=\"async\" width=\"1024\" height=\"576\" src=\"https:\/\/restauracja.schroniskobukowina.pl\/wp-content\/uploads\/2026\/07\/menu-aktualnosci-www-restauracja-1.png\" class=\"item-gallery__image wp-post-image\" alt=\"\" srcset=\"https:\/\/restauracja.schroniskobukowina.pl\/wp-content\/uploads\/2026\/07\/menu-aktualnosci-www-restauracja-1.png 1024w, https:\/\/restauracja.schroniskobukowina.pl\/wp-content\/uploads\/2026\/07\/menu-aktualnosci-www-restauracja-1-300x169.png 300w, https:\/\/restauracja.schroniskobukowina.pl\/wp-content\/uploads\/2026\/07\/menu-aktualnosci-www-restauracja-1-768x432.png 768w\" sizes=\"auto, (max-width: 1024px) 100vw, 1024px\" \/>\n    <\/div>\n\n\n    <div class=\"item-gallery__content\">\n\n        <div class=\"item-gallery__namebox\">\n\n            <h3 class=\"item-gallery__header\">Bolo de Figos e Am\u00eandoa<\/h3>\n\n            <div class=\"item-gallery__desc\">\n\n                \n<p class=\"wp-block-paragraph\">mand\u013eov\u00fd kol\u00e1\u010d s figami | figy karamelizovan\u00e9 v portskom v\u00edne | pr\u00edrodn\u00fd jogurt | vanilka<\/p>\n\n<p class=\"wp-block-paragraph\"><\/p>\n\n            <\/div>\n\n        <\/div>\n\n        <div class=\"item-gallery__price\">\n\n            <span>\n\n                32 PLN\n            <\/span>\n\n        <\/div>\n\n    <\/div>\n\n<\/div>\n<div class=\"item-gallery\" data-aos=\"fade-up\">\n\n    <div class=\"item-gallery__imagebox\">\n\n        <img loading=\"lazy\" decoding=\"async\" width=\"1024\" height=\"576\" src=\"https:\/\/restauracja.schroniskobukowina.pl\/wp-content\/uploads\/2026\/07\/menu-aktualnosci-www-restauracja-8.png\" class=\"item-gallery__image wp-post-image\" alt=\"\" srcset=\"https:\/\/restauracja.schroniskobukowina.pl\/wp-content\/uploads\/2026\/07\/menu-aktualnosci-www-restauracja-8.png 1024w, https:\/\/restauracja.schroniskobukowina.pl\/wp-content\/uploads\/2026\/07\/menu-aktualnosci-www-restauracja-8-300x169.png 300w, https:\/\/restauracja.schroniskobukowina.pl\/wp-content\/uploads\/2026\/07\/menu-aktualnosci-www-restauracja-8-768x432.png 768w\" sizes=\"auto, (max-width: 1024px) 100vw, 1024px\" \/>\n    <\/div>\n\n\n    <div class=\"item-gallery__content\">\n\n        <div class=\"item-gallery__namebox\">\n\n            <h3 class=\"item-gallery__header\">Bife \u00e0 Caf\u00e9<\/h3>\n\n            <div class=\"item-gallery__desc\">\n\n                \n<p class=\"wp-block-paragraph\">steak z hov\u00e4dzej svie\u010dkovice | espresso\u2013porto om\u00e1\u010dka | cesnakov\u00e9 maslo | Jam\u00f3n Ib\u00e9rico | fazu\u013eka na masle | hrianky<\/p>\n\n<p class=\"wp-block-paragraph\"><\/p>\n\n            <\/div>\n\n        <\/div>\n\n        <div class=\"item-gallery__price\">\n\n            <span>\n\n                119 PLN\n            <\/span>\n\n        <\/div>\n\n    <\/div>\n\n<\/div>\n<div class=\"item-gallery\" data-aos=\"fade-up\">\n\n    <div class=\"item-gallery__imagebox\">\n\n        <img loading=\"lazy\" decoding=\"async\" width=\"1707\" height=\"2560\" src=\"https:\/\/restauracja.schroniskobukowina.pl\/wp-content\/uploads\/2026\/07\/DSC5117-scaled.jpg\" class=\"item-gallery__image wp-post-image\" alt=\"\" srcset=\"https:\/\/restauracja.schroniskobukowina.pl\/wp-content\/uploads\/2026\/07\/DSC5117-scaled.jpg 1707w, https:\/\/restauracja.schroniskobukowina.pl\/wp-content\/uploads\/2026\/07\/DSC5117-200x300.jpg 200w, https:\/\/restauracja.schroniskobukowina.pl\/wp-content\/uploads\/2026\/07\/DSC5117-683x1024.jpg 683w, https:\/\/restauracja.schroniskobukowina.pl\/wp-content\/uploads\/2026\/07\/DSC5117-768x1152.jpg 768w, https:\/\/restauracja.schroniskobukowina.pl\/wp-content\/uploads\/2026\/07\/DSC5117-1024x1536.jpg 1024w, https:\/\/restauracja.schroniskobukowina.pl\/wp-content\/uploads\/2026\/07\/DSC5117-1365x2048.jpg 1365w\" sizes=\"auto, (max-width: 1707px) 100vw, 1707px\" \/>\n    <\/div>\n\n\n    <div class=\"item-gallery__content\">\n\n        <div class=\"item-gallery__namebox\">\n\n            <h3 class=\"item-gallery__header\">Dom\u00e1ce mu\u0161le<\/h3>\n\n            <div class=\"item-gallery__desc\">\n\n                \n<p class=\"wp-block-paragraph\">mu\u0161le | kr\u00e9mov\u00e1 om\u00e1\u010dka z bieleho v\u00edna a smotany | cesnak | koriander | pe\u010divo <\/p>\n\n<p class=\"wp-block-paragraph\"><\/p>\n\n            <\/div>\n\n        <\/div>\n\n        <div class=\"item-gallery__price\">\n\n            <span>\n\n                48 PLN\n            <\/span>\n\n        <\/div>\n\n    <\/div>\n\n<\/div>                    <\/div>\n                                <div class=\"tab-pane content-menu__panel fade\"\n                         id=\"kategoria-novinky\"\n                         role=\"tabpanel\"\n                         aria-labelledby=\"kategoria-novinky-tab\"\n                         tabindex=\"0\">\n                                            <\/div>\n                                <div class=\"tab-pane content-menu__panel fade\"\n                         id=\"kategoria-polievky\"\n                         role=\"tabpanel\"\n                         aria-labelledby=\"kategoria-polievky-tab\"\n                         tabindex=\"0\">\n                        \n<div class=\"item-gallery\" data-aos=\"fade-up\">\n\n    <div class=\"item-gallery__imagebox\">\n\n        <img loading=\"lazy\" decoding=\"async\" width=\"1024\" height=\"865\" src=\"https:\/\/restauracja.schroniskobukowina.pl\/wp-content\/uploads\/2025\/02\/Galeria-dan-www-1.png\" class=\"item-gallery__image wp-post-image\" alt=\"\" srcset=\"https:\/\/restauracja.schroniskobukowina.pl\/wp-content\/uploads\/2025\/02\/Galeria-dan-www-1.png 1024w, https:\/\/restauracja.schroniskobukowina.pl\/wp-content\/uploads\/2025\/02\/Galeria-dan-www-1-300x253.png 300w, https:\/\/restauracja.schroniskobukowina.pl\/wp-content\/uploads\/2025\/02\/Galeria-dan-www-1-768x649.png 768w\" sizes=\"auto, (max-width: 1024px) 100vw, 1024px\" \/>\n    <\/div>\n\n\n    <div class=\"item-gallery__content\">\n\n        <div class=\"item-gallery__namebox\">\n\n            <h3 class=\"item-gallery__header\">Kapustnica s \u00faden\u00fdm rebierkom<\/h3>\n\n            <div class=\"item-gallery__desc\">\n\n                \n<p class=\"wp-block-paragraph\">chrumkav\u00fdmi o\u0161kvarkami a zemiakmi<\/p>\n<p><em><span style=\"font-weight: 500;\"><br \/><\/span><br \/><\/em><\/p>\n\n            <\/div>\n\n        <\/div>\n\n        <div class=\"item-gallery__price\">\n\n            <span>\n\n                34 PLN\n            <\/span>\n\n        <\/div>\n\n    <\/div>\n\n<\/div>\n<div class=\"item-gallery\" data-aos=\"fade-up\">\n\n    <div class=\"item-gallery__imagebox\">\n\n        <img loading=\"lazy\" decoding=\"async\" width=\"1024\" height=\"865\" src=\"https:\/\/restauracja.schroniskobukowina.pl\/wp-content\/uploads\/2025\/02\/krem-szparagi.png\" class=\"item-gallery__image wp-post-image\" alt=\"\" srcset=\"https:\/\/restauracja.schroniskobukowina.pl\/wp-content\/uploads\/2025\/02\/krem-szparagi.png 1024w, https:\/\/restauracja.schroniskobukowina.pl\/wp-content\/uploads\/2025\/02\/krem-szparagi-300x253.png 300w, https:\/\/restauracja.schroniskobukowina.pl\/wp-content\/uploads\/2025\/02\/krem-szparagi-768x649.png 768w\" sizes=\"auto, (max-width: 1024px) 100vw, 1024px\" \/>\n    <\/div>\n\n\n    <div class=\"item-gallery__content\">\n\n        <div class=\"item-gallery__namebox\">\n\n            <h3 class=\"item-gallery__header\">Kr\u00e9m z bielych \u0161parg\u013eov<\/h3>\n\n            <div class=\"item-gallery__desc\">\n\n                \n<p class=\"wp-block-paragraph\">biela h\u013euzovka | zelen\u00fd hr\u00e1\u0161ok | hlivy | medved\u00ed cesnak<br\/><\/p>\n\n<p class=\"wp-block-paragraph\"><\/p>\n\n            <\/div>\n\n        <\/div>\n\n        <div class=\"item-gallery__price\">\n\n            <span>\n\n                36 PLN\n            <\/span>\n\n        <\/div>\n\n    <\/div>\n\n<\/div>\n<div class=\"item-gallery\" data-aos=\"fade-up\">\n\n    <div class=\"item-gallery__imagebox\">\n\n        <img loading=\"lazy\" decoding=\"async\" width=\"1024\" height=\"865\" src=\"https:\/\/restauracja.schroniskobukowina.pl\/wp-content\/uploads\/2025\/02\/zupa-krem-szczawiowa.png\" class=\"item-gallery__image wp-post-image\" alt=\"\" srcset=\"https:\/\/restauracja.schroniskobukowina.pl\/wp-content\/uploads\/2025\/02\/zupa-krem-szczawiowa.png 1024w, https:\/\/restauracja.schroniskobukowina.pl\/wp-content\/uploads\/2025\/02\/zupa-krem-szczawiowa-300x253.png 300w, https:\/\/restauracja.schroniskobukowina.pl\/wp-content\/uploads\/2025\/02\/zupa-krem-szczawiowa-768x649.png 768w\" sizes=\"auto, (max-width: 1024px) 100vw, 1024px\" \/>\n    <\/div>\n\n\n    <div class=\"item-gallery__content\">\n\n        <div class=\"item-gallery__namebox\">\n\n            <h3 class=\"item-gallery__header\">\u0160\u0165ave\u013eov\u00fd kr\u00e9m<\/h3>\n\n            <div class=\"item-gallery__desc\">\n\n                \n<p class=\"wp-block-paragraph\">vajce | bryndza | k\u00f4prov\u00fd olej | chlebov\u00fd crumble | zelenina<br\/><\/p>\n<p><span style=\"font-weight: 400;\"> <\/span><\/p>\n\n            <\/div>\n\n        <\/div>\n\n        <div class=\"item-gallery__price\">\n\n            <span>\n\n                34 PLN\n            <\/span>\n\n        <\/div>\n\n    <\/div>\n\n<\/div>                    <\/div>\n                                <div class=\"tab-pane content-menu__panel fade\"\n                         id=\"kategoria-salaty-2\"\n                         role=\"tabpanel\"\n                         aria-labelledby=\"kategoria-salaty-2-tab\"\n                         tabindex=\"0\">\n                        \n<div class=\"item-gallery\" data-aos=\"fade-up\">\n\n    <div class=\"item-gallery__imagebox\">\n\n        <img loading=\"lazy\" decoding=\"async\" width=\"1024\" height=\"865\" src=\"https:\/\/restauracja.schroniskobukowina.pl\/wp-content\/uploads\/2026\/02\/Galeria-dan-www-i-aktualnosci-appka-13.png\" class=\"item-gallery__image wp-post-image\" alt=\"\" srcset=\"https:\/\/restauracja.schroniskobukowina.pl\/wp-content\/uploads\/2026\/02\/Galeria-dan-www-i-aktualnosci-appka-13.png 1024w, https:\/\/restauracja.schroniskobukowina.pl\/wp-content\/uploads\/2026\/02\/Galeria-dan-www-i-aktualnosci-appka-13-300x253.png 300w, https:\/\/restauracja.schroniskobukowina.pl\/wp-content\/uploads\/2026\/02\/Galeria-dan-www-i-aktualnosci-appka-13-768x649.png 768w\" sizes=\"auto, (max-width: 1024px) 100vw, 1024px\" \/>\n    <\/div>\n\n\n    <div class=\"item-gallery__content\">\n\n        <div class=\"item-gallery__namebox\">\n\n            <h3 class=\"item-gallery__header\">Burrata<\/h3>\n\n            <div class=\"item-gallery__desc\">\n\n                \n<p class=\"wp-block-paragraph\">bakla\u017e\u00e1n z oh\u0148a | hummus | paradajkov\u00e1 salsa | \u010dierny cesnak | tahini dresing s yuzu<\/p>\n\n<p class=\"wp-block-paragraph\"><br\/><\/p>\n\n<p class=\"wp-block-paragraph\"><\/p>\n\n            <\/div>\n\n        <\/div>\n\n        <div class=\"item-gallery__price\">\n\n            <span>\n\n                54 PLN\n            <\/span>\n\n        <\/div>\n\n    <\/div>\n\n<\/div>\n<div class=\"item-gallery\" data-aos=\"fade-up\">\n\n    <div class=\"item-gallery__imagebox\">\n\n        <img loading=\"lazy\" decoding=\"async\" width=\"1024\" height=\"576\" src=\"https:\/\/restauracja.schroniskobukowina.pl\/wp-content\/uploads\/2025\/02\/salata-poledwica-schronisko-smakow.png\" class=\"item-gallery__image wp-post-image\" alt=\"\" srcset=\"https:\/\/restauracja.schroniskobukowina.pl\/wp-content\/uploads\/2025\/02\/salata-poledwica-schronisko-smakow.png 1024w, https:\/\/restauracja.schroniskobukowina.pl\/wp-content\/uploads\/2025\/02\/salata-poledwica-schronisko-smakow-300x169.png 300w, https:\/\/restauracja.schroniskobukowina.pl\/wp-content\/uploads\/2025\/02\/salata-poledwica-schronisko-smakow-768x432.png 768w\" sizes=\"auto, (max-width: 1024px) 100vw, 1024px\" \/>\n    <\/div>\n\n\n    <div class=\"item-gallery__content\">\n\n        <div class=\"item-gallery__namebox\">\n\n            <h3 class=\"item-gallery__header\">\u0160al\u00e1t s grilovanou svie\u010dkovou<\/h3>\n\n            <div class=\"item-gallery__desc\">\n\n                \n<p class=\"wp-block-paragraph\">karamelizovan\u00fd ples\u0148ov\u00fd syr | pra\u017een\u00fd vla\u0161sk\u00fd orech | mel\u00f3n | franc\u00fazsky medovo-hor\u010dicov\u00fd dressing s hor\u010dicou<\/p>\n<p><em><\/p>\n<p><\/em><\/p>\n\n            <\/div>\n\n        <\/div>\n\n        <div class=\"item-gallery__price\">\n\n            <span>\n\n                58 PLN\n            <\/span>\n\n        <\/div>\n\n    <\/div>\n\n<\/div>\n<div class=\"item-gallery\" data-aos=\"fade-up\">\n\n    <div class=\"item-gallery__imagebox\">\n\n        <img loading=\"lazy\" decoding=\"async\" width=\"1024\" height=\"576\" src=\"https:\/\/restauracja.schroniskobukowina.pl\/wp-content\/uploads\/2026\/06\/salata-cezar.png\" class=\"item-gallery__image wp-post-image\" alt=\"\" srcset=\"https:\/\/restauracja.schroniskobukowina.pl\/wp-content\/uploads\/2026\/06\/salata-cezar.png 1024w, https:\/\/restauracja.schroniskobukowina.pl\/wp-content\/uploads\/2026\/06\/salata-cezar-300x169.png 300w, https:\/\/restauracja.schroniskobukowina.pl\/wp-content\/uploads\/2026\/06\/salata-cezar-768x432.png 768w\" sizes=\"auto, (max-width: 1024px) 100vw, 1024px\" \/>\n    <\/div>\n\n\n    <div class=\"item-gallery__content\">\n\n        <div class=\"item-gallery__namebox\">\n\n            <h3 class=\"item-gallery__header\">C\u00e9zar<\/h3>\n\n            <div class=\"item-gallery__desc\">\n\n                \n<p class=\"wp-block-paragraph\">r\u00edmsky \u0161al\u00e1t | C\u00e9zar dresing | grilovan\u00e9 kuracie m\u00e4so | slaninka | oscypek | krut\u00f3ny<\/p>\n<p><em><\/p>\n<p><\/em><\/p>\n\n<p class=\"wp-block-paragraph\"><\/p>\n\n            <\/div>\n\n        <\/div>\n\n        <div class=\"item-gallery__price\">\n\n            <span>\n\n                49 PLN\n            <\/span>\n\n        <\/div>\n\n    <\/div>\n\n<\/div>                    <\/div>\n                                <div class=\"tab-pane content-menu__panel fade\"\n                         id=\"kategoria-steaky\"\n                         role=\"tabpanel\"\n                         aria-labelledby=\"kategoria-steaky-tab\"\n                         tabindex=\"0\">\n                        \n<div class=\"item-gallery\" data-aos=\"fade-up\">\n\n    <div class=\"item-gallery__imagebox\">\n\n        <img loading=\"lazy\" decoding=\"async\" width=\"1024\" height=\"576\" src=\"https:\/\/restauracja.schroniskobukowina.pl\/wp-content\/uploads\/2026\/06\/antrykot-polska-wolowina.png\" class=\"item-gallery__image wp-post-image\" alt=\"\" srcset=\"https:\/\/restauracja.schroniskobukowina.pl\/wp-content\/uploads\/2026\/06\/antrykot-polska-wolowina.png 1024w, https:\/\/restauracja.schroniskobukowina.pl\/wp-content\/uploads\/2026\/06\/antrykot-polska-wolowina-300x169.png 300w, https:\/\/restauracja.schroniskobukowina.pl\/wp-content\/uploads\/2026\/06\/antrykot-polska-wolowina-768x432.png 768w\" sizes=\"auto, (max-width: 1024px) 100vw, 1024px\" \/>\n    <\/div>\n\n\n    <div class=\"item-gallery__content\">\n\n        <div class=\"item-gallery__namebox\">\n\n            <h3 class=\"item-gallery__header\">Antrykot such\u00e9ho zrenia<\/h3>\n\n            <div class=\"item-gallery__desc\">\n\n                \n<p class=\"wp-block-paragraph\">po\u013esk\u00e9 hov\u00e4dzie m\u00e4so 300 g | karamelizovan\u00e1 cibu\u013ea | koreniaci om\u00e1\u010dka<\/p>\n<p><em><\/p>\n<p><\/em><\/p>\n\n<p class=\"wp-block-paragraph\"><\/p>\n\n            <\/div>\n\n        <\/div>\n\n        <div class=\"item-gallery__price\">\n\n            <span>\n\n                179 PLN\n            <\/span>\n\n        <\/div>\n\n    <\/div>\n\n<\/div>\n<div class=\"item-gallery\" data-aos=\"fade-up\">\n\n    <div class=\"item-gallery__imagebox\">\n\n        <img loading=\"lazy\" decoding=\"async\" width=\"1024\" height=\"576\" src=\"https:\/\/restauracja.schroniskobukowina.pl\/wp-content\/uploads\/2026\/06\/stek-polska-poledwica-wolowa.png\" class=\"item-gallery__image wp-post-image\" alt=\"\" srcset=\"https:\/\/restauracja.schroniskobukowina.pl\/wp-content\/uploads\/2026\/06\/stek-polska-poledwica-wolowa.png 1024w, https:\/\/restauracja.schroniskobukowina.pl\/wp-content\/uploads\/2026\/06\/stek-polska-poledwica-wolowa-300x169.png 300w, https:\/\/restauracja.schroniskobukowina.pl\/wp-content\/uploads\/2026\/06\/stek-polska-poledwica-wolowa-768x432.png 768w\" sizes=\"auto, (max-width: 1024px) 100vw, 1024px\" \/>\n    <\/div>\n\n\n    <div class=\"item-gallery__content\">\n\n        <div class=\"item-gallery__namebox\">\n\n            <h3 class=\"item-gallery__header\">Hov\u00e4dzia svie\u010dkov\u00e1 marinovan\u00e1 na mokro<\/h3>\n\n            <div class=\"item-gallery__desc\">\n\n                \n<p class=\"wp-block-paragraph\">na samostatn\u00e9 ope\u010denie na l\u00e1vovom kameni | po\u013esk\u00e9 hov\u00e4dzie m\u00e4so 200 g | karamelizovan\u00e1 cibu\u013ea | pep\u0159ov\u00fd sos<\/p>\n\n<p class=\"wp-block-paragraph\"><\/p>\n\n            <\/div>\n\n        <\/div>\n\n        <div class=\"item-gallery__price\">\n\n            <span>\n\n                94 PLN\n            <\/span>\n\n        <\/div>\n\n    <\/div>\n\n<\/div>                    <\/div>\n                                <div class=\"tab-pane content-menu__panel fade\"\n                         id=\"kategoria-burgery-2\"\n                         role=\"tabpanel\"\n                         aria-labelledby=\"kategoria-burgery-2-tab\"\n                         tabindex=\"0\">\n                        \n<div class=\"item-gallery\" data-aos=\"fade-up\">\n\n    <div class=\"item-gallery__imagebox\">\n\n        <img loading=\"lazy\" decoding=\"async\" width=\"1024\" height=\"865\" src=\"https:\/\/restauracja.schroniskobukowina.pl\/wp-content\/uploads\/2025\/02\/Galeria-dan-www-6-1.png\" class=\"item-gallery__image wp-post-image\" alt=\"\" srcset=\"https:\/\/restauracja.schroniskobukowina.pl\/wp-content\/uploads\/2025\/02\/Galeria-dan-www-6-1.png 1024w, https:\/\/restauracja.schroniskobukowina.pl\/wp-content\/uploads\/2025\/02\/Galeria-dan-www-6-1-300x253.png 300w, https:\/\/restauracja.schroniskobukowina.pl\/wp-content\/uploads\/2025\/02\/Galeria-dan-www-6-1-768x649.png 768w\" sizes=\"auto, (max-width: 1024px) 100vw, 1024px\" \/>\n    <\/div>\n\n\n    <div class=\"item-gallery__content\">\n\n        <div class=\"item-gallery__namebox\">\n\n            <h3 class=\"item-gallery__header\">Smash Burger<\/h3>\n\n            <div class=\"item-gallery__desc\">\n\n                \n<p class=\"wp-block-paragraph\">\u017eem\u013ea, hov\u00e4dzie m\u00e4so Wagyu, syr, slanina, pra\u017een\u00e1 cibu\u013ea, Smash om\u00e1\u010dka, BBQ om\u00e1\u010dka<\/p>\n\n<p class=\"wp-block-paragraph\"><br\/><\/p>\n\n            <\/div>\n\n        <\/div>\n\n        <div class=\"item-gallery__price\">\n\n            <span>\n\n                59 PLN\n            <\/span>\n\n        <\/div>\n\n    <\/div>\n\n<\/div>\n<div class=\"item-gallery\" data-aos=\"fade-up\">\n\n    <div class=\"item-gallery__imagebox\">\n\n        <img loading=\"lazy\" decoding=\"async\" width=\"1024\" height=\"576\" src=\"https:\/\/restauracja.schroniskobukowina.pl\/wp-content\/uploads\/2025\/12\/aktualnosci-www-restauracja-12.png\" class=\"item-gallery__image wp-post-image\" alt=\"\" srcset=\"https:\/\/restauracja.schroniskobukowina.pl\/wp-content\/uploads\/2025\/12\/aktualnosci-www-restauracja-12.png 1024w, https:\/\/restauracja.schroniskobukowina.pl\/wp-content\/uploads\/2025\/12\/aktualnosci-www-restauracja-12-300x169.png 300w, https:\/\/restauracja.schroniskobukowina.pl\/wp-content\/uploads\/2025\/12\/aktualnosci-www-restauracja-12-768x432.png 768w\" sizes=\"auto, (max-width: 1024px) 100vw, 1024px\" \/>\n    <\/div>\n\n\n    <div class=\"item-gallery__content\">\n\n        <div class=\"item-gallery__namebox\">\n\n            <h3 class=\"item-gallery__header\">Burger Szarpany<\/h3>\n\n            <div class=\"item-gallery__desc\">\n\n                \n<p class=\"wp-block-paragraph\">\u017eem\u013ea | trhan\u00e9 hov\u00e4dzie rebierka | coleslaw z \u010dervenej kapusty s franc\u00fazskou hor\u010dicou | jalape\u00f1o | syr | karamelizovan\u00e1 cibu\u013ea | aioli | BBQ om\u00e1\u010dka<\/p>\n\n<p class=\"wp-block-paragraph\"><br\/><\/p>\n\n<p class=\"wp-block-paragraph\"><\/p>\n\n            <\/div>\n\n        <\/div>\n\n        <div class=\"item-gallery__price\">\n\n            <span>\n\n                62 PLN\n            <\/span>\n\n        <\/div>\n\n    <\/div>\n\n<\/div>\n<div class=\"item-gallery\" data-aos=\"fade-up\">\n\n    <div class=\"item-gallery__imagebox\">\n\n        <img loading=\"lazy\" decoding=\"async\" width=\"1024\" height=\"865\" src=\"https:\/\/restauracja.schroniskobukowina.pl\/wp-content\/uploads\/2025\/02\/Galeria-dan-www-5.png\" class=\"item-gallery__image wp-post-image\" alt=\"\" srcset=\"https:\/\/restauracja.schroniskobukowina.pl\/wp-content\/uploads\/2025\/02\/Galeria-dan-www-5.png 1024w, https:\/\/restauracja.schroniskobukowina.pl\/wp-content\/uploads\/2025\/02\/Galeria-dan-www-5-300x253.png 300w, https:\/\/restauracja.schroniskobukowina.pl\/wp-content\/uploads\/2025\/02\/Galeria-dan-www-5-768x649.png 768w\" sizes=\"auto, (max-width: 1024px) 100vw, 1024px\" \/>\n    <\/div>\n\n\n    <div class=\"item-gallery__content\">\n\n        <div class=\"item-gallery__namebox\">\n\n            <h3 class=\"item-gallery__header\">Klasick\u00fd burger<\/h3>\n\n            <div class=\"item-gallery__desc\">\n\n                \n<p class=\"wp-block-paragraph\">\u017eem\u013ea, hov\u00e4dzie m\u00e4so Wagyu, syr, slanina, paradajka, nakladan\u00e9 uhorky, \u0161al\u00e1t, \u010derven\u00e1 cibu\u013ea, relish, aioli om\u00e1\u010dka<\/p>\n<p><em> <\/em><\/p>\n<\/p>\n<p><span style=\"font-weight: 500;\"> <\/span><\/p>\n\n            <\/div>\n\n        <\/div>\n\n        <div class=\"item-gallery__price\">\n\n            <span>\n\n                67 PLN\n            <\/span>\n\n        <\/div>\n\n    <\/div>\n\n<\/div>\n<div class=\"item-gallery\" data-aos=\"fade-up\">\n\n    <div class=\"item-gallery__imagebox\">\n\n        <img loading=\"lazy\" decoding=\"async\" width=\"1024\" height=\"576\" src=\"https:\/\/restauracja.schroniskobukowina.pl\/wp-content\/uploads\/2025\/12\/jagniecy-burger-schronisko.png\" class=\"item-gallery__image wp-post-image\" alt=\"\" srcset=\"https:\/\/restauracja.schroniskobukowina.pl\/wp-content\/uploads\/2025\/12\/jagniecy-burger-schronisko.png 1024w, https:\/\/restauracja.schroniskobukowina.pl\/wp-content\/uploads\/2025\/12\/jagniecy-burger-schronisko-300x169.png 300w, https:\/\/restauracja.schroniskobukowina.pl\/wp-content\/uploads\/2025\/12\/jagniecy-burger-schronisko-768x432.png 768w\" sizes=\"auto, (max-width: 1024px) 100vw, 1024px\" \/>\n    <\/div>\n\n\n    <div class=\"item-gallery__content\">\n\n        <div class=\"item-gallery__namebox\">\n\n            <h3 class=\"item-gallery__header\">Jah\u0148ac\u00ed Burger<\/h3>\n\n            <div class=\"item-gallery__desc\">\n\n                \n<p class=\"wp-block-paragraph\">\u017eem\u013ea, trhan\u00e9 jah\u0148acie v BBQ om\u00e1\u010dke, syr, grilovan\u00e1 cibu\u013ea, korenen\u00e1 om\u00e1\u010dka, rukola, jalapeno, \u0161\u00e9fkuch\u00e1rska om\u00e1\u010dka<\/p>\n\n<p class=\"wp-block-paragraph\"><br\/><\/p>\n\n<p class=\"wp-block-paragraph\"><\/p>\n\n            <\/div>\n\n        <\/div>\n\n        <div class=\"item-gallery__price\">\n\n            <span>\n\n                56 PLN\n            <\/span>\n\n        <\/div>\n\n    <\/div>\n\n<\/div>                    <\/div>\n                                <div class=\"tab-pane content-menu__panel fade\"\n                         id=\"kategoria-extra\"\n                         role=\"tabpanel\"\n                         aria-labelledby=\"kategoria-extra-tab\"\n                         tabindex=\"0\">\n                        \n<div class=\"item-gallery\" data-aos=\"fade-up\">\n\n    <div class=\"item-gallery__imagebox\">\n\n        <img loading=\"lazy\" decoding=\"async\" width=\"1024\" height=\"865\" src=\"https:\/\/restauracja.schroniskobukowina.pl\/wp-content\/uploads\/2026\/05\/Galeria-dan-www-i-aktualnosci-appka-18.png\" class=\"item-gallery__image wp-post-image\" alt=\"\" srcset=\"https:\/\/restauracja.schroniskobukowina.pl\/wp-content\/uploads\/2026\/05\/Galeria-dan-www-i-aktualnosci-appka-18.png 1024w, https:\/\/restauracja.schroniskobukowina.pl\/wp-content\/uploads\/2026\/05\/Galeria-dan-www-i-aktualnosci-appka-18-300x253.png 300w, https:\/\/restauracja.schroniskobukowina.pl\/wp-content\/uploads\/2026\/05\/Galeria-dan-www-i-aktualnosci-appka-18-768x649.png 768w\" sizes=\"auto, (max-width: 1024px) 100vw, 1024px\" \/>\n    <\/div>\n\n\n    <div class=\"item-gallery__content\">\n\n        <div class=\"item-gallery__namebox\">\n\n            <h3 class=\"item-gallery__header\">Mizeria<\/h3>\n\n            <div class=\"item-gallery__desc\">\n\n                \n<p class=\"wp-block-paragraph\">zelen\u00e1 uhorka | kvasen\u00e1 uhorka | smotana | \u00faden\u00fd tvaroh | k\u00f4por<\/p>\n\n            <\/div>\n\n        <\/div>\n\n        <div class=\"item-gallery__price\">\n\n            <span>\n\n                15 PLN\n            <\/span>\n\n        <\/div>\n\n    <\/div>\n\n<\/div>\n<div class=\"item-gallery\" data-aos=\"fade-up\">\n\n    <div class=\"item-gallery__imagebox\">\n\n        <img loading=\"lazy\" decoding=\"async\" width=\"1024\" height=\"865\" src=\"https:\/\/restauracja.schroniskobukowina.pl\/wp-content\/uploads\/2025\/12\/warzywa-grillowane.png\" class=\"item-gallery__image wp-post-image\" alt=\"\" srcset=\"https:\/\/restauracja.schroniskobukowina.pl\/wp-content\/uploads\/2025\/12\/warzywa-grillowane.png 1024w, https:\/\/restauracja.schroniskobukowina.pl\/wp-content\/uploads\/2025\/12\/warzywa-grillowane-300x253.png 300w, https:\/\/restauracja.schroniskobukowina.pl\/wp-content\/uploads\/2025\/12\/warzywa-grillowane-768x649.png 768w\" sizes=\"auto, (max-width: 1024px) 100vw, 1024px\" \/>\n    <\/div>\n\n\n    <div class=\"item-gallery__content\">\n\n        <div class=\"item-gallery__namebox\">\n\n            <h3 class=\"item-gallery__header\">Grilovan\u00e1 zelenina<\/h3>\n\n            <div class=\"item-gallery__desc\">\n\n                \n            <\/div>\n\n        <\/div>\n\n        <div class=\"item-gallery__price\">\n\n            <span>\n\n                18 PLN\n            <\/span>\n\n        <\/div>\n\n    <\/div>\n\n<\/div>\n<div class=\"item-gallery\" data-aos=\"fade-up\">\n\n    <div class=\"item-gallery__imagebox\">\n\n        <img loading=\"lazy\" decoding=\"async\" width=\"1024\" height=\"865\" src=\"https:\/\/restauracja.schroniskobukowina.pl\/wp-content\/uploads\/2025\/02\/Galeria-dan-www-i-aktualnosci-appka-19.png\" class=\"item-gallery__image wp-post-image\" alt=\"\" srcset=\"https:\/\/restauracja.schroniskobukowina.pl\/wp-content\/uploads\/2025\/02\/Galeria-dan-www-i-aktualnosci-appka-19.png 1024w, https:\/\/restauracja.schroniskobukowina.pl\/wp-content\/uploads\/2025\/02\/Galeria-dan-www-i-aktualnosci-appka-19-300x253.png 300w, https:\/\/restauracja.schroniskobukowina.pl\/wp-content\/uploads\/2025\/02\/Galeria-dan-www-i-aktualnosci-appka-19-768x649.png 768w\" sizes=\"auto, (max-width: 1024px) 100vw, 1024px\" \/>\n    <\/div>\n\n\n    <div class=\"item-gallery__content\">\n\n        <div class=\"item-gallery__namebox\">\n\n            <h3 class=\"item-gallery__header\">Mlad\u00e1 zasma\u017een\u00e1 kapusta<\/h3>\n\n            <div class=\"item-gallery__desc\">\n\n                \n<p class=\"wp-block-paragraph\">slanina, k\u00f4por<\/p>\n\n            <\/div>\n\n        <\/div>\n\n        <div class=\"item-gallery__price\">\n\n            <span>\n\n                14 PLN\n            <\/span>\n\n        <\/div>\n\n    <\/div>\n\n<\/div>\n<div class=\"item-gallery\" data-aos=\"fade-up\">\n\n    <div class=\"item-gallery__imagebox\">\n\n        <img loading=\"lazy\" decoding=\"async\" width=\"1184\" height=\"1000\" src=\"https:\/\/restauracja.schroniskobukowina.pl\/wp-content\/uploads\/2025\/02\/image-51.webp\" class=\"item-gallery__image wp-post-image\" alt=\"\" srcset=\"https:\/\/restauracja.schroniskobukowina.pl\/wp-content\/uploads\/2025\/02\/image-51.webp 1184w, https:\/\/restauracja.schroniskobukowina.pl\/wp-content\/uploads\/2025\/02\/image-51-300x253.webp 300w, https:\/\/restauracja.schroniskobukowina.pl\/wp-content\/uploads\/2025\/02\/image-51-1024x865.webp 1024w, https:\/\/restauracja.schroniskobukowina.pl\/wp-content\/uploads\/2025\/02\/image-51-768x649.webp 768w\" sizes=\"auto, (max-width: 1184px) 100vw, 1184px\" \/>\n    <\/div>\n\n\n    <div class=\"item-gallery__content\">\n\n        <div class=\"item-gallery__namebox\">\n\n            <h3 class=\"item-gallery__header\">Listy \u0161al\u00e1tu<\/h3>\n\n            <div class=\"item-gallery__desc\">\n\n                \n<p class=\"wp-block-paragraph\">franc\u00fazsky medovo-hor\u010dicov\u00fd dressing s hor\u010dicou<\/p>\n\n            <\/div>\n\n        <\/div>\n\n        <div class=\"item-gallery__price\">\n\n            <span>\n\n                15 PLN\n            <\/span>\n\n        <\/div>\n\n    <\/div>\n\n<\/div>\n<div class=\"item-gallery\" data-aos=\"fade-up\">\n\n    <div class=\"item-gallery__imagebox\">\n\n        <img loading=\"lazy\" decoding=\"async\" width=\"2560\" height=\"1707\" src=\"https:\/\/restauracja.schroniskobukowina.pl\/wp-content\/uploads\/2025\/02\/DSC2495-scaled.jpg\" class=\"item-gallery__image wp-post-image\" alt=\"\" srcset=\"https:\/\/restauracja.schroniskobukowina.pl\/wp-content\/uploads\/2025\/02\/DSC2495-scaled.jpg 2560w, https:\/\/restauracja.schroniskobukowina.pl\/wp-content\/uploads\/2025\/02\/DSC2495-300x200.jpg 300w, https:\/\/restauracja.schroniskobukowina.pl\/wp-content\/uploads\/2025\/02\/DSC2495-1024x683.jpg 1024w, https:\/\/restauracja.schroniskobukowina.pl\/wp-content\/uploads\/2025\/02\/DSC2495-768x512.jpg 768w, https:\/\/restauracja.schroniskobukowina.pl\/wp-content\/uploads\/2025\/02\/DSC2495-1536x1024.jpg 1536w, https:\/\/restauracja.schroniskobukowina.pl\/wp-content\/uploads\/2025\/02\/DSC2495-2048x1365.jpg 2048w\" sizes=\"auto, (max-width: 2560px) 100vw, 2560px\" \/>\n    <\/div>\n\n\n    <div class=\"item-gallery__content\">\n\n        <div class=\"item-gallery__namebox\">\n\n            <h3 class=\"item-gallery__header\">Hranolky po na\u0161om<\/h3>\n\n            <div class=\"item-gallery__desc\">\n\n                \n<p class=\"wp-block-paragraph\"><em><br\/><\/em><\/p>\n\n            <\/div>\n\n        <\/div>\n\n        <div class=\"item-gallery__price\">\n\n            <span>\n\n                15 PLN\n            <\/span>\n\n        <\/div>\n\n    <\/div>\n\n<\/div>\n<div class=\"item-gallery\" data-aos=\"fade-up\">\n\n    <div class=\"item-gallery__imagebox\">\n\n        <img loading=\"lazy\" decoding=\"async\" width=\"1184\" height=\"1000\" src=\"https:\/\/restauracja.schroniskobukowina.pl\/wp-content\/uploads\/2025\/02\/image-53.webp\" class=\"item-gallery__image wp-post-image\" alt=\"\" srcset=\"https:\/\/restauracja.schroniskobukowina.pl\/wp-content\/uploads\/2025\/02\/image-53.webp 1184w, https:\/\/restauracja.schroniskobukowina.pl\/wp-content\/uploads\/2025\/02\/image-53-300x253.webp 300w, https:\/\/restauracja.schroniskobukowina.pl\/wp-content\/uploads\/2025\/02\/image-53-1024x865.webp 1024w, https:\/\/restauracja.schroniskobukowina.pl\/wp-content\/uploads\/2025\/02\/image-53-768x649.webp 768w\" sizes=\"auto, (max-width: 1184px) 100vw, 1184px\" \/>\n    <\/div>\n\n\n    <div class=\"item-gallery__content\">\n\n        <div class=\"item-gallery__namebox\">\n\n            <h3 class=\"item-gallery__header\">Mini zemiaky<\/h3>\n\n            <div class=\"item-gallery__desc\">\n\n                \n<p class=\"wp-block-paragraph\">kr\u00e9mov\u00fd muss z bryndze | pa\u017e\u00edtka<\/p>\n\n            <\/div>\n\n        <\/div>\n\n        <div class=\"item-gallery__price\">\n\n            <span>\n\n                14 PLN\n            <\/span>\n\n        <\/div>\n\n    <\/div>\n\n<\/div>                    <\/div>\n                                <div class=\"tab-pane content-menu__panel fade\"\n                         id=\"kategoria-detske-menu\"\n                         role=\"tabpanel\"\n                         aria-labelledby=\"kategoria-detske-menu-tab\"\n                         tabindex=\"0\">\n                        \n<div class=\"item-gallery\" data-aos=\"fade-up\">\n\n    <div class=\"item-gallery__imagebox\">\n\n        <img loading=\"lazy\" decoding=\"async\" width=\"1184\" height=\"1000\" src=\"https:\/\/restauracja.schroniskobukowina.pl\/wp-content\/uploads\/2025\/02\/image-54.webp\" class=\"item-gallery__image wp-post-image\" alt=\"\" srcset=\"https:\/\/restauracja.schroniskobukowina.pl\/wp-content\/uploads\/2025\/02\/image-54.webp 1184w, https:\/\/restauracja.schroniskobukowina.pl\/wp-content\/uploads\/2025\/02\/image-54-300x253.webp 300w, https:\/\/restauracja.schroniskobukowina.pl\/wp-content\/uploads\/2025\/02\/image-54-1024x865.webp 1024w, https:\/\/restauracja.schroniskobukowina.pl\/wp-content\/uploads\/2025\/02\/image-54-768x649.webp 768w\" sizes=\"auto, (max-width: 1184px) 100vw, 1184px\" \/>\n    <\/div>\n\n\n    <div class=\"item-gallery__content\">\n\n        <div class=\"item-gallery__namebox\">\n\n            <h3 class=\"item-gallery__header\">Palacinky<\/h3>\n\n            <div class=\"item-gallery__desc\">\n\n                \n<p class=\"wp-block-paragraph\">s vanilkov\u00fdm tvarohom, malinovou penou a pr\u00e1\u0161kov\u00fdm cukrom<\/p>\n<p><em><\/p>\n<p><\/em><\/p>\n\n<p class=\"wp-block-paragraph\"><\/p>\n\n            <\/div>\n\n        <\/div>\n\n        <div class=\"item-gallery__price\">\n\n            <span>\n\n                29 PLN\n            <\/span>\n\n        <\/div>\n\n    <\/div>\n\n<\/div>\n<div class=\"item-gallery\" data-aos=\"fade-up\">\n\n    <div class=\"item-gallery__imagebox\">\n\n        <img loading=\"lazy\" decoding=\"async\" width=\"1024\" height=\"576\" src=\"https:\/\/restauracja.schroniskobukowina.pl\/wp-content\/uploads\/2025\/02\/dla-dzieci-zupa-pomidorowa.png\" class=\"item-gallery__image wp-post-image\" alt=\"\" srcset=\"https:\/\/restauracja.schroniskobukowina.pl\/wp-content\/uploads\/2025\/02\/dla-dzieci-zupa-pomidorowa.png 1024w, https:\/\/restauracja.schroniskobukowina.pl\/wp-content\/uploads\/2025\/02\/dla-dzieci-zupa-pomidorowa-300x169.png 300w, https:\/\/restauracja.schroniskobukowina.pl\/wp-content\/uploads\/2025\/02\/dla-dzieci-zupa-pomidorowa-768x432.png 768w\" sizes=\"auto, (max-width: 1024px) 100vw, 1024px\" \/>\n    <\/div>\n\n\n    <div class=\"item-gallery__content\">\n\n        <div class=\"item-gallery__namebox\">\n\n            <h3 class=\"item-gallery__header\">Dom\u00e1ca paradajkov\u00e1<\/h3>\n\n            <div class=\"item-gallery__desc\">\n\n                \n<p class=\"wp-block-paragraph\">s cestovinou Mimoni<\/p>\n\n<p class=\"wp-block-paragraph\"><\/p>\n\n            <\/div>\n\n        <\/div>\n\n        <div class=\"item-gallery__price\">\n\n            <span>\n\n                19 PLN\n            <\/span>\n\n        <\/div>\n\n    <\/div>\n\n<\/div>\n<div class=\"item-gallery\" data-aos=\"fade-up\">\n\n    <div class=\"item-gallery__imagebox\">\n\n        <img loading=\"lazy\" decoding=\"async\" width=\"1184\" height=\"1000\" src=\"https:\/\/restauracja.schroniskobukowina.pl\/wp-content\/uploads\/2025\/02\/image-56.webp\" class=\"item-gallery__image wp-post-image\" alt=\"\" srcset=\"https:\/\/restauracja.schroniskobukowina.pl\/wp-content\/uploads\/2025\/02\/image-56.webp 1184w, https:\/\/restauracja.schroniskobukowina.pl\/wp-content\/uploads\/2025\/02\/image-56-300x253.webp 300w, https:\/\/restauracja.schroniskobukowina.pl\/wp-content\/uploads\/2025\/02\/image-56-1024x865.webp 1024w, https:\/\/restauracja.schroniskobukowina.pl\/wp-content\/uploads\/2025\/02\/image-56-768x649.webp 768w\" sizes=\"auto, (max-width: 1184px) 100vw, 1184px\" \/>\n    <\/div>\n\n\n    <div class=\"item-gallery__content\">\n\n        <div class=\"item-gallery__namebox\">\n\n            <h3 class=\"item-gallery__header\">Pan\u00edrovan\u00e9 kuracie prsty<\/h3>\n\n            <div class=\"item-gallery__desc\">\n\n                \n<p class=\"wp-block-paragraph\">s hranolkami a mrkvov\u00fdm \u0161al\u00e1tom<\/p>\n<p><em><\/p>\n<p><\/em><\/p>\n\n            <\/div>\n\n        <\/div>\n\n        <div class=\"item-gallery__price\">\n\n            <span>\n\n                29 PLN\n            <\/span>\n\n        <\/div>\n\n    <\/div>\n\n<\/div>                    <\/div>\n                                <div class=\"tab-pane content-menu__panel fade\"\n                         id=\"kategoria-dezerty\"\n                         role=\"tabpanel\"\n                         aria-labelledby=\"kategoria-dezerty-tab\"\n                         tabindex=\"0\">\n                        \n<div class=\"item-gallery\" data-aos=\"fade-up\">\n\n    <div class=\"item-gallery__imagebox\">\n\n        <img loading=\"lazy\" decoding=\"async\" width=\"2560\" height=\"1707\" src=\"https:\/\/restauracja.schroniskobukowina.pl\/wp-content\/uploads\/2026\/06\/DSC3972-1-scaled.jpg\" class=\"item-gallery__image wp-post-image\" alt=\"\" srcset=\"https:\/\/restauracja.schroniskobukowina.pl\/wp-content\/uploads\/2026\/06\/DSC3972-1-scaled.jpg 2560w, https:\/\/restauracja.schroniskobukowina.pl\/wp-content\/uploads\/2026\/06\/DSC3972-1-300x200.jpg 300w, https:\/\/restauracja.schroniskobukowina.pl\/wp-content\/uploads\/2026\/06\/DSC3972-1-1024x683.jpg 1024w, https:\/\/restauracja.schroniskobukowina.pl\/wp-content\/uploads\/2026\/06\/DSC3972-1-768x512.jpg 768w, https:\/\/restauracja.schroniskobukowina.pl\/wp-content\/uploads\/2026\/06\/DSC3972-1-1536x1024.jpg 1536w, https:\/\/restauracja.schroniskobukowina.pl\/wp-content\/uploads\/2026\/06\/DSC3972-1-2048x1365.jpg 2048w\" sizes=\"auto, (max-width: 2560px) 100vw, 2560px\" \/>\n    <\/div>\n\n\n    <div class=\"item-gallery__content\">\n\n        <div class=\"item-gallery__namebox\">\n\n            <h3 class=\"item-gallery__header\">Tatry z bielej \u010dokol\u00e1dy a pist\u00e1ci\u00ed<\/h3>\n\n            <div class=\"item-gallery__desc\">\n\n                \n<p class=\"wp-block-paragraph\">\u010du\u010doriedkov\u00e9 \u017eel\u00e9 | krehk\u00fd z\u00e1klad z mlie\u010dnej \u010dokol\u00e1dy<\/p>\n\n            <\/div>\n\n        <\/div>\n\n        <div class=\"item-gallery__price\">\n\n            <span>\n\n                32 PLN\n            <\/span>\n\n        <\/div>\n\n    <\/div>\n\n<\/div>\n<div class=\"item-gallery\" data-aos=\"fade-up\">\n\n    <div class=\"item-gallery__imagebox\">\n\n        <img loading=\"lazy\" decoding=\"async\" width=\"1024\" height=\"576\" src=\"https:\/\/restauracja.schroniskobukowina.pl\/wp-content\/uploads\/2026\/06\/deser-porzeczkowy.png\" class=\"item-gallery__image wp-post-image\" alt=\"\" srcset=\"https:\/\/restauracja.schroniskobukowina.pl\/wp-content\/uploads\/2026\/06\/deser-porzeczkowy.png 1024w, https:\/\/restauracja.schroniskobukowina.pl\/wp-content\/uploads\/2026\/06\/deser-porzeczkowy-300x169.png 300w, https:\/\/restauracja.schroniskobukowina.pl\/wp-content\/uploads\/2026\/06\/deser-porzeczkowy-768x432.png 768w\" sizes=\"auto, (max-width: 1024px) 100vw, 1024px\" \/>\n    <\/div>\n\n\n    <div class=\"item-gallery__content\">\n\n        <div class=\"item-gallery__namebox\">\n\n            <h3 class=\"item-gallery__header\">Mus z \u010diernych r\u00edbezl\u00ed<\/h3>\n\n            <div class=\"item-gallery__desc\">\n\n                \n<p class=\"wp-block-paragraph\">vanilkov\u00fd kr\u00e9m | maslov\u00fd sabl\u00e9 z\u00e1klad<\/p>\n\n            <\/div>\n\n        <\/div>\n\n        <div class=\"item-gallery__price\">\n\n            <span>\n\n                32 PLN\n            <\/span>\n\n        <\/div>\n\n    <\/div>\n\n<\/div>\n<div class=\"item-gallery\" data-aos=\"fade-up\">\n\n    <div class=\"item-gallery__imagebox\">\n\n        <img loading=\"lazy\" decoding=\"async\" width=\"1024\" height=\"576\" src=\"https:\/\/restauracja.schroniskobukowina.pl\/wp-content\/uploads\/2025\/02\/menu-aktualnosci-www-restauracja-3.png\" class=\"item-gallery__image wp-post-image\" alt=\"\" srcset=\"https:\/\/restauracja.schroniskobukowina.pl\/wp-content\/uploads\/2025\/02\/menu-aktualnosci-www-restauracja-3.png 1024w, https:\/\/restauracja.schroniskobukowina.pl\/wp-content\/uploads\/2025\/02\/menu-aktualnosci-www-restauracja-3-300x169.png 300w, https:\/\/restauracja.schroniskobukowina.pl\/wp-content\/uploads\/2025\/02\/menu-aktualnosci-www-restauracja-3-768x432.png 768w\" sizes=\"auto, (max-width: 1024px) 100vw, 1024px\" \/>\n    <\/div>\n\n\n    <div class=\"item-gallery__content\">\n\n        <div class=\"item-gallery__namebox\">\n\n            <h3 class=\"item-gallery__header\">\u010cokol\u00e1dov\u00e1 tarta<\/h3>\n\n            <div class=\"item-gallery__desc\">\n\n                \n<p class=\"wp-block-paragraph\">s jahodami a vanilkov\u00fdm kr\u00e9mom<br\/><br\/><\/p>\n<\/p>\n<p><em> <\/em><\/p>\n\n<p class=\"wp-block-paragraph\"><\/p>\n\n            <\/div>\n\n        <\/div>\n\n        <div class=\"item-gallery__price\">\n\n            <span>\n\n                32 PLN\n            <\/span>\n\n        <\/div>\n\n    <\/div>\n\n<\/div>\n<div class=\"item-gallery\" data-aos=\"fade-up\">\n\n    <div class=\"item-gallery__imagebox\">\n\n        <img loading=\"lazy\" decoding=\"async\" width=\"1024\" height=\"576\" src=\"https:\/\/restauracja.schroniskobukowina.pl\/wp-content\/uploads\/2025\/02\/sernik-baskijski-bukowina.png\" class=\"item-gallery__image wp-post-image\" alt=\"\" srcset=\"https:\/\/restauracja.schroniskobukowina.pl\/wp-content\/uploads\/2025\/02\/sernik-baskijski-bukowina.png 1024w, https:\/\/restauracja.schroniskobukowina.pl\/wp-content\/uploads\/2025\/02\/sernik-baskijski-bukowina-300x169.png 300w, https:\/\/restauracja.schroniskobukowina.pl\/wp-content\/uploads\/2025\/02\/sernik-baskijski-bukowina-768x432.png 768w\" sizes=\"auto, (max-width: 1024px) 100vw, 1024px\" \/>\n    <\/div>\n\n\n    <div class=\"item-gallery__content\">\n\n        <div class=\"item-gallery__namebox\">\n\n            <h3 class=\"item-gallery__header\">Baskick\u00fd cheesecake<\/h3>\n\n            <div class=\"item-gallery__desc\">\n\n                \n<p class=\"wp-block-paragraph\">z Philadelphie syra, s kakaov\u00fdm korpusom<\/p>\n<p><em><span style=\"font-weight: 500;\"><br \/><\/span><br \/><\/em><\/p>\n\n            <\/div>\n\n        <\/div>\n\n        <div class=\"item-gallery__price\">\n\n            <span>\n\n                32 PLN\n            <\/span>\n\n        <\/div>\n\n    <\/div>\n\n<\/div>\n<div class=\"item-gallery\" data-aos=\"fade-up\">\n\n    <div class=\"item-gallery__imagebox\">\n\n        <img loading=\"lazy\" decoding=\"async\" width=\"1024\" height=\"576\" src=\"https:\/\/restauracja.schroniskobukowina.pl\/wp-content\/uploads\/2025\/02\/legendarna-beza-schronisko-smakow.png\" class=\"item-gallery__image wp-post-image\" alt=\"\" srcset=\"https:\/\/restauracja.schroniskobukowina.pl\/wp-content\/uploads\/2025\/02\/legendarna-beza-schronisko-smakow.png 1024w, https:\/\/restauracja.schroniskobukowina.pl\/wp-content\/uploads\/2025\/02\/legendarna-beza-schronisko-smakow-300x169.png 300w, https:\/\/restauracja.schroniskobukowina.pl\/wp-content\/uploads\/2025\/02\/legendarna-beza-schronisko-smakow-768x432.png 768w\" sizes=\"auto, (max-width: 1024px) 100vw, 1024px\" \/>\n    <\/div>\n\n\n    <div class=\"item-gallery__content\">\n\n        <div class=\"item-gallery__namebox\">\n\n            <h3 class=\"item-gallery__header\">Legend\u00e1rne Bez\u00e9<\/h3>\n\n            <div class=\"item-gallery__desc\">\n\n                \n<p class=\"wp-block-paragraph\">s mascarpone, ovoc\u00edm a mangovo-marakujov\u00fdm musom<\/p>\n<p><em><\/p>\n<p><\/em><\/p>\n\n            <\/div>\n\n        <\/div>\n\n        <div class=\"item-gallery__price\">\n\n            <span>\n\n                34 PLN\n            <\/span>\n\n        <\/div>\n\n    <\/div>\n\n<\/div>                    <\/div>\n                                <div class=\"tab-pane content-menu__panel fade\"\n                         id=\"kategoria-novy\"\n                         role=\"tabpanel\"\n                         aria-labelledby=\"kategoria-novy-tab\"\n                         tabindex=\"0\">\n                                            <\/div>\n                                <div class=\"tab-pane content-menu__panel fade\"\n                         id=\"kategoria-hlavne-jedla\"\n                         role=\"tabpanel\"\n                         aria-labelledby=\"kategoria-hlavne-jedla-tab\"\n                         tabindex=\"0\">\n                        \n<div class=\"item-gallery\" data-aos=\"fade-up\">\n\n    <div class=\"item-gallery__imagebox\">\n\n        <img loading=\"lazy\" decoding=\"async\" width=\"1024\" height=\"865\" src=\"https:\/\/restauracja.schroniskobukowina.pl\/wp-content\/uploads\/2026\/05\/Galeria-dan-www-i-aktualnosci-appka-16.png\" class=\"item-gallery__image wp-post-image\" alt=\"\" srcset=\"https:\/\/restauracja.schroniskobukowina.pl\/wp-content\/uploads\/2026\/05\/Galeria-dan-www-i-aktualnosci-appka-16.png 1024w, https:\/\/restauracja.schroniskobukowina.pl\/wp-content\/uploads\/2026\/05\/Galeria-dan-www-i-aktualnosci-appka-16-300x253.png 300w, https:\/\/restauracja.schroniskobukowina.pl\/wp-content\/uploads\/2026\/05\/Galeria-dan-www-i-aktualnosci-appka-16-768x649.png 768w\" sizes=\"auto, (max-width: 1024px) 100vw, 1024px\" \/>\n    <\/div>\n\n\n    <div class=\"item-gallery__content\">\n\n        <div class=\"item-gallery__namebox\">\n\n            <h3 class=\"item-gallery__header\">Polovica pe\u010denej ka\u010dice<\/h3>\n\n            <div class=\"item-gallery__desc\">\n\n                \n<p class=\"wp-block-paragraph\">\u010derven\u00e1 kapusta dusen\u00e1 v \u010dervenom v\u00edne | om\u00e1\u010dka s vi\u0161\u0148ou a jablkom<\/p>\n\n            <\/div>\n\n        <\/div>\n\n        <div class=\"item-gallery__price\">\n\n            <span>\n\n                79 PLN\n            <\/span>\n\n        <\/div>\n\n    <\/div>\n\n<\/div>\n<div class=\"item-gallery\" data-aos=\"fade-up\">\n\n    <div class=\"item-gallery__imagebox\">\n\n        <img loading=\"lazy\" decoding=\"async\" width=\"1024\" height=\"865\" src=\"https:\/\/restauracja.schroniskobukowina.pl\/wp-content\/uploads\/2025\/02\/makaron-pistacjowy.png\" class=\"item-gallery__image wp-post-image\" alt=\"\" srcset=\"https:\/\/restauracja.schroniskobukowina.pl\/wp-content\/uploads\/2025\/02\/makaron-pistacjowy.png 1024w, https:\/\/restauracja.schroniskobukowina.pl\/wp-content\/uploads\/2025\/02\/makaron-pistacjowy-300x253.png 300w, https:\/\/restauracja.schroniskobukowina.pl\/wp-content\/uploads\/2025\/02\/makaron-pistacjowy-768x649.png 768w\" sizes=\"auto, (max-width: 1024px) 100vw, 1024px\" \/>\n    <\/div>\n\n\n    <div class=\"item-gallery__content\">\n\n        <div class=\"item-gallery__namebox\">\n\n            <h3 class=\"item-gallery__header\">Pappardelle cestoviny<\/h3>\n\n            <div class=\"item-gallery__desc\">\n\n                \n<p class=\"wp-block-paragraph\">s pist\u00e1ciov\u00fdm-h\u013euzovkov\u00fdm pestom, syrom burrata a pra\u017een\u00fdmi pist\u00e1ciami<\/p>\n<p><em><\/p>\n<p><\/em><\/p>\n\n            <\/div>\n\n        <\/div>\n\n        <div class=\"item-gallery__price\">\n\n            <span>\n\n                57 PLN\n            <\/span>\n\n        <\/div>\n\n    <\/div>\n\n<\/div>\n<div class=\"item-gallery\" data-aos=\"fade-up\">\n\n    <div class=\"item-gallery__imagebox\">\n\n        <img loading=\"lazy\" decoding=\"async\" width=\"1024\" height=\"576\" src=\"https:\/\/restauracja.schroniskobukowina.pl\/wp-content\/uploads\/2025\/02\/zeberka-bbq-puree-z-kukurydza.png\" class=\"item-gallery__image wp-post-image\" alt=\"\" srcset=\"https:\/\/restauracja.schroniskobukowina.pl\/wp-content\/uploads\/2025\/02\/zeberka-bbq-puree-z-kukurydza.png 1024w, https:\/\/restauracja.schroniskobukowina.pl\/wp-content\/uploads\/2025\/02\/zeberka-bbq-puree-z-kukurydza-300x169.png 300w, https:\/\/restauracja.schroniskobukowina.pl\/wp-content\/uploads\/2025\/02\/zeberka-bbq-puree-z-kukurydza-768x432.png 768w\" sizes=\"auto, (max-width: 1024px) 100vw, 1024px\" \/>\n    <\/div>\n\n\n    <div class=\"item-gallery__content\">\n\n        <div class=\"item-gallery__namebox\">\n\n            <h3 class=\"item-gallery__header\">Hov\u00e4dzie rebierka v BBQ om\u00e1\u010dke<\/h3>\n\n            <div class=\"item-gallery__desc\">\n\n                \n<p class=\"wp-block-paragraph\">maslov\u00e9 pyr\u00e9 | \u00faden\u00e1 kukurica | papri\u010dky padr\u00f3n s morskou so\u013eou<\/p>\n<p><em><br \/><\/em><span style=\"font-weight: 500;\"><br \/><\/span><\/p>\n\n<p class=\"wp-block-paragraph\"><\/p>\n\n            <\/div>\n\n        <\/div>\n\n        <div class=\"item-gallery__price\">\n\n            <span>\n\n                79 PLN\n            <\/span>\n\n        <\/div>\n\n    <\/div>\n\n<\/div>\n<div class=\"item-gallery\" data-aos=\"fade-up\">\n\n    <div class=\"item-gallery__imagebox\">\n\n        <img loading=\"lazy\" decoding=\"async\" width=\"1024\" height=\"576\" src=\"https:\/\/restauracja.schroniskobukowina.pl\/wp-content\/uploads\/2025\/06\/poledwiczka-wieprzowa.png\" class=\"item-gallery__image wp-post-image\" alt=\"\" srcset=\"https:\/\/restauracja.schroniskobukowina.pl\/wp-content\/uploads\/2025\/06\/poledwiczka-wieprzowa.png 1024w, https:\/\/restauracja.schroniskobukowina.pl\/wp-content\/uploads\/2025\/06\/poledwiczka-wieprzowa-300x169.png 300w, https:\/\/restauracja.schroniskobukowina.pl\/wp-content\/uploads\/2025\/06\/poledwiczka-wieprzowa-768x432.png 768w\" sizes=\"auto, (max-width: 1024px) 100vw, 1024px\" \/>\n    <\/div>\n\n\n    <div class=\"item-gallery__content\">\n\n        <div class=\"item-gallery__namebox\">\n\n            <h3 class=\"item-gallery__header\">Brav\u010dov\u00e1 svie\u010dkov\u00e1<\/h3>\n\n            <div class=\"item-gallery__desc\">\n\n                \n<p class=\"wp-block-paragraph\">dusen\u00e1 \u010derven\u00e1 kapusta | divok\u00e1 brokolica v maslovej emulzii | demi-glace s hor\u010dicou<br\/><\/p>\n\n            <\/div>\n\n        <\/div>\n\n        <div class=\"item-gallery__price\">\n\n            <span>\n\n                65 PLN\n            <\/span>\n\n        <\/div>\n\n    <\/div>\n\n<\/div>\n<div class=\"item-gallery\" data-aos=\"fade-up\">\n\n    <div class=\"item-gallery__imagebox\">\n\n        <img loading=\"lazy\" decoding=\"async\" width=\"1024\" height=\"865\" src=\"https:\/\/restauracja.schroniskobukowina.pl\/wp-content\/uploads\/2025\/02\/pierogi-z-jagniecina.png\" class=\"item-gallery__image wp-post-image\" alt=\"\" srcset=\"https:\/\/restauracja.schroniskobukowina.pl\/wp-content\/uploads\/2025\/02\/pierogi-z-jagniecina.png 1024w, https:\/\/restauracja.schroniskobukowina.pl\/wp-content\/uploads\/2025\/02\/pierogi-z-jagniecina-300x253.png 300w, https:\/\/restauracja.schroniskobukowina.pl\/wp-content\/uploads\/2025\/02\/pierogi-z-jagniecina-768x649.png 768w\" sizes=\"auto, (max-width: 1024px) 100vw, 1024px\" \/>\n    <\/div>\n\n\n    <div class=\"item-gallery__content\">\n\n        <div class=\"item-gallery__namebox\">\n\n            <h3 class=\"item-gallery__header\">Pirohy s jah\u0148acinou a kuriatkami<\/h3>\n\n            <div class=\"item-gallery__desc\">\n\n                \n<p class=\"wp-block-paragraph\">bryndza | pyr\u00e9 z topinambury | pra\u017een\u00fd lieskov\u00fd orie\u0161ok | p\u00e1len\u00e9 maslo | kuriatka<\/p>\n\n<p class=\"wp-block-paragraph\"><br\/><\/p>\n\n<p class=\"wp-block-paragraph\"><\/p>\n\n            <\/div>\n\n        <\/div>\n\n        <div class=\"item-gallery__price\">\n\n            <span>\n\n                56 PLN\n            <\/span>\n\n        <\/div>\n\n    <\/div>\n\n<\/div>\n<div class=\"item-gallery\" data-aos=\"fade-up\">\n\n    <div class=\"item-gallery__imagebox\">\n\n        <img loading=\"lazy\" decoding=\"async\" width=\"1024\" height=\"576\" src=\"https:\/\/restauracja.schroniskobukowina.pl\/wp-content\/uploads\/2026\/06\/schab-wieprzowy-z-koscia.png\" class=\"item-gallery__image wp-post-image\" alt=\"\" srcset=\"https:\/\/restauracja.schroniskobukowina.pl\/wp-content\/uploads\/2026\/06\/schab-wieprzowy-z-koscia.png 1024w, https:\/\/restauracja.schroniskobukowina.pl\/wp-content\/uploads\/2026\/06\/schab-wieprzowy-z-koscia-300x169.png 300w, https:\/\/restauracja.schroniskobukowina.pl\/wp-content\/uploads\/2026\/06\/schab-wieprzowy-z-koscia-768x432.png 768w\" sizes=\"auto, (max-width: 1024px) 100vw, 1024px\" \/>\n    <\/div>\n\n\n    <div class=\"item-gallery__content\">\n\n        <div class=\"item-gallery__namebox\">\n\n            <h3 class=\"item-gallery__header\">Kotleta s kos\u0165ou<\/h3>\n\n            <div class=\"item-gallery__desc\">\n\n                \n<p class=\"wp-block-paragraph\">cviklov\u00e9 pyr\u00e9 | karamelizovan\u00e1 cibu\u013ea | demi-glace s hor\u010dicou | pa\u017e\u00edtka<\/p>\n<p><em><\/p>\n<p><\/em><\/p>\n\n            <\/div>\n\n        <\/div>\n\n        <div class=\"item-gallery__price\">\n\n            <span>\n\n                64 PLN\n            <\/span>\n\n        <\/div>\n\n    <\/div>\n\n<\/div>\n<div class=\"item-gallery\" data-aos=\"fade-up\">\n\n    <div class=\"item-gallery__imagebox\">\n\n        <img loading=\"lazy\" decoding=\"async\" width=\"1024\" height=\"576\" src=\"https:\/\/restauracja.schroniskobukowina.pl\/wp-content\/uploads\/2025\/12\/pstrag-schronisko-smakow.png\" class=\"item-gallery__image wp-post-image\" alt=\"\" srcset=\"https:\/\/restauracja.schroniskobukowina.pl\/wp-content\/uploads\/2025\/12\/pstrag-schronisko-smakow.png 1024w, https:\/\/restauracja.schroniskobukowina.pl\/wp-content\/uploads\/2025\/12\/pstrag-schronisko-smakow-300x169.png 300w, https:\/\/restauracja.schroniskobukowina.pl\/wp-content\/uploads\/2025\/12\/pstrag-schronisko-smakow-768x432.png 768w\" sizes=\"auto, (max-width: 1024px) 100vw, 1024px\" \/>\n    <\/div>\n\n\n    <div class=\"item-gallery__content\">\n\n        <div class=\"item-gallery__namebox\">\n\n            <h3 class=\"item-gallery__header\">Pe\u010den\u00fd pstruh<\/h3>\n\n            <div class=\"item-gallery__desc\">\n\n                \n<p class=\"wp-block-paragraph\">Listy \u0161al\u00e1tu | nakladan\u00e1 repa | biela re\u010fkovka | citr\u00f3novo-m\u00e4tov\u00fd dip<\/p>\n<p><em><\/p>\n<p><\/em><\/p>\n\n            <\/div>\n\n        <\/div>\n\n        <div class=\"item-gallery__price\">\n\n            <span>\n\n                62 PLN\n            <\/span>\n\n        <\/div>\n\n    <\/div>\n\n<\/div>\n<div class=\"item-gallery\" data-aos=\"fade-up\">\n\n    <div class=\"item-gallery__imagebox\">\n\n        <img loading=\"lazy\" decoding=\"async\" width=\"1024\" height=\"865\" src=\"https:\/\/restauracja.schroniskobukowina.pl\/wp-content\/uploads\/2025\/02\/biodrowka-jagnieca.png\" class=\"item-gallery__image wp-post-image\" alt=\"\" srcset=\"https:\/\/restauracja.schroniskobukowina.pl\/wp-content\/uploads\/2025\/02\/biodrowka-jagnieca.png 1024w, https:\/\/restauracja.schroniskobukowina.pl\/wp-content\/uploads\/2025\/02\/biodrowka-jagnieca-300x253.png 300w, https:\/\/restauracja.schroniskobukowina.pl\/wp-content\/uploads\/2025\/02\/biodrowka-jagnieca-768x649.png 768w\" sizes=\"auto, (max-width: 1024px) 100vw, 1024px\" \/>\n    <\/div>\n\n\n    <div class=\"item-gallery__content\">\n\n        <div class=\"item-gallery__namebox\">\n\n            <h3 class=\"item-gallery__header\">Jah\u0148acie stehno marinovan\u00e9 v pitnom mede<\/h3>\n\n            <div class=\"item-gallery__desc\">\n\n                \n<p class=\"wp-block-paragraph\">karamelizovan\u00e1 mrkva s pomaran\u010dom a kardam\u00f3mom | sez\u00f3nne huby | div\u00e1 brokolica | om\u00e1\u010dka demi-glace<\/p>\n\n<p class=\"wp-block-paragraph\"><strong><br\/><\/strong><\/p>\n\n            <\/div>\n\n        <\/div>\n\n        <div class=\"item-gallery__price\">\n\n            <span>\n\n                78 PLN\n            <\/span>\n\n        <\/div>\n\n    <\/div>\n\n<\/div>\n<div class=\"item-gallery\" data-aos=\"fade-up\">\n\n    <div class=\"item-gallery__imagebox\">\n\n        <img loading=\"lazy\" decoding=\"async\" width=\"1024\" height=\"576\" src=\"https:\/\/restauracja.schroniskobukowina.pl\/wp-content\/uploads\/2025\/02\/kurczak-supreme-schronisko-smakow.png\" class=\"item-gallery__image wp-post-image\" alt=\"\" srcset=\"https:\/\/restauracja.schroniskobukowina.pl\/wp-content\/uploads\/2025\/02\/kurczak-supreme-schronisko-smakow.png 1024w, https:\/\/restauracja.schroniskobukowina.pl\/wp-content\/uploads\/2025\/02\/kurczak-supreme-schronisko-smakow-300x169.png 300w, https:\/\/restauracja.schroniskobukowina.pl\/wp-content\/uploads\/2025\/02\/kurczak-supreme-schronisko-smakow-768x432.png 768w\" sizes=\"auto, (max-width: 1024px) 100vw, 1024px\" \/>\n    <\/div>\n\n\n    <div class=\"item-gallery__content\">\n\n        <div class=\"item-gallery__namebox\">\n\n            <h3 class=\"item-gallery__header\">Kuracie supreme s bielou h\u013euzovkou<\/h3>\n\n            <div class=\"item-gallery__desc\">\n\n                \n<p class=\"wp-block-paragraph\">pyr\u00e9 z cukety | stepn\u00fd hr\u00edb | \u010dierna \u0161o\u0161ovica beluga | nakladan\u00e1 cibu\u013ea | om\u00e1\u010dka velout\u00e9<\/p>\n\n<p class=\"wp-block-paragraph\"><br\/><\/p>\n\n<p class=\"wp-block-paragraph\"><\/p>\n\n            <\/div>\n\n        <\/div>\n\n        <div class=\"item-gallery__price\">\n\n            <span>\n\n                56 PLN\n            <\/span>\n\n        <\/div>\n\n    <\/div>\n\n<\/div>                    <\/div>\n                                <div class=\"tab-pane content-menu__panel fade\"\n                         id=\"kategoria-predjedla\"\n                         role=\"tabpanel\"\n                         aria-labelledby=\"kategoria-predjedla-tab\"\n                         tabindex=\"0\">\n                        \n<div class=\"item-gallery\" data-aos=\"fade-up\">\n\n    <div class=\"item-gallery__imagebox\">\n\n        <img loading=\"lazy\" decoding=\"async\" width=\"1024\" height=\"865\" src=\"https:\/\/restauracja.schroniskobukowina.pl\/wp-content\/uploads\/2026\/05\/Galeria-dan-www-i-aktualnosci-appka-2.png\" class=\"item-gallery__image wp-post-image\" alt=\"\" srcset=\"https:\/\/restauracja.schroniskobukowina.pl\/wp-content\/uploads\/2026\/05\/Galeria-dan-www-i-aktualnosci-appka-2.png 1024w, https:\/\/restauracja.schroniskobukowina.pl\/wp-content\/uploads\/2026\/05\/Galeria-dan-www-i-aktualnosci-appka-2-300x253.png 300w, https:\/\/restauracja.schroniskobukowina.pl\/wp-content\/uploads\/2026\/05\/Galeria-dan-www-i-aktualnosci-appka-2-768x649.png 768w\" sizes=\"auto, (max-width: 1024px) 100vw, 1024px\" \/>\n    <\/div>\n\n\n    <div class=\"item-gallery__content\">\n\n        <div class=\"item-gallery__namebox\">\n\n            <h3 class=\"item-gallery__header\">Oscypek<\/h3>\n\n            <div class=\"item-gallery__desc\">\n\n                \n<p class=\"wp-block-paragraph\">brusnica | \u010dierna r\u00edbez\u013ea | \u010dernica<\/p>\n\n            <\/div>\n\n        <\/div>\n\n        <div class=\"item-gallery__price\">\n\n            <span>\n\n                47 PLN\n            <\/span>\n\n        <\/div>\n\n    <\/div>\n\n<\/div>\n<div class=\"item-gallery\" data-aos=\"fade-up\">\n\n    <div class=\"item-gallery__imagebox\">\n\n        <img loading=\"lazy\" decoding=\"async\" width=\"1024\" height=\"576\" src=\"https:\/\/restauracja.schroniskobukowina.pl\/wp-content\/uploads\/2025\/12\/menu-aktualnosci-www-restauracja-4.png\" class=\"item-gallery__image wp-post-image\" alt=\"\" srcset=\"https:\/\/restauracja.schroniskobukowina.pl\/wp-content\/uploads\/2025\/12\/menu-aktualnosci-www-restauracja-4.png 1024w, https:\/\/restauracja.schroniskobukowina.pl\/wp-content\/uploads\/2025\/12\/menu-aktualnosci-www-restauracja-4-300x169.png 300w, https:\/\/restauracja.schroniskobukowina.pl\/wp-content\/uploads\/2025\/12\/menu-aktualnosci-www-restauracja-4-768x432.png 768w\" sizes=\"auto, (max-width: 1024px) 100vw, 1024px\" \/>\n    <\/div>\n\n\n    <div class=\"item-gallery__content\">\n\n        <div class=\"item-gallery__namebox\">\n\n            <h3 class=\"item-gallery__header\">Moskol pe\u010den\u00fd tradi\u010dne<\/h3>\n\n            <div class=\"item-gallery__desc\">\n\n                \n<p class=\"wp-block-paragraph\">alpsk\u00fd pstruh z Ku\u017an\u00edc | uhorka | b\u00f4b | hr\u00e1\u0161ok | pa\u017e\u00edtka | \u00faden\u00fd tvaroh | emulzia z div\u00fdch byl\u00edn na dedinskom smotane<br\/><br\/><\/p>\n\n<p class=\"wp-block-paragraph\"><\/p>\n\n            <\/div>\n\n        <\/div>\n\n        <div class=\"item-gallery__price\">\n\n            <span>\n\n                48 PLN\n            <\/span>\n\n        <\/div>\n\n    <\/div>\n\n<\/div>\n<div class=\"item-gallery\" data-aos=\"fade-up\">\n\n    <div class=\"item-gallery__imagebox\">\n\n        <img loading=\"lazy\" decoding=\"async\" width=\"1024\" height=\"576\" src=\"https:\/\/restauracja.schroniskobukowina.pl\/wp-content\/uploads\/2025\/12\/pate-schronisko-smakow-1.png\" class=\"item-gallery__image wp-post-image\" alt=\"\" srcset=\"https:\/\/restauracja.schroniskobukowina.pl\/wp-content\/uploads\/2025\/12\/pate-schronisko-smakow-1.png 1024w, https:\/\/restauracja.schroniskobukowina.pl\/wp-content\/uploads\/2025\/12\/pate-schronisko-smakow-1-300x169.png 300w, https:\/\/restauracja.schroniskobukowina.pl\/wp-content\/uploads\/2025\/12\/pate-schronisko-smakow-1-768x432.png 768w\" sizes=\"auto, (max-width: 1024px) 100vw, 1024px\" \/>\n    <\/div>\n\n\n    <div class=\"item-gallery__content\">\n\n        <div class=\"item-gallery__namebox\">\n\n            <h3 class=\"item-gallery__header\">Pa\u0161t\u00e9ta z ka\u010dac\u00edch pe\u010dienok<\/h3>\n\n            <div class=\"item-gallery__desc\">\n\n                \n<p class=\"wp-block-paragraph\">rebarbora | \u010dernica | orechov\u00e1 granola | hork\u00e1 \u010dokol\u00e1da | maslov\u00e1 brioche<br\/><\/p>\n\n<p class=\"wp-block-paragraph\"><\/p>\n\n            <\/div>\n\n        <\/div>\n\n        <div class=\"item-gallery__price\">\n\n            <span>\n\n                59 PLN\n            <\/span>\n\n        <\/div>\n\n    <\/div>\n\n<\/div>\n<div class=\"item-gallery\" data-aos=\"fade-up\">\n\n    <div class=\"item-gallery__imagebox\">\n\n        <img loading=\"lazy\" decoding=\"async\" width=\"1024\" height=\"865\" src=\"https:\/\/restauracja.schroniskobukowina.pl\/wp-content\/uploads\/2025\/02\/Galeria-dan-www-i-aktualnosci-appka-5.png\" class=\"item-gallery__image wp-post-image\" alt=\"\" srcset=\"https:\/\/restauracja.schroniskobukowina.pl\/wp-content\/uploads\/2025\/02\/Galeria-dan-www-i-aktualnosci-appka-5.png 1024w, https:\/\/restauracja.schroniskobukowina.pl\/wp-content\/uploads\/2025\/02\/Galeria-dan-www-i-aktualnosci-appka-5-300x253.png 300w, https:\/\/restauracja.schroniskobukowina.pl\/wp-content\/uploads\/2025\/02\/Galeria-dan-www-i-aktualnosci-appka-5-768x649.png 768w\" sizes=\"auto, (max-width: 1024px) 100vw, 1024px\" \/>\n    <\/div>\n\n\n    <div class=\"item-gallery__content\">\n\n        <div class=\"item-gallery__namebox\">\n\n            <h3 class=\"item-gallery__header\">Tat\u00e1r z po\u013esk\u00e9ho hov\u00e4dzieho filetu<\/h3>\n\n            <div class=\"item-gallery__desc\">\n\n                \n<p class=\"wp-block-paragraph\">\u0161alotka | ry\u0161avky | kapary | nakladan\u00e1 uhorka | \u017e\u013atok | hor\u010dica | oscypek | majon\u00e9za s \u013eubovn\u00edkom | chlieb s medved\u00edm cesnakom<\/p>\n<p><em><br \/><\/em><span style=\"font-weight: 400;\"><br \/><\/span><\/p>\n\n            <\/div>\n\n        <\/div>\n\n        <div class=\"item-gallery__price\">\n\n            <span>\n\n                62 PLN\n            <\/span>\n\n        <\/div>\n\n    <\/div>\n\n<\/div>\n<div class=\"item-gallery\" data-aos=\"fade-up\">\n\n    <div class=\"item-gallery__imagebox\">\n\n        <img loading=\"lazy\" decoding=\"async\" width=\"1024\" height=\"865\" src=\"https:\/\/restauracja.schroniskobukowina.pl\/wp-content\/uploads\/2025\/02\/Galeria-dan-www-i-aktualnosci-appka-7.png\" class=\"item-gallery__image wp-post-image\" alt=\"\" srcset=\"https:\/\/restauracja.schroniskobukowina.pl\/wp-content\/uploads\/2025\/02\/Galeria-dan-www-i-aktualnosci-appka-7.png 1024w, https:\/\/restauracja.schroniskobukowina.pl\/wp-content\/uploads\/2025\/02\/Galeria-dan-www-i-aktualnosci-appka-7-300x253.png 300w, https:\/\/restauracja.schroniskobukowina.pl\/wp-content\/uploads\/2025\/02\/Galeria-dan-www-i-aktualnosci-appka-7-768x649.png 768w\" sizes=\"auto, (max-width: 1024px) 100vw, 1024px\" \/>\n    <\/div>\n\n\n    <div class=\"item-gallery__content\">\n\n        <div class=\"item-gallery__namebox\">\n\n            <h3 class=\"item-gallery__header\">Halu\u0161ky s dierkou<\/h3>\n\n            <div class=\"item-gallery__desc\">\n\n                \n<p class=\"wp-block-paragraph\"><strong>biela h\u013euzovka | smr\u010dok | biela \u0161parg\u013ea | syr jant\u00e1r | pa\u017e\u00edtka<\/strong><\/p>\n<p class=\"cvGsUA direction-ltr align-justify para-style-body\"><\/p>\n\n            <\/div>\n\n        <\/div>\n\n        <div class=\"item-gallery__price\">\n\n            <span>\n\n                46 PLN\n            <\/span>\n\n        <\/div>\n\n    <\/div>\n\n<\/div>\n<div class=\"item-gallery\" data-aos=\"fade-up\">\n\n    <div class=\"item-gallery__imagebox\">\n\n        <img loading=\"lazy\" decoding=\"async\" width=\"1024\" height=\"865\" src=\"https:\/\/restauracja.schroniskobukowina.pl\/wp-content\/uploads\/2025\/02\/Galeria-dan-www-i-aktualnosci-appka-3.png\" class=\"item-gallery__image wp-post-image\" alt=\"\" srcset=\"https:\/\/restauracja.schroniskobukowina.pl\/wp-content\/uploads\/2025\/02\/Galeria-dan-www-i-aktualnosci-appka-3.png 1024w, https:\/\/restauracja.schroniskobukowina.pl\/wp-content\/uploads\/2025\/02\/Galeria-dan-www-i-aktualnosci-appka-3-300x253.png 300w, https:\/\/restauracja.schroniskobukowina.pl\/wp-content\/uploads\/2025\/02\/Galeria-dan-www-i-aktualnosci-appka-3-768x649.png 768w\" sizes=\"auto, (max-width: 1024px) 100vw, 1024px\" \/>\n    <\/div>\n\n\n    <div class=\"item-gallery__content\">\n\n        <div class=\"item-gallery__namebox\">\n\n            <h3 class=\"item-gallery__header\">Krevety<\/h3>\n\n            <div class=\"item-gallery__desc\">\n\n                \n<p class=\"wp-block-paragraph\">vo franc\u00fazskej maslovej emulzii<\/p>\n<p><em><\/p>\n<p><\/em><\/p>\n\n<p class=\"wp-block-paragraph\"><\/p>\n\n            <\/div>\n\n        <\/div>\n\n        <div class=\"item-gallery__price\">\n\n            <span>\n\n                62 PLN\n            <\/span>\n\n        <\/div>\n\n    <\/div>\n\n<\/div>                    <\/div>\n                    <\/div>\n\n    <\/div>\n\n<\/section>","protected":false},"excerpt":{"rendered":"<p>Pozrite si, ako vyzeraj\u00fa na\u0161e kulin\u00e1rske majstrovsk\u00e9 diela a nechajte sa in\u0161pirova\u0165 pred n\u00e1v\u0161tevou.<\/p>\n","protected":false},"author":2,"featured_media":1889,"parent":0,"menu_order":0,"comment_status":"closed","ping_status":"closed","template":"","meta":{"_acf_changed":false,"footnotes":""},"class_list":["post-2285","page","type-page","status-publish","has-post-thumbnail","hentry"],"acf":[],"_links":{"self":[{"href":"https:\/\/restauracja.schroniskobukowina.pl\/sk\/wp-json\/wp\/v2\/pages\/2285","targetHints":{"allow":["GET"]}}],"collection":[{"href":"https:\/\/restauracja.schroniskobukowina.pl\/sk\/wp-json\/wp\/v2\/pages"}],"about":[{"href":"https:\/\/restauracja.schroniskobukowina.pl\/sk\/wp-json\/wp\/v2\/types\/page"}],"author":[{"embeddable":true,"href":"https:\/\/restauracja.schroniskobukowina.pl\/sk\/wp-json\/wp\/v2\/users\/2"}],"replies":[{"embeddable":true,"href":"https:\/\/restauracja.schroniskobukowina.pl\/sk\/wp-json\/wp\/v2\/comments?post=2285"}],"version-history":[{"count":1,"href":"https:\/\/restauracja.schroniskobukowina.pl\/sk\/wp-json\/wp\/v2\/pages\/2285\/revisions"}],"predecessor-version":[{"id":2286,"href":"https:\/\/restauracja.schroniskobukowina.pl\/sk\/wp-json\/wp\/v2\/pages\/2285\/revisions\/2286"}],"wp:featuredmedia":[{"embeddable":true,"href":"https:\/\/restauracja.schroniskobukowina.pl\/sk\/wp-json\/wp\/v2\/media\/1889"}],"wp:attachment":[{"href":"https:\/\/restauracja.schroniskobukowina.pl\/sk\/wp-json\/wp\/v2\/media?parent=2285"}],"curies":[{"name":"wp","href":"https:\/\/api.w.org\/{rel}","templated":true}]}}